{"id":2435,"date":"2022-11-17T11:29:30","date_gmt":"2022-11-17T10:29:30","guid":{"rendered":"https:\/\/uniqbooking.com\/cote-dazur\/"},"modified":"2025-01-24T10:40:52","modified_gmt":"2025-01-24T09:40:52","slug":"cote-dazur","status":"publish","type":"page","link":"https:\/\/uniqbooking.com\/fr\/cote-dazur\/","title":{"rendered":"C\u00f4te d&rsquo;Azur"},"content":{"rendered":"<p>[et_pb_section fb_built=\u00a0\u00bb1&Prime; _builder_version=\u00a0\u00bb4.18.0&Prime; _module_preset=\u00a0\u00bbdefault\u00a0\u00bb custom_padding=\u00a0\u00bb0px||0px||true|false\u00a0\u00bb locked=\u00a0\u00bboff\u00a0\u00bb global_colors_info=\u00a0\u00bb{}\u00a0\u00bb][et_pb_row column_structure=\u00a0\u00bb1_2,1_2&Prime; use_custom_gutter=\u00a0\u00bbon\u00a0\u00bb gutter_width=\u00a0\u00bb1&Prime; make_equal=\u00a0\u00bbon\u00a0\u00bb _builder_version=\u00a0\u00bb4.18.0&Prime; _module_preset=\u00a0\u00bbdf45ef97-52d1-453b-909c-3af4cd993394&Prime; width=\u00a0\u00bb100%\u00a0\u00bb width_tablet=\u00a0\u00bb100%\u00a0\u00bb width_phone=\u00a0\u00bb100%\u00a0\u00bb max_width=\u00a0\u00bb100%\u00a0\u00bb max_width_tablet=\u00a0\u00bb100%\u00a0\u00bb max_width_phone=\u00a0\u00bb100%\u00a0\u00bb max_width_last_edited=\u00a0\u00bbon|phone\u00a0\u00bb custom_padding=\u00a0\u00bb0px||0px||true|false\u00a0\u00bb global_colors_info=\u00a0\u00bb{}\u00a0\u00bb][et_pb_column type=\u00a0\u00bb1_2&Prime; admin_label=\u00a0\u00bbMaison Bambou\u00a0\u00bb _builder_version=\u00a0\u00bb4.18.0&Prime; _module_preset=\u00a0\u00bbdefault\u00a0\u00bb background_image=\u00a0\u00bbhttps:\/\/uniqbooking.com\/wp-content\/uploads\/2022\/11\/Ste.-Maxime-1-1024&#215;565-1.jpg\u00a0\u00bb background_enable_video_mp4=\u00a0\u00bboff\u00a0\u00bb global_colors_info=\u00a0\u00bb{}\u00a0\u00bb][et_pb_divider show_divider=\u00a0\u00bboff\u00a0\u00bb _builder_version=\u00a0\u00bb4.18.0&Prime; _module_preset=\u00a0\u00bbdefault\u00a0\u00bb custom_padding_tablet=\u00a0\u00bb200px||200px||true|false\u00a0\u00bb custom_padding_phone=\u00a0\u00bb200px||200px||true|false\u00a0\u00bb custom_padding_last_edited=\u00a0\u00bbon|tablet\u00a0\u00bb global_colors_info=\u00a0\u00bb{}\u00a0\u00bb][\/et_pb_divider][\/et_pb_column][et_pb_column type=\u00a0\u00bb1_2&Prime; _builder_version=\u00a0\u00bb4.18.0&Prime; _module_preset=\u00a0\u00bbdefault\u00a0\u00bb background_color=\u00a0\u00bb#EDF5FC\u00a0\u00bb custom_padding=\u00a0\u00bb75px|125px|75px|125px|true|true\u00a0\u00bb custom_padding_tablet=\u00a0\u00bb|10%||10%|true|true\u00a0\u00bb custom_padding_phone=\u00a0\u00bb|5%||5%|true|true\u00a0\u00bb custom_padding_last_edited=\u00a0\u00bbon|tablet\u00a0\u00bb global_colors_info=\u00a0\u00bb{}\u00a0\u00bb][et_pb_text _builder_version=\u00a0\u00bb4.18.0&Prime; _module_preset=\u00a0\u00bb0794286a-f05a-44a9-bea1-7f37b3eb0170&Prime; text_text_color=\u00a0\u00bb#D4AF37&Prime; custom_margin=\u00a0\u00bb||15px||false|false\u00a0\u00bb custom_padding=\u00a0\u00bb||0px|||\u00a0\u00bb global_colors_info=\u00a0\u00bb{}\u00a0\u00bb]<\/p>\n<p><span>C\u00f4te d&rsquo;Azur &#8211; France<\/span><\/p>\n<p>[\/et_pb_text][et_pb_text _builder_version=\u00a0\u00bb4.18.0&Prime; _module_preset=\u00a0\u00bb0794286a-f05a-44a9-bea1-7f37b3eb0170&Prime; header_line_height=\u00a0\u00bb67px\u00a0\u00bb custom_margin=\u00a0\u00bb||20px||false|false\u00a0\u00bb header_font_size_tablet=\u00a0\u00bb\u00a0\u00bb header_font_size_phone=\u00a0\u00bb40px\u00a0\u00bb header_font_size_last_edited=\u00a0\u00bbon|phone\u00a0\u00bb header_line_height_tablet=\u00a0\u00bb67px\u00a0\u00bb header_line_height_phone=\u00a0\u00bb50px\u00a0\u00bb header_line_height_last_edited=\u00a0\u00bbon|phone\u00a0\u00bb global_colors_info=\u00a0\u00bb{}\u00a0\u00bb]<\/p>\n<h1>Plan de la Tour &#8211; D\u00e9partement du Var<\/h1>\n<p>[\/et_pb_text][et_pb_text _builder_version=\u00a0\u00bb4.18.0&Prime; _module_preset=\u00a0\u00bb0794286a-f05a-44a9-bea1-7f37b3eb0170&Prime; text_line_height=\u00a0\u00bb1.8em\u00a0\u00bb width=\u00a0\u00bb70%\u00a0\u00bb width_tablet=\u00a0\u00bb70%\u00a0\u00bb width_phone=\u00a0\u00bb100%\u00a0\u00bb width_last_edited=\u00a0\u00bbon|phone\u00a0\u00bb global_colors_info=\u00a0\u00bb{}\u00a0\u00bb]<\/p>\n<p>Le Plan de la Tour est un petit village du VAR, dans la r\u00e9gion Provence Alpes-C\u00f4te d&rsquo;Azur.<\/p>\n<p>Ce charmant village proven\u00e7al au c\u0153ur des collines est situ\u00e9 \u00e0 proximit\u00e9 de lieux r\u00e9put\u00e9s tels que <a href=\"https:\/\/www.france-voyage.com\/frankrijk-toerisme\/saint-tropez-759.htm\">Saint-Tropez<\/a>, <a href=\"https:\/\/www.france-voyage.com\/frankrijk-toerisme\/grimaud-774.htm\">Grimaud<\/a>, <a href=\"https:\/\/www.france-voyage.com\/frankrijk-toerisme\/ramatuelle-760.htm\">Ramatuelle<\/a> ou <a href=\"https:\/\/www.france-voyage.com\/frankrijk-steden\/sainte-maxime-33520.htm\">Sainte Maxime<\/a>.<\/p>\n<p>Il est entour\u00e9 de for\u00eats denses de pins, de ch\u00eanes et de ch\u00e2taigniers. Les habitants suivent un mode de vie simple et le village est \u00e0 l&rsquo;\u00e9cart de l&rsquo;agitation de la vie urbaine. Le Plan de la Tour est situ\u00e9 au c\u0153ur du Massif des Maures.<\/p>\n<p>[\/et_pb_text][\/et_pb_column][\/et_pb_row][\/et_pb_section][et_pb_section fb_built=\u00a0\u00bb1&Prime; _builder_version=\u00a0\u00bb4.18.0&Prime; _module_preset=\u00a0\u00bbdefault\u00a0\u00bb custom_margin=\u00a0\u00bb||75px||false|false\u00a0\u00bb custom_padding=\u00a0\u00bb||0px|||\u00a0\u00bb locked=\u00a0\u00bboff\u00a0\u00bb global_colors_info=\u00a0\u00bb{}\u00a0\u00bb][et_pb_row _builder_version=\u00a0\u00bb4.18.0&Prime; _module_preset=\u00a0\u00bbdf45ef97-52d1-453b-909c-3af4cd993394&Prime; max_width=\u00a0\u00bb740px\u00a0\u00bb module_alignment=\u00a0\u00bbcenter\u00a0\u00bb global_colors_info=\u00a0\u00bb{}\u00a0\u00bb][et_pb_column type=\u00a0\u00bb4_4&Prime; _builder_version=\u00a0\u00bb4.18.0&Prime; _module_preset=\u00a0\u00bbdefault\u00a0\u00bb global_colors_info=\u00a0\u00bb{}\u00a0\u00bb][et_pb_text _builder_version=\u00a0\u00bb4.18.0&Prime; _module_preset=\u00a0\u00bb0794286a-f05a-44a9-bea1-7f37b3eb0170&Prime; header_2_font_size=\u00a0\u00bb30px\u00a0\u00bb header_2_line_height=\u00a0\u00bb40px\u00a0\u00bb global_colors_info=\u00a0\u00bb{}\u00a0\u00bb]<\/p>\n<h2><strong>Saint-Tropez<\/strong><\/h2>\n<p>[\/et_pb_text][et_pb_text _builder_version=\u00a0\u00bb4.18.0&Prime; _module_preset=\u00a0\u00bb0794286a-f05a-44a9-bea1-7f37b3eb0170&Prime; custom_padding=\u00a0\u00bb||3px|||\u00a0\u00bb global_colors_info=\u00a0\u00bb{}\u00a0\u00bb]<\/p>\n<p>Saint-Tropez est l&rsquo;une des stations baln\u00e9aires les plus c\u00e9l\u00e8bres de la C\u00f4te d&rsquo;Azur. Cette ville c\u00f4ti\u00e8re ne compte qu&rsquo;environ 6 000 habitants, mais elle est visit\u00e9e par plus de 5 millions de touristes chaque ann\u00e9e. La ville dispose d&rsquo;un port de plaisance attrayant et de restaurants sympathiques. Admirez les navires de luxe et les yachts amarr\u00e9s dans ce port. La ville compte \u00e9galement des boutiques pittoresques, des petites rues et de jolies places.<\/p>\n<p>Le fort de la Citadelle est situ\u00e9 sur une colline. Le fort, datant de 1605, est aujourd&rsquo;hui un mus\u00e9e que l&rsquo;on peut visiter. Depuis la forteresse, on a une vue imprenable sur la ville et la mer M\u00e9diterran\u00e9e. Une visite s&rsquo;impose donc !<\/p>\n<p>[\/et_pb_text][\/et_pb_column][\/et_pb_row][et_pb_row _builder_version=\u00a0\u00bb4.18.0&Prime; _module_preset=\u00a0\u00bbdf45ef97-52d1-453b-909c-3af4cd993394&Prime; max_width=\u00a0\u00bb740px\u00a0\u00bb module_alignment=\u00a0\u00bbcenter\u00a0\u00bb global_colors_info=\u00a0\u00bb{}\u00a0\u00bb][et_pb_column type=\u00a0\u00bb4_4&Prime; _builder_version=\u00a0\u00bb4.18.0&Prime; _module_preset=\u00a0\u00bbdefault\u00a0\u00bb global_colors_info=\u00a0\u00bb{}\u00a0\u00bb][et_pb_text _builder_version=\u00a0\u00bb4.18.0&Prime; _module_preset=\u00a0\u00bb0794286a-f05a-44a9-bea1-7f37b3eb0170&Prime; header_2_font_size=\u00a0\u00bb30px\u00a0\u00bb header_2_line_height=\u00a0\u00bb40px\u00a0\u00bb global_colors_info=\u00a0\u00bb{}\u00a0\u00bb]<\/p>\n<h2><strong>Gorges du Verdon<\/strong><\/h2>\n<p>[\/et_pb_text][et_pb_text _builder_version=\u00a0\u00bb4.18.0&Prime; _module_preset=\u00a0\u00bb0794286a-f05a-44a9-bea1-7f37b3eb0170&Prime; custom_padding=\u00a0\u00bb||3px|||\u00a0\u00bb global_colors_info=\u00a0\u00bb{}\u00a0\u00bb]<\/p>\n<p>Situ\u00e9es \u00e0 l&rsquo;int\u00e9rieur du Var, se trouvent les Gorges du Verdon. Il s&rsquo;agit d&rsquo;une gorge gigantesque d&rsquo;une longueur de 25 kilom\u00e8tres et dont les parois rocheuses atteignent 700 m\u00e8tres de haut. Il n&rsquo;est pas \u00e9tonnant que cette gorge soit souvent appel\u00e9e le Grand Canyon europ\u00e9en. Les eaux cristallines, les parois abruptes et la v\u00e9g\u00e9tation vari\u00e9e font de la r\u00e9gion une destination id\u00e9ale pour les randonneurs et les amoureux de la nature.<\/p>\n<p>Les Gorges du Verdon se terminent au lac de Sainte-Croix. Ce r\u00e9servoir peut \u00eatre consid\u00e9r\u00e9 comme l&rsquo;entr\u00e9e des Gorges du Verdon. Sur ce lac, il est possible de louer des cano\u00ebs, des kayaks, des p\u00e9dalos et des bateaux \u00e0 moteur pour naviguer dans les gorges. Vous pouvez \u00e9galement admirer les gorges en voiture.  <\/p>\n<p>[\/et_pb_text][et_pb_text _builder_version=\u00a0\u00bb4.18.0&Prime; _module_preset=\u00a0\u00bb0794286a-f05a-44a9-bea1-7f37b3eb0170&Prime; header_2_font_size=\u00a0\u00bb30px\u00a0\u00bb header_2_line_height=\u00a0\u00bb40px\u00a0\u00bb global_colors_info=\u00a0\u00bb{}\u00a0\u00bb]<\/p>\n<h2><strong>Ramatuelle<\/strong><\/h2>\n<p>[\/et_pb_text][et_pb_text _builder_version=\u00a0\u00bb4.18.0&Prime; _module_preset=\u00a0\u00bb0794286a-f05a-44a9-bea1-7f37b3eb0170&Prime; custom_padding=\u00a0\u00bb||3px|||\u00a0\u00bb global_colors_info=\u00a0\u00bb{}\u00a0\u00bb]<\/p>\n<p>Ramatuelle se trouve au sommet d&rsquo;une colline et ses rues \u00e9troites entourent le centre. Le principal monument historique est l&rsquo;\u00e9glise Notre-Dame, construite au XVIe si\u00e8cle. Le clocher servait \u00e9galement de poste d&rsquo;observation. Lors de la visite de Ramatuelle, la voiture devra \u00eatre gar\u00e9e \u00e0 l&rsquo;ext\u00e9rieur de la ville. Depuis ce parking, vous avez une vue fantastique sur les vignobles environnants et sur la vall\u00e9e de l&rsquo;Orne.<span> <\/span><a href=\"https:\/\/www.cotedazur.nl\/5x-mooie-zandstranden-aan-cote-dazur\/\" target=\"_blank\" rel=\"noopener\">la plage de Pampelonne<\/a><span> <\/span>avec le grand phare du Cap Camarat. Ce phare est le deuxi\u00e8me plus haut de France, mais ne peut malheureusement pas \u00eatre escalad\u00e9.<\/p>\n<p>Ramatuelle est un v\u00e9ritable centre d&rsquo;art et d&rsquo;artisanat et il y a de nombreuses petites galeries \u00e0 visiter. Les ruelles \u00e9troites et les maisons color\u00e9es, couvertes de bougainvilliers odorants, forment un d\u00e9cor pittoresque dans lequel il fait bon se promener. En \u00e9t\u00e9, de nombreux m\u00e9lomanes viennent \u00e0 Ramatuelle pour les festivals de musique tels que le festival de musique classique et \u00ab\u00a0Jazz \u00e0 Ramatuelle\u00a0\u00bb en ao\u00fbt.<\/p>\n<p>Ramatuelle est notamment connue pour sa c\u00e9l\u00e8bre plage de Pampelonne. Longue de pas moins de cinq kilom\u00e8tres, cette plage de sable fin pr\u00e9sente des eaux cristallines et de nombreuses criques et anses. Il s&rsquo;\u00e9tend de Cap Pinet \u00e0 Cap Camerat. La plage abrite plus de 25 bars de plage, dont le Tahiti Plage et le Club 55, tr\u00e8s en vogue. La plage de Pampelonne a \u00e9t\u00e9 le th\u00e9\u00e2tre du d\u00e9barquement des Alli\u00e9s en 1944, qui a marqu\u00e9 la lib\u00e9ration de la France.<\/p>\n<p>[\/et_pb_text][et_pb_text _builder_version=\u00a0\u00bb4.18.0&Prime; _module_preset=\u00a0\u00bb0794286a-f05a-44a9-bea1-7f37b3eb0170&Prime; header_2_font_size=\u00a0\u00bb30px\u00a0\u00bb header_2_line_height=\u00a0\u00bb40px\u00a0\u00bb global_colors_info=\u00a0\u00bb{}\u00a0\u00bb]<\/p>\n<h2><strong>Grimaud<\/strong><\/h2>\n<p>[\/et_pb_text][et_pb_text _builder_version=\u00a0\u00bb4.18.0&Prime; _module_preset=\u00a0\u00bb0794286a-f05a-44a9-bea1-7f37b3eb0170&Prime; custom_padding=\u00a0\u00bb||3px|||\u00a0\u00bb global_colors_info=\u00a0\u00bb{}\u00a0\u00bb]<\/p>\n<p>L&rsquo;histoire de Grimaud remonte \u00e0 l&rsquo;\u00e9poque gallo-romaine. Pendant des si\u00e8cles, le village a \u00e9t\u00e9 le lieu le plus important de la r\u00e9gion. La baie en mer a longtemps port\u00e9 le nom de \u00ab\u00a0Golfe de Grimaud\u00a0\u00bb. Vers la fin du 19\u00e8me si\u00e8cle, le nom a \u00e9t\u00e9 chang\u00e9 en \u00ab\u00a0Golfe de St Tropez\u00a0\u00bb.<br \/>Les traces du pass\u00e9 sont bien pr\u00e9sentes \u00e0 Grimaud. De nombreux b\u00e2timents pr\u00e9sentent des \u00e9l\u00e9ments architecturaux tels que des colonnes, des chapiteaux, des statues, un oculus ou une femme proven\u00e7ale accoud\u00e9e au balcon de la place du March\u00e9. La vieille ville se compose de ruelles \u00e9troites et de belles maisons. Les structures importantes sont les suivantes<\/p>\n<ul>\n<li>Les<span> <\/span><strong>ruines du ch\u00e2teau<\/strong><span> <\/span>&#8211; Construit dans le 11e<span> <\/span>si\u00e8cle, certaines parties ont \u00e9t\u00e9 restaur\u00e9es. De ce point de vue \u00e9lev\u00e9, on a une vue magnifique sur les environs.<\/li>\n<li><span> <\/span>L&rsquo;<strong>\u00e9glise de Fran\u00e7ois d&rsquo;Assise<\/strong><\/li>\n<li><strong>\u00c9glise St. Michel<\/strong><span> <\/span>\u00e0 partir du 12e si\u00e8cle<\/li>\n<li><strong>St. Chapelle Rochus<\/strong><\/li>\n<li><strong>Chapelle Notre Dame de la Queste<\/strong><\/li>\n<li><strong>Chapelle des P\u00e9nitents<\/strong><\/li>\n<li><strong>Pont des F\u00e9es<\/strong><span> <\/span>&#8211; partie d&rsquo;un ing\u00e9nieux syst\u00e8me d&rsquo;alimentation en eau du village<\/li>\n<li><strong>Moulin St. Rochus<\/strong><span> <\/span>&#8211; le vieux moulin du village fonctionne de nouveau depuis 1990<\/li>\n<\/ul>\n<p>[\/et_pb_text][\/et_pb_column][\/et_pb_row][\/et_pb_section][et_pb_section fb_built=\u00a0\u00bb1&Prime; custom_padding_last_edited=\u00a0\u00bboff|tablet\u00a0\u00bb _builder_version=\u00a0\u00bb4.18.0&Prime; _module_preset=\u00a0\u00bbdefault\u00a0\u00bb background_color=\u00a0\u00bb#EDF5FC\u00a0\u00bb custom_margin=\u00a0\u00bb||||false\u00a0\u00bb custom_padding=\u00a0\u00bb||0px|||\u00a0\u00bb custom_padding_tablet=\u00a0\u00bb||||false|false\u00a0\u00bb locked=\u00a0\u00bboff\u00a0\u00bb global_colors_info=\u00a0\u00bb{}\u00a0\u00bb][et_pb_row _builder_version=\u00a0\u00bb4.18.0&Prime; _module_preset=\u00a0\u00bbdefault\u00a0\u00bb global_colors_info=\u00a0\u00bb{}\u00a0\u00bb][et_pb_column type=\u00a0\u00bb4_4&Prime; _builder_version=\u00a0\u00bb4.18.0&Prime; _module_preset=\u00a0\u00bbdefault\u00a0\u00bb global_colors_info=\u00a0\u00bb{}\u00a0\u00bb][et_pb_text _builder_version=\u00a0\u00bb4.18.0&Prime; _module_preset=\u00a0\u00bbdefault\u00a0\u00bb header_2_font_size_tablet=\u00a0\u00bb\u00a0\u00bb header_2_font_size_phone=\u00a0\u00bb40px\u00a0\u00bb header_2_font_size_last_edited=\u00a0\u00bbon|phone\u00a0\u00bb header_2_line_height_tablet=\u00a0\u00bb\u00a0\u00bb header_2_line_height_phone=\u00a0\u00bb50px\u00a0\u00bb header_2_line_height_last_edited=\u00a0\u00bbon|phone\u00a0\u00bb locked=\u00a0\u00bboff\u00a0\u00bb global_colors_info=\u00a0\u00bb{}\u00a0\u00bb]<\/p>\n<h2>Impression d&rsquo;ambiance.<\/h2>\n<p>[\/et_pb_text][\/et_pb_column][\/et_pb_row][et_pb_row _builder_version=\u00a0\u00bb4.18.0&Prime; _module_preset=\u00a0\u00bbdefault\u00a0\u00bb width=\u00a0\u00bb100%\u00a0\u00bb width_tablet=\u00a0\u00bb100%\u00a0\u00bb width_phone=\u00a0\u00bb100%\u00a0\u00bb max_width=\u00a0\u00bb100%\u00a0\u00bb global_colors_info=\u00a0\u00bb{}\u00a0\u00bb][et_pb_column type=\u00a0\u00bb4_4&Prime; _builder_version=\u00a0\u00bb4.18.0&Prime; _module_preset=\u00a0\u00bbdefault\u00a0\u00bb global_colors_info=\u00a0\u00bb{}\u00a0\u00bb][dsm_card_carousel centered_slides=\u00a0\u00bbon\u00a0\u00bb slide_to_show=\u00a0\u00bb2&Prime; autoplay=\u00a0\u00bboff\u00a0\u00bb equal_height=\u00a0\u00bbon\u00a0\u00bb use_arrow_custom_position=\u00a0\u00bbon\u00a0\u00bb arrow_custom_position=\u00a0\u00bb20%\u00a0\u00bb arrow_prev=\u00a0\u00bbon\u00a0\u00bb arrow_prev_font_icon=\u00a0\u00bb&#xf060;||fa||900&Prime; arrow_next=\u00a0\u00bbon\u00a0\u00bb arrow_next_font_icon=\u00a0\u00bb&#xf061;||fa||900&Prime; arrow_size=\u00a0\u00bb20px\u00a0\u00bb arrow_color=\u00a0\u00bb#052F44&Prime; arrow_background_color=\u00a0\u00bb#FFFFFF\u00a0\u00bb dots=\u00a0\u00bboff\u00a0\u00bb slide_to_show_tablet=\u00a0\u00bb2&Prime; slide_to_show_phone=\u00a0\u00bb1&Prime; slide_to_show_last_edited=\u00a0\u00bbon|tablet\u00a0\u00bb module_class=\u00a0\u00bbhome-sfeerimpressie\u00a0\u00bb _builder_version=\u00a0\u00bb4.18.0&Prime; _module_preset=\u00a0\u00bbdefault\u00a0\u00bb body_font=\u00a0\u00bbRaleway|300|on||||||\u00a0\u00bb body_text_color=\u00a0\u00bb#052F44&Prime; border_radii_arrow=\u00a0\u00bbon|50%|50%|50%|50%\u00a0\u00bb global_colors_info=\u00a0\u00bb{}\u00a0\u00bb][dsm_card_carousel_child admin_label=\u00a0\u00bbL&#039;art du vin \u00e0 Pampelonne\u00a0\u00bb image=\u00a0\u00bbhttps:\/\/uniqbooking.com\/wp-content\/uploads\/2022\/11\/Schermafbeelding-2022-11-04-195928.jpg\u00a0\u00bb image_as_background=\u00a0\u00bboff\u00a0\u00bb alt=\u00a0\u00bbL&#039;art du vin \u00e0 Pampelonne\u00a0\u00bb button_url_new_window=\u00a0\u00bb1&Prime; _builder_version=\u00a0\u00bb4.18.0&Prime; _module_preset=\u00a0\u00bbdefault\u00a0\u00bb global_colors_info=\u00a0\u00bb{}\u00a0\u00bb parent_button=\u00a0\u00bboff\u00a0\u00bb parent_header_level=\u00a0\u00bbh4&Prime;]<\/p>\n<p>Est-il besoin d&rsquo;en dire plus ?<\/p>\n<p>[\/dsm_card_carousel_child][dsm_card_carousel_child admin_label=\u00a0\u00bbD\u00e9guster la c\u00e9l\u00e8bre Tarte Trop\u00e9zienne\u00a0\u00bb image=\u00a0\u00bbhttps:\/\/uniqbooking.com\/wp-content\/uploads\/2022\/11\/Tarte-Tropezienne.jpg\u00a0\u00bb image_as_background=\u00a0\u00bboff\u00a0\u00bb alt=\u00a0\u00bbTarte Trop\u00e9zienne\u00a0\u00bb button_url_new_window=\u00a0\u00bb1&Prime; _builder_version=\u00a0\u00bb4.18.0&Prime; _module_preset=\u00a0\u00bbdefault\u00a0\u00bb global_colors_info=\u00a0\u00bb{}\u00a0\u00bb parent_button=\u00a0\u00bboff\u00a0\u00bb parent_header_level=\u00a0\u00bbh4&Prime;]<\/p>\n<p>D\u00e9guster la c\u00e9l\u00e8bre Tarte Trop\u00e9zienne<\/p>\n<p>[\/dsm_card_carousel_child][dsm_card_carousel_child admin_label=\u00a0\u00bbVisite des maisons de couture des grands couturiers de Saint-P\u00e9tersbourg. Tropez\u00a0\u00bb image=\u00a0\u00bbhttps:\/\/uniqbooking.com\/wp-content\/uploads\/2022\/11\/Luxury-Shops-of-all-famous-Designers-in-St.-Tropez.jpg\u00a0\u00bb image_as_background=\u00a0\u00bboff\u00a0\u00bb alt=\u00a0\u00bbBoutiques de luxe de tous les cr\u00e9ateurs c\u00e9l\u00e8bres de Saint-P\u00e9tersbourg. Tropez\u00a0\u00bb button_url_new_window=\u00a0\u00bb1&Prime; _builder_version=\u00a0\u00bb4.18.0&Prime; _module_preset=\u00a0\u00bbdefault\u00a0\u00bb global_colors_info=\u00a0\u00bb{}\u00a0\u00bb parent_button=\u00a0\u00bboff\u00a0\u00bb parent_header_level=\u00a0\u00bbh4&Prime;]<\/p>\n<p>Visite des maisons de couture des grands couturiers de Saint-P\u00e9tersbourg. Tropez<\/p>\n<p>[\/dsm_card_carousel_child][dsm_card_carousel_child admin_label=\u00a0\u00bbVisite des bars de plage de luxe\u00a0\u00bb image=\u00a0\u00bbhttps:\/\/uniqbooking.com\/wp-content\/uploads\/2022\/11\/Beach-bars.jpg\u00a0\u00bb image_as_background=\u00a0\u00bboff\u00a0\u00bb alt=\u00a0\u00bbVisite des bars de plage de luxe\u00a0\u00bb button_url_new_window=\u00a0\u00bb1&Prime; _builder_version=\u00a0\u00bb4.18.0&Prime; _module_preset=\u00a0\u00bbdefault\u00a0\u00bb global_colors_info=\u00a0\u00bb{}\u00a0\u00bb parent_button=\u00a0\u00bboff\u00a0\u00bb parent_header_level=\u00a0\u00bbh4&Prime;]<\/p>\n<p>Bars de plage<\/p>\n<p>[\/dsm_card_carousel_child][dsm_card_carousel_child admin_label=\u00a0\u00bbLes Voiles St. Tropez\u00a0\u00bb image=\u00a0\u00bbhttps:\/\/uniqbooking.com\/wp-content\/uploads\/2022\/11\/Les-Voiles-St.-Tropez.jpg\u00a0\u00bb image_as_background=\u00a0\u00bboff\u00a0\u00bb alt=\u00a0\u00bbLes Voiles St. Tropez\u00a0\u00bb button_url_new_window=\u00a0\u00bb1&Prime; _builder_version=\u00a0\u00bb4.18.0&Prime; _module_preset=\u00a0\u00bbdefault\u00a0\u00bb global_colors_info=\u00a0\u00bb{}\u00a0\u00bb parent_button=\u00a0\u00bboff\u00a0\u00bb parent_header_level=\u00a0\u00bbh4&Prime;]<\/p>\n<p>Les Voiles St. Tropez<\/p>\n<p>[\/dsm_card_carousel_child][dsm_card_carousel_child admin_label=\u00a0\u00bbLes Gorges du Verdon\u00a0\u00bb image=\u00a0\u00bbhttps:\/\/uniqbooking.com\/wp-content\/uploads\/2022\/11\/Les-Gorges-du-Verdon.jpg\u00a0\u00bb image_as_background=\u00a0\u00bboff\u00a0\u00bb alt=\u00a0\u00bbLes Gorges du Verdon\u00a0\u00bb button_url_new_window=\u00a0\u00bb1&Prime; _builder_version=\u00a0\u00bb4.18.0&Prime; _module_preset=\u00a0\u00bbdefault\u00a0\u00bb global_colors_info=\u00a0\u00bb{}\u00a0\u00bb parent_button=\u00a0\u00bboff\u00a0\u00bb parent_header_level=\u00a0\u00bbh4&Prime;]<\/p>\n<p>Les Gorges du Verdon<\/p>\n<p>[\/dsm_card_carousel_child][dsm_card_carousel_child admin_label=\u00a0\u00bbArt de la rue &#8211; R\u00e9flexions de l&#039;\u00e2me &#8211; Saint-P\u00e9tersbourg. Tropez\u00a0\u00bb image=\u00a0\u00bbhttps:\/\/uniqbooking.com\/wp-content\/uploads\/2022\/11\/Street-art-Reflections-of-the-Soul-St.-Tropez.jpg\u00a0\u00bb image_as_background=\u00a0\u00bboff\u00a0\u00bb alt=\u00a0\u00bbArt de la rue &#8211; R\u00e9flexions de l&#039;\u00e2me &#8211; Saint-P\u00e9tersbourg. Tropez\u00a0\u00bb button_url_new_window=\u00a0\u00bb1&Prime; _builder_version=\u00a0\u00bb4.18.0&Prime; _module_preset=\u00a0\u00bbdefault\u00a0\u00bb global_colors_info=\u00a0\u00bb{}\u00a0\u00bb parent_button=\u00a0\u00bboff\u00a0\u00bb parent_header_level=\u00a0\u00bbh4&Prime;]<\/p>\n<p>Art de la rue &#8211; R\u00e9flexions de l&rsquo;\u00e2me &#8211; Saint-P\u00e9tersbourg. Tropez<\/p>\n<p>[\/dsm_card_carousel_child][dsm_card_carousel_child admin_label=\u00a0\u00bbVue spectaculaire depuis Gassin\u00a0\u00bb image=\u00a0\u00bbhttps:\/\/uniqbooking.com\/wp-content\/uploads\/2022\/11\/View-from-Gassin-Fr-1024&#215;565-1.jpg\u00a0\u00bb image_as_background=\u00a0\u00bboff\u00a0\u00bb alt=\u00a0\u00bbVue depuis le site enchanteur de Gassin\u00a0\u00bb button_url_new_window=\u00a0\u00bb1&Prime; _builder_version=\u00a0\u00bb4.18.0&Prime; _module_preset=\u00a0\u00bbdefault\u00a0\u00bb global_colors_info=\u00a0\u00bb{}\u00a0\u00bb parent_button=\u00a0\u00bboff\u00a0\u00bb parent_header_level=\u00a0\u00bbh4&Prime;]<\/p>\n<p>Vues spectaculaires depuis Gassin<\/p>\n<p>[\/dsm_card_carousel_child][dsm_card_carousel_child admin_label=\u00a0\u00bbSt. Tropez\u00a0\u00bb image=\u00a0\u00bbhttps:\/\/uniqbooking.com\/wp-content\/uploads\/2022\/11\/St.-Tropez-3-1024&#215;565-2.jpg\u00a0\u00bb image_as_background=\u00a0\u00bboff\u00a0\u00bb alt=\u00a0\u00bbVilla de Lunes &#8211; piscine priv\u00e9e derri\u00e8re la villa\u00a0\u00bb button_url_new_window=\u00a0\u00bb1&Prime; _builder_version=\u00a0\u00bb4.18.0&Prime; _module_preset=\u00a0\u00bbdefault\u00a0\u00bb global_colors_info=\u00a0\u00bb{}\u00a0\u00bb parent_button=\u00a0\u00bboff\u00a0\u00bb parent_header_level=\u00a0\u00bbh4&Prime;]<\/p>\n<p>St. Tropez<\/p>\n<p>[\/dsm_card_carousel_child][dsm_card_carousel_child admin_label=\u00a0\u00bbPort Ste. Maxime\u00a0\u00bb image=\u00a0\u00bbhttps:\/\/uniqbooking.com\/wp-content\/uploads\/2022\/11\/Ste.-Maxime-1-1024&#215;565-1.jpg\u00a0\u00bb image_as_background=\u00a0\u00bboff\u00a0\u00bb alt=\u00a0\u00bbVilla des Lunes &#8211; c\u00f4t\u00e9 piscine\u00a0\u00bb button_url_new_window=\u00a0\u00bb1&Prime; _builder_version=\u00a0\u00bb4.18.0&Prime; _module_preset=\u00a0\u00bbdefault\u00a0\u00bb global_colors_info=\u00a0\u00bb{}\u00a0\u00bb parent_button=\u00a0\u00bboff\u00a0\u00bb parent_header_level=\u00a0\u00bbh4&Prime;]<\/p>\n<p>Port Ste. Maxime<\/p>\n<p>[\/dsm_card_carousel_child][dsm_card_carousel_child admin_label=\u00a0\u00bbGassin\u00a0\u00bb image=\u00a0\u00bbhttps:\/\/uniqbooking.com\/wp-content\/uploads\/2022\/11\/Gassin.jpg\u00a0\u00bb image_as_background=\u00a0\u00bboff\u00a0\u00bb alt=\u00a0\u00bbGassin\u00a0\u00bb button_url_new_window=\u00a0\u00bb1&Prime; _builder_version=\u00a0\u00bb4.18.0&Prime; _module_preset=\u00a0\u00bbdefault\u00a0\u00bb global_colors_info=\u00a0\u00bb{}\u00a0\u00bb parent_button=\u00a0\u00bboff\u00a0\u00bb parent_header_level=\u00a0\u00bbh4&Prime;]<\/p>\n<p>Gassin<\/p>\n<p>[\/dsm_card_carousel_child][dsm_card_carousel_child admin_label=\u00a0\u00bbBoulevard Ste. Maxime, La Tour Carr\u00e9e\u00a0\u00bb image=\u00a0\u00bbhttps:\/\/uniqbooking.com\/wp-content\/uploads\/2022\/11\/la-tour-carre-1024&#215;565-1.jpg\u00a0\u00bb image_as_background=\u00a0\u00bboff\u00a0\u00bb alt=\u00a0\u00bbLa Tour Carre\u00a0\u00bb button_url_new_window=\u00a0\u00bb1&Prime; _builder_version=\u00a0\u00bb4.18.0&Prime; _module_preset=\u00a0\u00bbdefault\u00a0\u00bb global_colors_info=\u00a0\u00bb{}\u00a0\u00bb parent_button=\u00a0\u00bboff\u00a0\u00bb parent_header_level=\u00a0\u00bbh4&Prime;]<\/p>\n<p>Boulevard Ste. Maxime, La Tour Carr\u00e9e<\/p>\n<p>[\/dsm_card_carousel_child][dsm_card_carousel_child admin_label=\u00a0\u00bbSt. Tropez, petit d\u00e9jeuner chez Senequier  \u00a0\u00bb image=\u00a0\u00bbhttps:\/\/uniqbooking.com\/wp-content\/uploads\/2022\/11\/St.-Tropez-breakfast-at-Senequier.jpg\u00a0\u00bb image_as_background=\u00a0\u00bboff\u00a0\u00bb alt=\u00a0\u00bbSt. Tropez &#8211; petit d\u00e9jeuner chez Senequier\u00a0\u00bb button_url_new_window=\u00a0\u00bb1&Prime; _builder_version=\u00a0\u00bb4.18.0&Prime; _module_preset=\u00a0\u00bbdefault\u00a0\u00bb global_colors_info=\u00a0\u00bb{}\u00a0\u00bb parent_button=\u00a0\u00bboff\u00a0\u00bb parent_header_level=\u00a0\u00bbh4&Prime;]<\/p>\n<p>St. Tropez, petit d\u00e9jeuner chez Senequier<\/p>\n<p>[\/dsm_card_carousel_child][\/dsm_card_carousel][\/et_pb_column][\/et_pb_row][\/et_pb_section][et_pb_section fb_built=\u00a0\u00bb1&Prime; _builder_version=\u00a0\u00bb4.18.0&Prime; _module_preset=\u00a0\u00bbdefault\u00a0\u00bb min_height=\u00a0\u00bb753.6px\u00a0\u00bb custom_margin=\u00a0\u00bb75px||||false|false\u00a0\u00bb custom_padding=\u00a0\u00bb3px||100px|||\u00a0\u00bb locked=\u00a0\u00bboff\u00a0\u00bb global_colors_info=\u00a0\u00bb{}\u00a0\u00bb][et_pb_row _builder_version=\u00a0\u00bb4.18.0&Prime; _module_preset=\u00a0\u00bbdf45ef97-52d1-453b-909c-3af4cd993394&Prime; max_width=\u00a0\u00bb740px\u00a0\u00bb module_alignment=\u00a0\u00bbcenter\u00a0\u00bb global_colors_info=\u00a0\u00bb{}\u00a0\u00bb][et_pb_column type=\u00a0\u00bb4_4&Prime; _builder_version=\u00a0\u00bb4.18.0&Prime; _module_preset=\u00a0\u00bbdefault\u00a0\u00bb global_colors_info=\u00a0\u00bb{}\u00a0\u00bb][et_pb_text _builder_version=\u00a0\u00bb4.18.0&Prime; _module_preset=\u00a0\u00bb0794286a-f05a-44a9-bea1-7f37b3eb0170&Prime; header_2_font_size=\u00a0\u00bb30px\u00a0\u00bb header_2_line_height=\u00a0\u00bb40px\u00a0\u00bb global_colors_info=\u00a0\u00bb{}\u00a0\u00bb]<\/p>\n<h2><strong>Massif de l&rsquo;Esterel<\/strong><\/h2>\n<p>[\/et_pb_text][et_pb_text _builder_version=\u00a0\u00bb4.18.0&Prime; _module_preset=\u00a0\u00bb0794286a-f05a-44a9-bea1-7f37b3eb0170&Prime; custom_padding=\u00a0\u00bb||3px|||\u00a0\u00bb global_colors_info=\u00a0\u00bb{}\u00a0\u00bb]<\/p>\n<p>Dans le sud-est de la France se trouve le Massif de l&rsquo;Esterel. La zone couvre environ 320 kilom\u00e8tres carr\u00e9s et date d&rsquo;environ 250 millions d&rsquo;ann\u00e9es. La r\u00e9serve naturelle se compose d&rsquo;une v\u00e9g\u00e9tation vari\u00e9e allant des arbres \u00e0 feuilles caduques aux conif\u00e8res et aux formations rocheuses d\u00e9nud\u00e9es et rouge\u00e2tres.<\/p>\n<p>C&rsquo;est une r\u00e9gion magnifique pour les amateurs de randonn\u00e9e. Plusieurs sentiers de randonn\u00e9e ont \u00e9t\u00e9 balis\u00e9s dans la r\u00e9gion. Il y a \u00e9galement plusieurs sentiers dans la r\u00e9gion pour faire du v\u00e9lo de montagne ou de l&rsquo;\u00e9quitation. Plusieurs sommets offrent des vues magnifiques, comme le Mont Vinaigre, le Pic de l&rsquo;Ours et le Pic du Cap-Roux. Admirez la beaut\u00e9 des paysages et la diversit\u00e9 de la nature de la r\u00e9gion !<\/p>\n<p>[\/et_pb_text][\/et_pb_column][\/et_pb_row][\/et_pb_section][et_pb_section fb_built=\u00a0\u00bb1&Prime; _builder_version=\u00a0\u00bb4.18.0&Prime; _module_preset=\u00a0\u00bbdefault\u00a0\u00bb background_color=\u00a0\u00bb#EDF5FC\u00a0\u00bb locked=\u00a0\u00bboff\u00a0\u00bb global_colors_info=\u00a0\u00bb{}\u00a0\u00bb][et_pb_row admin_label=\u00a0\u00bbBande jaune\u00a0\u00bb _builder_version=\u00a0\u00bb4.18.0&Prime; _module_preset=\u00a0\u00bbdefault\u00a0\u00bb background_color=\u00a0\u00bb#D4AF37&Prime; positioning=\u00a0\u00bbabsolute\u00a0\u00bb position_origin_a=\u00a0\u00bbtop_right\u00a0\u00bb vertical_offset=\u00a0\u00bb-23px\u00a0\u00bb max_width=\u00a0\u00bb448px\u00a0\u00bb max_width_tablet=\u00a0\u00bb448px\u00a0\u00bb max_width_phone=\u00a0\u00bb160px\u00a0\u00bb max_width_last_edited=\u00a0\u00bbon|phone\u00a0\u00bb height=\u00a0\u00bb23px\u00a0\u00bb height_tablet=\u00a0\u00bb23px\u00a0\u00bb height_phone=\u00a0\u00bb23px\u00a0\u00bb height_last_edited=\u00a0\u00bbon|phone\u00a0\u00bb custom_padding=\u00a0\u00bb0px||0px||true|false\u00a0\u00bb locked=\u00a0\u00bboff\u00a0\u00bb global_colors_info=\u00a0\u00bb{}\u00a0\u00bb][et_pb_column type=\u00a0\u00bb4_4&Prime; _builder_version=\u00a0\u00bb4.18.0&Prime; _module_preset=\u00a0\u00bbdefault\u00a0\u00bb global_colors_info=\u00a0\u00bb{}\u00a0\u00bb][\/et_pb_column][\/et_pb_row][et_pb_row column_structure=\u00a0\u00bb1_2,1_2&Prime; _builder_version=\u00a0\u00bb4.18.0&Prime; _module_preset=\u00a0\u00bbdefault\u00a0\u00bb locked=\u00a0\u00bboff\u00a0\u00bb global_colors_info=\u00a0\u00bb{}\u00a0\u00bb][et_pb_column type=\u00a0\u00bb1_2&Prime; _builder_version=\u00a0\u00bb4.18.0&Prime; _module_preset=\u00a0\u00bbdefault\u00a0\u00bb global_colors_info=\u00a0\u00bb{}\u00a0\u00bb][et_pb_text disabled_on=\u00a0\u00bbon|on|off\u00a0\u00bb admin_label=\u00a0\u00bbDesktop\u00a0\u00bb _builder_version=\u00a0\u00bb4.18.0&Prime; _module_preset=\u00a0\u00bbdefault\u00a0\u00bb global_colors_info=\u00a0\u00bb{}\u00a0\u00bb]<\/p>\n<h2>Quelques-unes de nos villas.<\/h2>\n<p>[\/et_pb_text][\/et_pb_column][et_pb_column type=\u00a0\u00bb1_2&Prime; _builder_version=\u00a0\u00bb4.18.0&Prime; _module_preset=\u00a0\u00bbdefault\u00a0\u00bb global_colors_info=\u00a0\u00bb{}\u00a0\u00bb][\/et_pb_column][\/et_pb_row][et_pb_row column_structure=\u00a0\u00bb1_3,1_3,1_3&Prime; disabled_on=\u00a0\u00bboff|on|off\u00a0\u00bb admin_label=\u00a0\u00bbOrdinateur de bureau + mobile\u00a0\u00bb _builder_version=\u00a0\u00bb4.18.0&Prime; _module_preset=\u00a0\u00bbdefault\u00a0\u00bb locked=\u00a0\u00bboff\u00a0\u00bb global_colors_info=\u00a0\u00bb{}\u00a0\u00bb][et_pb_column type=\u00a0\u00bb1_3&Prime; _builder_version=\u00a0\u00bb4.18.0&Prime; _module_preset=\u00a0\u00bbdefault\u00a0\u00bb custom_padding_tablet=\u00a0\u00bb\u00a0\u00bb custom_padding_phone=\u00a0\u00bb||25px||false|false\u00a0\u00bb custom_padding_last_edited=\u00a0\u00bbon|phone\u00a0\u00bb global_colors_info=\u00a0\u00bb{}\u00a0\u00bb][et_pb_text disabled_on=\u00a0\u00bboff|off|on\u00a0\u00bb admin_label=\u00a0\u00bbTablet + Mobiel\u00a0\u00bb _builder_version=\u00a0\u00bb4.18.0&Prime; _module_preset=\u00a0\u00bbdefault\u00a0\u00bb header_2_font_size_tablet=\u00a0\u00bb\u00a0\u00bb header_2_font_size_phone=\u00a0\u00bb40px\u00a0\u00bb header_2_font_size_last_edited=\u00a0\u00bbon|phone\u00a0\u00bb header_2_line_height_tablet=\u00a0\u00bb\u00a0\u00bb header_2_line_height_phone=\u00a0\u00bb50px\u00a0\u00bb header_2_line_height_last_edited=\u00a0\u00bbon|phone\u00a0\u00bb locked=\u00a0\u00bboff\u00a0\u00bb global_colors_info=\u00a0\u00bb{}\u00a0\u00bb]<\/p>\n<h2>Quelques-unes de nos villas.<\/h2>\n<p>[\/et_pb_text][et_pb_image src=\u00a0\u00bbhttps:\/\/uniqbooking.com\/wp-content\/uploads\/2022\/11\/VdL-Luchtfoto-1-1024&#215;565-1.jpg\u00a0\u00bb alt=\u00a0\u00bbVilla des Lunes\u00a0\u00bb title_text=\u00a0\u00bbVilla des Lunes\u00a0\u00bb _builder_version=\u00a0\u00bb4.18.0&Prime; _module_preset=\u00a0\u00bbdefault\u00a0\u00bb custom_margin=\u00a0\u00bb||13px||false|false\u00a0\u00bb global_colors_info=\u00a0\u00bb{}\u00a0\u00bb][\/et_pb_image][et_pb_text _builder_version=\u00a0\u00bb4.18.0&Prime; _module_preset=\u00a0\u00bbdefault\u00a0\u00bb text_font=\u00a0\u00bb|300|||||||\u00a0\u00bb text_text_color=\u00a0\u00bb#D4AF37&Prime; custom_margin=\u00a0\u00bb||20px||false|false\u00a0\u00bb global_colors_info=\u00a0\u00bb{}\u00a0\u00bb]<\/p>\n<p>Plan de la Tour, France<\/p>\n<p>[\/et_pb_text][et_pb_text _builder_version=\u00a0\u00bb4.18.0&Prime; _module_preset=\u00a0\u00bbdefault\u00a0\u00bb custom_margin=\u00a0\u00bb||10px||false|false\u00a0\u00bb custom_padding=\u00a0\u00bb||||false|false\u00a0\u00bb global_colors_info=\u00a0\u00bb{}\u00a0\u00bb]<\/p>\n<h3>Villa des Lunes<\/h3>\n<p>[\/et_pb_text][et_pb_text _builder_version=\u00a0\u00bb4.18.0&Prime; _module_preset=\u00a0\u00bbdefault\u00a0\u00bb text_line_height=\u00a0\u00bb30px\u00a0\u00bb custom_margin=\u00a0\u00bb||15px||false|false\u00a0\u00bb custom_padding=\u00a0\u00bb||||false|false\u00a0\u00bb global_colors_info=\u00a0\u00bb{}\u00a0\u00bb]<\/p>\n<p>Villa ind\u00e9pendante, 8 personnes &#8211; 4 chambres &#8211; mezzanine &#8211; 3 salles de bains &#8211; piscine priv\u00e9e 5x10m. R\u00e9novation compl\u00e8te 2021\/2022.<\/p>\n<p>[\/et_pb_text][et_pb_text _builder_version=\u00a0\u00bb4.18.0&Prime; _module_preset=\u00a0\u00bbdefault\u00a0\u00bb text_text_color=\u00a0\u00bb#95A3B3&Prime; custom_margin=\u00a0\u00bb||25px||false|false\u00a0\u00bb global_colors_info=\u00a0\u00bb{}\u00a0\u00bb]<\/p>\n<p>Prix par semaine \u00e0 partir de \u20ac 2,995<\/p>\n<p>[\/et_pb_text][et_pb_button button_url=\u00a0\u00bb@ET-DC@eyJkeW5hbWljIjp0cnVlLCJjb250ZW50IjoicG9zdF9saW5rX3VybF9wcm9qZWN0Iiwic2V0dGluZ3MiOnsicG9zdF9pZCI6IjI5NCJ9fQ==@\u00a0\u00bb button_text=\u00a0\u00bbVoir cette villa\u00a0\u00bb _builder_version=\u00a0\u00bb4.18.0&Prime; _dynamic_attributes=\u00a0\u00bbbutton_url\u00a0\u00bb _module_preset=\u00a0\u00bbdefault\u00a0\u00bb global_colors_info=\u00a0\u00bb{}\u00a0\u00bb][\/et_pb_button][\/et_pb_column][et_pb_column type=\u00a0\u00bb1_3&Prime; _builder_version=\u00a0\u00bb4.18.0&Prime; _module_preset=\u00a0\u00bbdefault\u00a0\u00bb custom_padding=\u00a0\u00bb||||false\u00a0\u00bb custom_padding_tablet=\u00a0\u00bb||||false\u00a0\u00bb custom_padding_phone=\u00a0\u00bb||25px||false|false\u00a0\u00bb custom_padding_last_edited=\u00a0\u00bbon|phone\u00a0\u00bb global_colors_info=\u00a0\u00bb{}\u00a0\u00bb][et_pb_image src=\u00a0\u00bbhttps:\/\/uniqbooking.com\/wp-content\/uploads\/2022\/11\/Maison-Bambou-1024&#215;565-1.jpg\u00a0\u00bb alt=\u00a0\u00bbMaison Bambou\u00a0\u00bb title_text=\u00a0\u00bbMaison Bambou 1024&#215;565&Prime; _builder_version=\u00a0\u00bb4.18.0&Prime; _module_preset=\u00a0\u00bbdefault\u00a0\u00bb custom_margin=\u00a0\u00bb||13px||false|false\u00a0\u00bb global_colors_info=\u00a0\u00bb{}\u00a0\u00bb][\/et_pb_image][et_pb_text _builder_version=\u00a0\u00bb4.18.0&Prime; _module_preset=\u00a0\u00bbdefault\u00a0\u00bb text_font=\u00a0\u00bb|300|||||||\u00a0\u00bb text_text_color=\u00a0\u00bb#D4AF37&Prime; custom_margin=\u00a0\u00bb||20px||false|false\u00a0\u00bb global_colors_info=\u00a0\u00bb{}\u00a0\u00bb]<\/p>\n<p>Plan de la Tour, France<\/p>\n<p>[\/et_pb_text][et_pb_text _builder_version=\u00a0\u00bb4.18.0&Prime; _module_preset=\u00a0\u00bbdefault\u00a0\u00bb custom_margin=\u00a0\u00bb||10px||false|false\u00a0\u00bb custom_padding=\u00a0\u00bb||||false|false\u00a0\u00bb global_colors_info=\u00a0\u00bb{}\u00a0\u00bb]<\/p>\n<h3>Maison Bambou<\/h3>\n<p>[\/et_pb_text][et_pb_text _builder_version=\u00a0\u00bb4.18.0&Prime; _module_preset=\u00a0\u00bbdefault\u00a0\u00bb text_line_height=\u00a0\u00bb30px\u00a0\u00bb custom_margin=\u00a0\u00bb||15px||false|false\u00a0\u00bb custom_padding=\u00a0\u00bb||||false|false\u00a0\u00bb global_colors_info=\u00a0\u00bb{}\u00a0\u00bb]<\/p>\n<p>Maison jumel\u00e9e, 6 personnes &#8211; 3 chambres &#8211; 2 salles de bain &#8211; piscine 3x6m, partag\u00e9e avec la maison Laurier Rose. Villa nouvellement construite, ach\u00e8vement Q1-2023.<\/p>\n<p>[\/et_pb_text][et_pb_text _builder_version=\u00a0\u00bb4.18.0&Prime; _module_preset=\u00a0\u00bbdefault\u00a0\u00bb text_text_color=\u00a0\u00bb#95A3B3&Prime; custom_margin=\u00a0\u00bb||25px||false|false\u00a0\u00bb global_colors_info=\u00a0\u00bb{}\u00a0\u00bb]<\/p>\n<p>Prix par semaine \u00e0 partir de \u20ac 2,600<\/p>\n<p>[\/et_pb_text][et_pb_button button_url=\u00a0\u00bb@ET-DC@eyJkeW5hbWljIjp0cnVlLCJjb250ZW50IjoicG9zdF9saW5rX3VybF9wcm9qZWN0Iiwic2V0dGluZ3MiOnsicG9zdF9pZCI6IjMwNCJ9fQ==@\u00a0\u00bb button_text=\u00a0\u00bbVoir cette villa\u00a0\u00bb _builder_version=\u00a0\u00bb4.18.0&Prime; _dynamic_attributes=\u00a0\u00bbbutton_url\u00a0\u00bb _module_preset=\u00a0\u00bbdefault\u00a0\u00bb global_colors_info=\u00a0\u00bb{}\u00a0\u00bb][\/et_pb_button][\/et_pb_column][et_pb_column type=\u00a0\u00bb1_3&Prime; _builder_version=\u00a0\u00bb4.18.0&Prime; _module_preset=\u00a0\u00bbdefault\u00a0\u00bb custom_padding_tablet=\u00a0\u00bb\u00a0\u00bb custom_padding_phone=\u00a0\u00bb||25px||false|false\u00a0\u00bb custom_padding_last_edited=\u00a0\u00bbon|phone\u00a0\u00bb global_colors_info=\u00a0\u00bb{}\u00a0\u00bb][et_pb_image src=\u00a0\u00bbhttps:\/\/uniqbooking.com\/wp-content\/uploads\/2022\/11\/Maison-Laurier-Rose.jpg\u00a0\u00bb alt=\u00a0\u00bbMaison Laurier Rose\u00a0\u00bb title_text=\u00a0\u00bbMaison Laurier Rose\u00a0\u00bb _builder_version=\u00a0\u00bb4.18.0&Prime; _module_preset=\u00a0\u00bbdefault\u00a0\u00bb custom_margin=\u00a0\u00bb||13px||false|false\u00a0\u00bb global_colors_info=\u00a0\u00bb{}\u00a0\u00bb][\/et_pb_image][et_pb_text _builder_version=\u00a0\u00bb4.18.0&Prime; _module_preset=\u00a0\u00bbdefault\u00a0\u00bb text_font=\u00a0\u00bb|300|||||||\u00a0\u00bb text_text_color=\u00a0\u00bb#D4AF37&Prime; custom_margin=\u00a0\u00bb||20px||false|false\u00a0\u00bb global_colors_info=\u00a0\u00bb{}\u00a0\u00bb]<\/p>\n<p>Plan de la Tour, France<\/p>\n<p>[\/et_pb_text][et_pb_text _builder_version=\u00a0\u00bb4.18.0&Prime; _module_preset=\u00a0\u00bbdefault\u00a0\u00bb custom_margin=\u00a0\u00bb||10px||false|false\u00a0\u00bb custom_padding=\u00a0\u00bb||||false|false\u00a0\u00bb global_colors_info=\u00a0\u00bb{}\u00a0\u00bb]<\/p>\n<h3>Maison Laurier Rose<\/h3>\n<p>[\/et_pb_text][et_pb_text _builder_version=\u00a0\u00bb4.18.0&Prime; _module_preset=\u00a0\u00bbdefault\u00a0\u00bb text_line_height=\u00a0\u00bb30px\u00a0\u00bb custom_margin=\u00a0\u00bb||15px||false|false\u00a0\u00bb custom_padding=\u00a0\u00bb||||false|false\u00a0\u00bb global_colors_info=\u00a0\u00bb{}\u00a0\u00bb]<\/p>\n<p>Maison mitoyenne, 6 personnes &#8211; 3 chambres &#8211; 2 salles de bain &#8211; piscine 3x6m, partag\u00e9e avec la maison Bambou. Villa nouvellement construite, ach\u00e8vement Q1-2023.<\/p>\n<p>[\/et_pb_text][et_pb_text _builder_version=\u00a0\u00bb4.18.0&Prime; _module_preset=\u00a0\u00bbdefault\u00a0\u00bb text_text_color=\u00a0\u00bb#95A3B3&Prime; custom_margin=\u00a0\u00bb||25px||false|false\u00a0\u00bb global_colors_info=\u00a0\u00bb{}\u00a0\u00bb]<\/p>\n<p>Prix par semaine \u00e0 partir de \u20ac 2,600<\/p>\n<p>[\/et_pb_text][et_pb_button button_url=\u00a0\u00bb@ET-DC@eyJkeW5hbWljIjp0cnVlLCJjb250ZW50IjoicG9zdF9saW5rX3VybF9wcm9qZWN0Iiwic2V0dGluZ3MiOnsicG9zdF9pZCI6IjMwNyJ9fQ==@\u00a0\u00bb button_text=\u00a0\u00bbVoir cette villa\u00a0\u00bb _builder_version=\u00a0\u00bb4.18.0&Prime; _dynamic_attributes=\u00a0\u00bbbutton_url\u00a0\u00bb _module_preset=\u00a0\u00bbdefault\u00a0\u00bb global_colors_info=\u00a0\u00bb{}\u00a0\u00bb][\/et_pb_button][\/et_pb_column][\/et_pb_row][et_pb_row disabled_on=\u00a0\u00bbon|off|on\u00a0\u00bb admin_label=\u00a0\u00bbTablette\u00a0\u00bb _builder_version=\u00a0\u00bb4.18.0&Prime; _module_preset=\u00a0\u00bbdefault\u00a0\u00bb width=\u00a0\u00bb100%\u00a0\u00bb width_tablet=\u00a0\u00bb100%\u00a0\u00bb max_width=\u00a0\u00bb100%\u00a0\u00bb locked=\u00a0\u00bboff\u00a0\u00bb global_colors_info=\u00a0\u00bb{}\u00a0\u00bb][et_pb_column type=\u00a0\u00bb4_4&Prime; _builder_version=\u00a0\u00bb4.18.0&Prime; _module_preset=\u00a0\u00bbdefault\u00a0\u00bb global_colors_info=\u00a0\u00bb{}\u00a0\u00bb][et_pb_text disabled_on=\u00a0\u00bboff|off|on\u00a0\u00bb admin_label=\u00a0\u00bbTablet + Mobiel\u00a0\u00bb _builder_version=\u00a0\u00bb4.18.0&Prime; _module_preset=\u00a0\u00bbdefault\u00a0\u00bb custom_padding=\u00a0\u00bb|10%||10%|false|true\u00a0\u00bb locked=\u00a0\u00bboff\u00a0\u00bb global_colors_info=\u00a0\u00bb{}\u00a0\u00bb]<\/p>\n<h2>Quelques-unes de nos villas.<\/h2>\n<p>[\/et_pb_text][dsm_post_carousel post_type=\u00a0\u00bbproject\u00a0\u00bb posts_number=\u00a0\u00bb6&Prime; thumbnail_img_type=\u00a0\u00bbcontain\u00a0\u00bb use_date=\u00a0\u00bboff\u00a0\u00bb use_author=\u00a0\u00bboff\u00a0\u00bb use_readmore=\u00a0\u00bbon\u00a0\u00bb readmore_text=\u00a0\u00bbVoir cette villa\u00a0\u00bb centered_slides=\u00a0\u00bbon\u00a0\u00bb autoplay=\u00a0\u00bboff\u00a0\u00bb use_pagi=\u00a0\u00bboff\u00a0\u00bb left_navi_position=\u00a0\u00bb25px\u00a0\u00bb right_navi_position=\u00a0\u00bb25px\u00a0\u00bb navi_size=\u00a0\u00bb20&Prime; use_prev_icon=\u00a0\u00bbon\u00a0\u00bb prev_icon=\u00a0\u00bb&#xf060;||fa||900&Prime; use_next_icon=\u00a0\u00bbon\u00a0\u00bb next_icon=\u00a0\u00bb&#xf061;||fa||900&Prime; navi_color=\u00a0\u00bb#FFFFFF\u00a0\u00bb navi_background_color=\u00a0\u00bb#052F44&Prime; post_equal_height=\u00a0\u00bbon\u00a0\u00bb _builder_version=\u00a0\u00bb4.18.0&Prime; _module_preset=\u00a0\u00bbdefault\u00a0\u00bb title_font=\u00a0\u00bb|700|||||||\u00a0\u00bb title_font_size=\u00a0\u00bb30px\u00a0\u00bb title_line_height=\u00a0\u00bb40px\u00a0\u00bb body_line_height=\u00a0\u00bb30px\u00a0\u00bb custom_readmore=\u00a0\u00bbon\u00a0\u00bb readmore_use_icon=\u00a0\u00bboff\u00a0\u00bb readmore_custom_padding=\u00a0\u00bb|30px||30px|false|true\u00a0\u00bb custom_margin=\u00a0\u00bb||0px||false|false\u00a0\u00bb border_radii_navi_arrow=\u00a0\u00bbon|50%|50%|50%|50%\u00a0\u00bb global_colors_info=\u00a0\u00bb{}\u00a0\u00bb][\/dsm_post_carousel][\/et_pb_column][\/et_pb_row][\/et_pb_section][et_pb_section fb_built=\u00a0\u00bb1&Prime; admin_label=\u00a0\u00bbNeem contact op\u00a0\u00bb _builder_version=\u00a0\u00bb4.18.0&Prime; _module_preset=\u00a0\u00bbdefault\u00a0\u00bb custom_padding=\u00a0\u00bb140px||140px|||\u00a0\u00bb locked=\u00a0\u00bboff\u00a0\u00bb global_colors_info=\u00a0\u00bb{}\u00a0\u00bb][et_pb_row admin_label=\u00a0\u00bbBande jaune\u00a0\u00bb _builder_version=\u00a0\u00bb4.18.0&Prime; _module_preset=\u00a0\u00bbdefault\u00a0\u00bb background_color=\u00a0\u00bb#D4AF37&Prime; positioning=\u00a0\u00bbabsolute\u00a0\u00bb vertical_offset=\u00a0\u00bb0px\u00a0\u00bb max_width=\u00a0\u00bb448px\u00a0\u00bb max_width_tablet=\u00a0\u00bb448px\u00a0\u00bb max_width_phone=\u00a0\u00bb160px\u00a0\u00bb max_width_last_edited=\u00a0\u00bbon|phone\u00a0\u00bb height=\u00a0\u00bb23px\u00a0\u00bb custom_padding=\u00a0\u00bb0px||0px||true|false\u00a0\u00bb locked=\u00a0\u00bboff\u00a0\u00bb global_colors_info=\u00a0\u00bb{}\u00a0\u00bb][et_pb_column type=\u00a0\u00bb4_4&Prime; _builder_version=\u00a0\u00bb4.18.0&Prime; _module_preset=\u00a0\u00bbdefault\u00a0\u00bb global_colors_info=\u00a0\u00bb{}\u00a0\u00bb][\/et_pb_column][\/et_pb_row][et_pb_row column_structure=\u00a0\u00bb3_5,2_5&Prime; _builder_version=\u00a0\u00bb4.18.0&Prime; _module_preset=\u00a0\u00bbdefault\u00a0\u00bb global_colors_info=\u00a0\u00bb{}\u00a0\u00bb][et_pb_column type=\u00a0\u00bb3_5&Prime; _builder_version=\u00a0\u00bb4.18.0&Prime; _module_preset=\u00a0\u00bbdefault\u00a0\u00bb custom_padding_tablet=\u00a0\u00bb||50px||false|false\u00a0\u00bb custom_padding_last_edited=\u00a0\u00bboff|tablet\u00a0\u00bb global_colors_info=\u00a0\u00bb{}\u00a0\u00bb][et_pb_text _builder_version=\u00a0\u00bb4.18.0&Prime; _module_preset=\u00a0\u00bbdefault\u00a0\u00bb header_2_text_align=\u00a0\u00bbleft\u00a0\u00bb header_2_font_size_tablet=\u00a0\u00bb\u00a0\u00bb header_2_font_size_phone=\u00a0\u00bb40px\u00a0\u00bb header_2_font_size_last_edited=\u00a0\u00bbon|phone\u00a0\u00bb header_2_line_height_tablet=\u00a0\u00bb\u00a0\u00bb header_2_line_height_phone=\u00a0\u00bb50px\u00a0\u00bb header_2_line_height_last_edited=\u00a0\u00bbon|phone\u00a0\u00bb locked=\u00a0\u00bboff\u00a0\u00bb global_colors_info=\u00a0\u00bb{}\u00a0\u00bb]<\/p>\n<h2>Pouvons-nous vous aider ?<\/h2>\n<p>[\/et_pb_text][et_pb_text _builder_version=\u00a0\u00bb4.18.0&Prime; _module_preset=\u00a0\u00bbdefault\u00a0\u00bb text_line_height=\u00a0\u00bb30px\u00a0\u00bb max_width=\u00a0\u00bb590px\u00a0\u00bb locked=\u00a0\u00bboff\u00a0\u00bb global_colors_info=\u00a0\u00bb{}\u00a0\u00bb]<\/p>\n<p><span>Nos conseillers en voyages se feront un plaisir de vous aider par e-mail ou par chat.<\/span><br \/><span>Vous pr\u00e9f\u00e9rez appeler ? Bien s\u00fbr, cela aussi est possible.<\/span><\/p>\n<p>[\/et_pb_text][dsm_button button_one_text=\u00a0\u00bbChat avec nous\u00a0\u00bb button_two_text=\u00a0\u00bb+31 (0)6 &#8211; 29 45 31 81&Prime; remove_separator_text_on_mobile=\u00a0\u00bbon\u00a0\u00bb _builder_version=\u00a0\u00bb4.25.1&Prime; _module_preset=\u00a0\u00bbdefault\u00a0\u00bb custom_button_one=\u00a0\u00bbon\u00a0\u00bb button_one_icon=\u00a0\u00bb&#xf086;||fa||400&Prime; button_one_icon_placement=\u00a0\u00bbleft\u00a0\u00bb button_one_on_hover=\u00a0\u00bboff\u00a0\u00bb button_one_custom_padding=\u00a0\u00bb|25px||40px|false|false\u00a0\u00bb custom_button_two=\u00a0\u00bbon\u00a0\u00bb button_two_text_size=\u00a0\u00bb20px\u00a0\u00bb button_two_border_width=\u00a0\u00bb0px\u00a0\u00bb button_two_icon=\u00a0\u00bb&#xf879;||fa||900&Prime; button_two_icon_placement=\u00a0\u00bbleft\u00a0\u00bb button_two_on_hover=\u00a0\u00bboff\u00a0\u00bb button_two_custom_margin_tablet=\u00a0\u00bb\u00a0\u00bb button_two_custom_margin_phone=\u00a0\u00bb|||0px|false|false\u00a0\u00bb button_two_custom_margin_last_edited=\u00a0\u00bbon|phone\u00a0\u00bb button_two_custom_padding=\u00a0\u00bb|25px||40px|false|false\u00a0\u00bb hover_enabled=\u00a0\u00bb0&Prime; global_colors_info=\u00a0\u00bb{}\u00a0\u00bb button_two_url=\u00a0\u00bbTel:0031629453181&Prime; sticky_enabled=\u00a0\u00bb0&Prime;][\/dsm_button][\/et_pb_column][et_pb_column type=\u00a0\u00bb2_5&Prime; admin_label=\u00a0\u00bbBureau\u00a0\u00bb disabled_on=\u00a0\u00bbon|on|off\u00a0\u00bb _builder_version=\u00a0\u00bb4.18.0&Prime; _module_preset=\u00a0\u00bbdefault\u00a0\u00bb global_colors_info=\u00a0\u00bb{}\u00a0\u00bb][et_pb_divider color=\u00a0\u00bb#EDF5FC\u00a0\u00bb divider_weight=\u00a0\u00bb400px\u00a0\u00bb _builder_version=\u00a0\u00bb4.18.0&Prime; _module_preset=\u00a0\u00bbdefault\u00a0\u00bb positioning=\u00a0\u00bbabsolute\u00a0\u00bb position_origin_a=\u00a0\u00bbcenter_right\u00a0\u00bb horizontal_offset=\u00a0\u00bb-55px\u00a0\u00bb width=\u00a0\u00bb450px\u00a0\u00bb max_width=\u00a0\u00bb450px\u00a0\u00bb height=\u00a0\u00bb400px\u00a0\u00bb global_colors_info=\u00a0\u00bb{}\u00a0\u00bb][\/et_pb_divider][et_pb_image src=\u00a0\u00bbhttps:\/\/uniqbooking.com\/wp-content\/uploads\/2022\/11\/Kunnen-we-je-helpen-2.png\u00a0\u00bb alt=\u00a0\u00bbPouvons-nous vous aider ?\u00a0\u00bb title_text=\u00a0\u00bbPouvons-nous vous aider ?\u00a0\u00bb _builder_version=\u00a0\u00bb4.18.0&Prime; _module_preset=\u00a0\u00bbdefault\u00a0\u00bb z_index=\u00a0\u00bb1&Prime; global_colors_info=\u00a0\u00bb{}\u00a0\u00bb][\/et_pb_image][\/et_pb_column][\/et_pb_row][\/et_pb_section]<\/p>\n","protected":false},"excerpt":{"rendered":"<p>C\u00f4te d&rsquo;Azur &#8211; FrancePlan de la Tour &#8211; D\u00e9partement du VarLe Plan de la Tour est un petit village du VAR, dans la r\u00e9gion Provence Alpes-C\u00f4te d&rsquo;Azur. Ce charmant village proven\u00e7al au c\u0153ur des collines est situ\u00e9 \u00e0 proximit\u00e9 de lieux r\u00e9put\u00e9s tels que Saint-Tropez, Grimaud, Ramatuelle ou Sainte Maxime. Il est entour\u00e9 de for\u00eats denses de pins, de ch\u00eanes et de ch\u00e2taigniers. Les habitants suivent un mode de vie simple et le village est \u00e0 l&rsquo;\u00e9cart de l&rsquo;agitation de la vie urbaine. Le Plan de la Tour est situ\u00e9 au c\u0153ur du Massif des Maures.Saint-TropezSaint-Tropez est l&rsquo;une des stations baln\u00e9aires les plus c\u00e9l\u00e8bres de la C\u00f4te d&rsquo;Azur. Cette ville c\u00f4ti\u00e8re ne compte qu&rsquo;environ 6 000 habitants, mais elle est visit\u00e9e par plus de 5 millions de touristes chaque ann\u00e9e. La ville dispose d&rsquo;un port de plaisance attrayant et de restaurants sympathiques. Admirez les navires de luxe et les yachts amarr\u00e9s dans ce port. La ville compte \u00e9galement des boutiques pittoresques, des petites rues et de jolies places. Le fort de la Citadelle est situ\u00e9 sur une colline. Le fort, datant de 1605, est aujourd&rsquo;hui un mus\u00e9e que l&rsquo;on peut visiter. Depuis la forteresse, on a une vue imprenable sur [&hellip;]<\/p>\n","protected":false},"author":3375,"featured_media":0,"parent":0,"menu_order":0,"comment_status":"closed","ping_status":"closed","template":"","meta":{"_et_pb_use_builder":"on","_et_pb_old_content":"","_et_gb_content_width":"","footnotes":""},"class_list":["post-2435","page","type-page","status-publish","hentry"],"yoast_head":"<!-- This site is optimized with the Yoast SEO plugin v27.4 - https:\/\/yoast.com\/product\/yoast-seo-wordpress\/ -->\n<title>C\u00f4te d&#039;Azur - Uniqbooking<\/title>\n<meta name=\"robots\" content=\"index, follow, max-snippet:-1, max-image-preview:large, max-video-preview:-1\" \/>\n<link rel=\"canonical\" href=\"https:\/\/uniqbooking.com\/fr\/cote-dazur\/\" \/>\n<meta property=\"og:locale\" content=\"fr_FR\" \/>\n<meta property=\"og:type\" content=\"article\" \/>\n<meta property=\"og:title\" content=\"C\u00f4te d&#039;Azur - Uniqbooking\" \/>\n<meta property=\"og:description\" content=\"C\u00f4te d&#039;Azur - FrancePlan de la Tour - D\u00e9partement du VarLe Plan de la Tour est un petit village du VAR, dans la r\u00e9gion Provence Alpes-C\u00f4te d&#039;Azur. Ce charmant village proven\u00e7al au c\u0153ur des collines est situ\u00e9 \u00e0 proximit\u00e9 de lieux r\u00e9put\u00e9s tels que Saint-Tropez, Grimaud, Ramatuelle ou Sainte Maxime. Il est entour\u00e9 de for\u00eats denses de pins, de ch\u00eanes et de ch\u00e2taigniers. Les habitants suivent un mode de vie simple et le village est \u00e0 l&#039;\u00e9cart de l&#039;agitation de la vie urbaine. Le Plan de la Tour est situ\u00e9 au c\u0153ur du Massif des Maures.Saint-TropezSaint-Tropez est l&#039;une des stations baln\u00e9aires les plus c\u00e9l\u00e8bres de la C\u00f4te d&#039;Azur. Cette ville c\u00f4ti\u00e8re ne compte qu&#039;environ 6 000 habitants, mais elle est visit\u00e9e par plus de 5 millions de touristes chaque ann\u00e9e. La ville dispose d&#039;un port de plaisance attrayant et de restaurants sympathiques. Admirez les navires de luxe et les yachts amarr\u00e9s dans ce port. La ville compte \u00e9galement des boutiques pittoresques, des petites rues et de jolies places. Le fort de la Citadelle est situ\u00e9 sur une colline. Le fort, datant de 1605, est aujourd&#039;hui un mus\u00e9e que l&#039;on peut visiter. Depuis la forteresse, on a une vue imprenable sur [&hellip;]\" \/>\n<meta property=\"og:url\" content=\"https:\/\/uniqbooking.com\/fr\/cote-dazur\/\" \/>\n<meta property=\"og:site_name\" content=\"Uniqbooking\" \/>\n<meta property=\"article:modified_time\" content=\"2025-01-24T09:40:52+00:00\" \/>\n<meta name=\"twitter:card\" content=\"summary_large_image\" \/>\n<meta name=\"twitter:label1\" content=\"Dur\u00e9e de lecture estim\u00e9e\" \/>\n\t<meta name=\"twitter:data1\" content=\"22 minutes\" \/>\n<script type=\"application\/ld+json\" class=\"yoast-schema-graph\">{\"@context\":\"https:\\\/\\\/schema.org\",\"@graph\":[{\"@type\":\"WebPage\",\"@id\":\"https:\\\/\\\/uniqbooking.com\\\/fr\\\/cote-dazur\\\/\",\"url\":\"https:\\\/\\\/uniqbooking.com\\\/fr\\\/cote-dazur\\\/\",\"name\":\"C\u00f4te d'Azur - Uniqbooking\",\"isPartOf\":{\"@id\":\"https:\\\/\\\/uniqbooking.com\\\/fr\\\/#website\"},\"datePublished\":\"2022-11-17T10:29:30+00:00\",\"dateModified\":\"2025-01-24T09:40:52+00:00\",\"breadcrumb\":{\"@id\":\"https:\\\/\\\/uniqbooking.com\\\/fr\\\/cote-dazur\\\/#breadcrumb\"},\"inLanguage\":\"fr-FR\",\"potentialAction\":[{\"@type\":\"ReadAction\",\"target\":[\"https:\\\/\\\/uniqbooking.com\\\/fr\\\/cote-dazur\\\/\"]}]},{\"@type\":\"BreadcrumbList\",\"@id\":\"https:\\\/\\\/uniqbooking.com\\\/fr\\\/cote-dazur\\\/#breadcrumb\",\"itemListElement\":[{\"@type\":\"ListItem\",\"position\":1,\"name\":\"Home\",\"item\":\"https:\\\/\\\/uniqbooking.com\\\/fr\\\/\"},{\"@type\":\"ListItem\",\"position\":2,\"name\":\"C\u00f4te d&#8217;Azur\"}]},{\"@type\":\"WebSite\",\"@id\":\"https:\\\/\\\/uniqbooking.com\\\/fr\\\/#website\",\"url\":\"https:\\\/\\\/uniqbooking.com\\\/fr\\\/\",\"name\":\"Uniqbooking\",\"description\":\"\",\"publisher\":{\"@id\":\"https:\\\/\\\/uniqbooking.com\\\/fr\\\/#organization\"},\"alternateName\":\"Uniqbooking\",\"potentialAction\":[{\"@type\":\"SearchAction\",\"target\":{\"@type\":\"EntryPoint\",\"urlTemplate\":\"https:\\\/\\\/uniqbooking.com\\\/fr\\\/?s={search_term_string}\"},\"query-input\":{\"@type\":\"PropertyValueSpecification\",\"valueRequired\":true,\"valueName\":\"search_term_string\"}}],\"inLanguage\":\"fr-FR\"},{\"@type\":\"Organization\",\"@id\":\"https:\\\/\\\/uniqbooking.com\\\/fr\\\/#organization\",\"name\":\"Uniqbooking\",\"alternateName\":\"Uniqbooking\",\"url\":\"https:\\\/\\\/uniqbooking.com\\\/fr\\\/\",\"logo\":{\"@type\":\"ImageObject\",\"inLanguage\":\"fr-FR\",\"@id\":\"https:\\\/\\\/uniqbooking.com\\\/fr\\\/#\\\/schema\\\/logo\\\/image\\\/\",\"url\":\"https:\\\/\\\/uniqbooking.com\\\/wp-content\\\/uploads\\\/2022\\\/09\\\/Logo-UniqBooking.png\",\"contentUrl\":\"https:\\\/\\\/uniqbooking.com\\\/wp-content\\\/uploads\\\/2022\\\/09\\\/Logo-UniqBooking.png\",\"width\":1839,\"height\":540,\"caption\":\"Uniqbooking\"},\"image\":{\"@id\":\"https:\\\/\\\/uniqbooking.com\\\/fr\\\/#\\\/schema\\\/logo\\\/image\\\/\"}}]}<\/script>\n<!-- \/ Yoast SEO plugin. -->","yoast_head_json":{"title":"C\u00f4te d'Azur - Uniqbooking","robots":{"index":"index","follow":"follow","max-snippet":"max-snippet:-1","max-image-preview":"max-image-preview:large","max-video-preview":"max-video-preview:-1"},"canonical":"https:\/\/uniqbooking.com\/fr\/cote-dazur\/","og_locale":"fr_FR","og_type":"article","og_title":"C\u00f4te d'Azur - Uniqbooking","og_description":"C\u00f4te d'Azur - FrancePlan de la Tour - D\u00e9partement du VarLe Plan de la Tour est un petit village du VAR, dans la r\u00e9gion Provence Alpes-C\u00f4te d'Azur. Ce charmant village proven\u00e7al au c\u0153ur des collines est situ\u00e9 \u00e0 proximit\u00e9 de lieux r\u00e9put\u00e9s tels que Saint-Tropez, Grimaud, Ramatuelle ou Sainte Maxime. Il est entour\u00e9 de for\u00eats denses de pins, de ch\u00eanes et de ch\u00e2taigniers. Les habitants suivent un mode de vie simple et le village est \u00e0 l'\u00e9cart de l'agitation de la vie urbaine. Le Plan de la Tour est situ\u00e9 au c\u0153ur du Massif des Maures.Saint-TropezSaint-Tropez est l'une des stations baln\u00e9aires les plus c\u00e9l\u00e8bres de la C\u00f4te d'Azur. Cette ville c\u00f4ti\u00e8re ne compte qu'environ 6 000 habitants, mais elle est visit\u00e9e par plus de 5 millions de touristes chaque ann\u00e9e. La ville dispose d'un port de plaisance attrayant et de restaurants sympathiques. Admirez les navires de luxe et les yachts amarr\u00e9s dans ce port. La ville compte \u00e9galement des boutiques pittoresques, des petites rues et de jolies places. Le fort de la Citadelle est situ\u00e9 sur une colline. Le fort, datant de 1605, est aujourd'hui un mus\u00e9e que l'on peut visiter. Depuis la forteresse, on a une vue imprenable sur [&hellip;]","og_url":"https:\/\/uniqbooking.com\/fr\/cote-dazur\/","og_site_name":"Uniqbooking","article_modified_time":"2025-01-24T09:40:52+00:00","twitter_card":"summary_large_image","twitter_misc":{"Dur\u00e9e de lecture estim\u00e9e":"22 minutes"},"schema":{"@context":"https:\/\/schema.org","@graph":[{"@type":"WebPage","@id":"https:\/\/uniqbooking.com\/fr\/cote-dazur\/","url":"https:\/\/uniqbooking.com\/fr\/cote-dazur\/","name":"C\u00f4te d'Azur - Uniqbooking","isPartOf":{"@id":"https:\/\/uniqbooking.com\/fr\/#website"},"datePublished":"2022-11-17T10:29:30+00:00","dateModified":"2025-01-24T09:40:52+00:00","breadcrumb":{"@id":"https:\/\/uniqbooking.com\/fr\/cote-dazur\/#breadcrumb"},"inLanguage":"fr-FR","potentialAction":[{"@type":"ReadAction","target":["https:\/\/uniqbooking.com\/fr\/cote-dazur\/"]}]},{"@type":"BreadcrumbList","@id":"https:\/\/uniqbooking.com\/fr\/cote-dazur\/#breadcrumb","itemListElement":[{"@type":"ListItem","position":1,"name":"Home","item":"https:\/\/uniqbooking.com\/fr\/"},{"@type":"ListItem","position":2,"name":"C\u00f4te d&#8217;Azur"}]},{"@type":"WebSite","@id":"https:\/\/uniqbooking.com\/fr\/#website","url":"https:\/\/uniqbooking.com\/fr\/","name":"Uniqbooking","description":"","publisher":{"@id":"https:\/\/uniqbooking.com\/fr\/#organization"},"alternateName":"Uniqbooking","potentialAction":[{"@type":"SearchAction","target":{"@type":"EntryPoint","urlTemplate":"https:\/\/uniqbooking.com\/fr\/?s={search_term_string}"},"query-input":{"@type":"PropertyValueSpecification","valueRequired":true,"valueName":"search_term_string"}}],"inLanguage":"fr-FR"},{"@type":"Organization","@id":"https:\/\/uniqbooking.com\/fr\/#organization","name":"Uniqbooking","alternateName":"Uniqbooking","url":"https:\/\/uniqbooking.com\/fr\/","logo":{"@type":"ImageObject","inLanguage":"fr-FR","@id":"https:\/\/uniqbooking.com\/fr\/#\/schema\/logo\/image\/","url":"https:\/\/uniqbooking.com\/wp-content\/uploads\/2022\/09\/Logo-UniqBooking.png","contentUrl":"https:\/\/uniqbooking.com\/wp-content\/uploads\/2022\/09\/Logo-UniqBooking.png","width":1839,"height":540,"caption":"Uniqbooking"},"image":{"@id":"https:\/\/uniqbooking.com\/fr\/#\/schema\/logo\/image\/"}}]}},"_links":{"self":[{"href":"https:\/\/uniqbooking.com\/fr\/wp-json\/wp\/v2\/pages\/2435","targetHints":{"allow":["GET"]}}],"collection":[{"href":"https:\/\/uniqbooking.com\/fr\/wp-json\/wp\/v2\/pages"}],"about":[{"href":"https:\/\/uniqbooking.com\/fr\/wp-json\/wp\/v2\/types\/page"}],"author":[{"embeddable":true,"href":"https:\/\/uniqbooking.com\/fr\/wp-json\/wp\/v2\/users\/3375"}],"replies":[{"embeddable":true,"href":"https:\/\/uniqbooking.com\/fr\/wp-json\/wp\/v2\/comments?post=2435"}],"version-history":[{"count":12,"href":"https:\/\/uniqbooking.com\/fr\/wp-json\/wp\/v2\/pages\/2435\/revisions"}],"predecessor-version":[{"id":5350,"href":"https:\/\/uniqbooking.com\/fr\/wp-json\/wp\/v2\/pages\/2435\/revisions\/5350"}],"wp:attachment":[{"href":"https:\/\/uniqbooking.com\/fr\/wp-json\/wp\/v2\/media?parent=2435"}],"curies":[{"name":"wp","href":"https:\/\/api.w.org\/{rel}","templated":true}]}}