{"id":2116,"date":"2022-09-07T15:43:48","date_gmt":"2022-09-07T13:43:48","guid":{"rendered":"https:\/\/uniqbooking.com\/page-daccueil\/"},"modified":"2026-03-25T15:14:54","modified_gmt":"2026-03-25T14:14:54","slug":"page-daccueil","status":"publish","type":"page","link":"https:\/\/uniqbooking.com\/fr\/","title":{"rendered":"Page d&rsquo;accueil"},"content":{"rendered":"<p>[et_pb_section fb_built=\u00a0\u00bb1&Prime; custom_padding_last_edited=\u00a0\u00bbon|tablet\u00a0\u00bb _builder_version=\u00a0\u00bb4.18.0&Prime; _module_preset=\u00a0\u00bbdefault\u00a0\u00bb background_enable_color=\u00a0\u00bboff\u00a0\u00bb background_image=\u00a0\u00bbhttps:\/\/uniqbooking.com\/wp-content\/uploads\/2022\/09\/uniqvilla-uw-droomvakantie-e1662729841933.jpg\u00a0\u00bb background_position=\u00a0\u00bbbottom_center\u00a0\u00bb height=\u00a0\u00bb650px\u00a0\u00bb height_tablet=\u00a0\u00bb\u00a0\u00bb height_phone=\u00a0\u00bb700px\u00a0\u00bb height_last_edited=\u00a0\u00bbon|desktop\u00a0\u00bb custom_padding=\u00a0\u00bb150px||150px||true|false\u00a0\u00bb custom_padding_tablet=\u00a0\u00bb300px||150px||false|false\u00a0\u00bb custom_padding_phone=\u00a0\u00bb300px||||false|false\u00a0\u00bb background_last_edited=\u00a0\u00bbon|phone\u00a0\u00bb background_image_phone=\u00a0\u00bbhttps:\/\/uniqbooking.com\/wp-content\/uploads\/2022\/09\/header-home-mobiel.jpg\u00a0\u00bb background_enable_image_phone=\u00a0\u00bbon\u00a0\u00bb global_colors_info=\u00a0\u00bb{}\u00a0\u00bb][et_pb_row _builder_version=\u00a0\u00bb4.18.0&Prime; _module_preset=\u00a0\u00bbdefault\u00a0\u00bb global_colors_info=\u00a0\u00bb{}\u00a0\u00bb][et_pb_column type=\u00a0\u00bb4_4&Prime; _builder_version=\u00a0\u00bb4.18.0&Prime; _module_preset=\u00a0\u00bbdefault\u00a0\u00bb global_colors_info=\u00a0\u00bb{}\u00a0\u00bb][et_pb_text _builder_version=\u00a0\u00bb4.18.0&Prime; _module_preset=\u00a0\u00bbdefault\u00a0\u00bb header_text_color=\u00a0\u00bb#FFFFFF\u00a0\u00bb header_font_size=\u00a0\u00bb60px\u00a0\u00bb header_font_size_tablet=\u00a0\u00bb60px\u00a0\u00bb header_font_size_phone=\u00a0\u00bb40px\u00a0\u00bb header_font_size_last_edited=\u00a0\u00bbon|desktop\u00a0\u00bb header_text_shadow_style=\u00a0\u00bbpreset1&Prime; header_text_shadow_vertical_length=\u00a0\u00bb2px\u00a0\u00bb header_text_shadow_blur_strength=\u00a0\u00bb16px\u00a0\u00bb header_text_shadow_color=\u00a0\u00bbrgba(0,0,0,0.58)\u00a0\u00bb global_colors_info=\u00a0\u00bb{}\u00a0\u00bb]<\/p>\n<h1>\n<p>Vos vacances de r\u00eave uniques commencent ici.<\/h1>\n<p>[\/et_pb_text][et_pb_button button_url=\u00a0\u00bb#ons-aanbod\u00a0\u00bb button_text=\u00a0\u00bbVoir nos villas\u00a0\u00bb _builder_version=\u00a0\u00bb4.25.1&Prime; _module_preset=\u00a0\u00bbdefault\u00a0\u00bb button_text_color=\u00a0\u00bb#FFFFFF\u00a0\u00bb button_bg_color=\u00a0\u00bb#D4AF37&Prime; global_colors_info=\u00a0\u00bb{}\u00a0\u00bb button_bg_color__hover_enabled=\u00a0\u00bbon|desktop\u00a0\u00bb button_bg_color__hover=\u00a0\u00bb#052F44&Prime; button_bg_enable_color__hover=\u00a0\u00bbon\u00a0\u00bb button_border_color__hover_enabled=\u00a0\u00bbon|hover\u00a0\u00bb button_border_color__hover=\u00a0\u00bb#052F44&Prime;][\/et_pb_button][\/et_pb_column][\/et_pb_row][\/et_pb_section][et_pb_section fb_built=\u00a0\u00bb1&Prime; custom_padding_last_edited=\u00a0\u00bbon|tablet\u00a0\u00bb _builder_version=\u00a0\u00bb4.24.2&Prime; _module_preset=\u00a0\u00bbdefault\u00a0\u00bb background_color=\u00a0\u00bb#EDF5FC\u00a0\u00bb custom_padding=\u00a0\u00bb||||true|false\u00a0\u00bb custom_padding_tablet=\u00a0\u00bb||250px||false|false\u00a0\u00bb custom_padding_phone=\u00a0\u00bb25px||200px||false|false\u00a0\u00bb global_colors_info=\u00a0\u00bb{}\u00a0\u00bb][et_pb_row _builder_version=\u00a0\u00bb4.18.0&Prime; _module_preset=\u00a0\u00bbdefault\u00a0\u00bb global_colors_info=\u00a0\u00bb{}\u00a0\u00bb][et_pb_column type=\u00a0\u00bb4_4&Prime; _builder_version=\u00a0\u00bb4.18.0&Prime; _module_preset=\u00a0\u00bbdefault\u00a0\u00bb global_colors_info=\u00a0\u00bb{}\u00a0\u00bb][et_pb_text content_tablet=\u00a0\u00bb<\/p>\n<h3 style=%22padding-bottom: 0;%22>15%<\/h3>\n<p><b>r\u00e9duction sur votre s\u00e9jour en mai 2026  <\/b><\/p>\n<p><b>Utilisez le code :<\/b><\/p>\n<p><b>HELLOMAY<\/b><\/p>\n<p><strong><\/strong><\/p>\n<p>\u00a0\u00bb content_phone=\u00a0\u00bb<\/p>\n<h3 style=%22padding-bottom: 0;%22>15%<\/h3>\n<p><b>r\u00e9duction sur votre s\u00e9jour en mai 2026  <\/b><\/p>\n<p><b>Utilisez le code :<\/b><\/p>\n<p><b>HELLOMAY<\/b><\/p>\n<p><strong><\/strong><\/p>\n<p>\u00a0\u00bb content_last_edited=\u00a0\u00bbon|phone\u00a0\u00bb disabled_on=\u00a0\u00bboff|off|off\u00a0\u00bb admin_label=\u00a0\u00bbActiesticker\u00a0\u00bb module_class=\u00a0\u00bbactie-sticker\u00a0\u00bb _builder_version=\u00a0\u00bb4.27.6&Prime; _module_preset=\u00a0\u00bbdefault\u00a0\u00bb header_3_font=\u00a0\u00bb|800|||||||\u00a0\u00bb background_color=\u00a0\u00bb#D4AF37&Prime; transform_scale_last_edited=\u00a0\u00bboff|desktop\u00a0\u00bb transform_translate_last_edited=\u00a0\u00bboff|desktop\u00a0\u00bb transform_rotate=\u00a0\u00bb0deg|0deg|10deg\u00a0\u00bb transform_rotate_last_edited=\u00a0\u00bboff|desktop\u00a0\u00bb transform_skew_last_edited=\u00a0\u00bboff|desktop\u00a0\u00bb transform_origin_last_edited=\u00a0\u00bboff|desktop\u00a0\u00bb transform_styles_last_edited=\u00a0\u00bboff|desktop\u00a0\u00bb positioning=\u00a0\u00bbabsolute\u00a0\u00bb position_origin_a=\u00a0\u00bbtop_center\u00a0\u00bb vertical_offset=\u00a0\u00bb-200px\u00a0\u00bb z_index=\u00a0\u00bb999&Prime; vertical_offset_tablet=\u00a0\u00bb-200px\u00a0\u00bb vertical_offset_phone=\u00a0\u00bb-150px\u00a0\u00bb vertical_offset_last_edited=\u00a0\u00bbon|phone\u00a0\u00bb text_orientation=\u00a0\u00bbcenter\u00a0\u00bb background_layout=\u00a0\u00bbdark\u00a0\u00bb width=\u00a0\u00bb100%\u00a0\u00bb max_width=\u00a0\u00bb230px\u00a0\u00bb max_width_tablet=\u00a0\u00bb200px\u00a0\u00bb max_width_phone=\u00a0\u00bb180px\u00a0\u00bb max_width_last_edited=\u00a0\u00bbon|phone\u00a0\u00bb height=\u00a0\u00bb225px\u00a0\u00bb height_tablet=\u00a0\u00bb200px\u00a0\u00bb height_phone=\u00a0\u00bb180px\u00a0\u00bb height_last_edited=\u00a0\u00bbon|phone\u00a0\u00bb custom_margin_phone=\u00a0\u00bb||||false|false\u00a0\u00bb custom_margin_last_edited=\u00a0\u00bboff|phone\u00a0\u00bb custom_padding=\u00a0\u00bb24px|25px||25px|false|true\u00a0\u00bb custom_padding_tablet=\u00a0\u00bb15px|25px|15px|25px|true|true\u00a0\u00bb custom_padding_phone=\u00a0\u00bb8px|4px|0px|4px|false|true\u00a0\u00bb custom_padding_last_edited=\u00a0\u00bbon|phone\u00a0\u00bb animation_style=\u00a0\u00bbroll\u00a0\u00bb hover_enabled=\u00a0\u00bb0&Prime; text_font_size_tablet=\u00a0\u00bb\u00a0\u00bb text_font_size_phone=\u00a0\u00bb14px\u00a0\u00bb text_font_size_last_edited=\u00a0\u00bbon|phone\u00a0\u00bb text_line_height_tablet=\u00a0\u00bb\u00a0\u00bb text_line_height_phone=\u00a0\u00bb1.4em\u00a0\u00bb text_line_height_last_edited=\u00a0\u00bbon|phone\u00a0\u00bb header_3_font_size_tablet=\u00a0\u00bb\u00a0\u00bb header_3_font_size_phone=\u00a0\u00bb25px\u00a0\u00bb header_3_font_size_last_edited=\u00a0\u00bbon|phone\u00a0\u00bb border_radii=\u00a0\u00bbon|50%|50%|50%|50%\u00a0\u00bb box_shadow_style=\u00a0\u00bbpreset1&Prime; box_shadow_color=\u00a0\u00bbrgba(0,0,0,0.2)\u00a0\u00bb global_colors_info=\u00a0\u00bb{}\u00a0\u00bb transform_styles__hover_enabled=\u00a0\u00bbon|hover\u00a0\u00bb transform_scale__hover_enabled=\u00a0\u00bbon|hover\u00a0\u00bb transform_translate__hover_enabled=\u00a0\u00bbon|desktop\u00a0\u00bb transform_rotate__hover_enabled=\u00a0\u00bbon|desktop\u00a0\u00bb transform_skew__hover_enabled=\u00a0\u00bbon|desktop\u00a0\u00bb transform_origin__hover_enabled=\u00a0\u00bbon|desktop\u00a0\u00bb transform_scale__hover=\u00a0\u00bb110px|110%\u00a0\u00bb transform_rotate__hover=\u00a0\u00bb0deg|0deg|10deg\u00a0\u00bb sticky_enabled=\u00a0\u00bb0&Prime;]<\/p>\n<h3 style=\"padding-bottom: 0;\">15%<\/h3>\n<p><b>r\u00e9duction sur votre s\u00e9jour en mai 2026  <\/b><\/p>\n<p><b>Utilisez le code :<\/b><\/p>\n<p><b>HELLOMAY<\/b><\/p>\n<p><strong><\/strong><\/p>\n<p>[\/et_pb_text][et_pb_text _builder_version=\u00a0\u00bb4.24.2&Prime; _module_preset=\u00a0\u00bbdefault\u00a0\u00bb max_width=\u00a0\u00bb590px\u00a0\u00bb custom_margin_tablet=\u00a0\u00bb\u00a0\u00bb custom_margin_phone=\u00a0\u00bb25px||||false|false\u00a0\u00bb custom_margin_last_edited=\u00a0\u00bbon|phone\u00a0\u00bb header_2_font_size_tablet=\u00a0\u00bb\u00a0\u00bb header_2_font_size_phone=\u00a0\u00bb40px\u00a0\u00bb header_2_font_size_last_edited=\u00a0\u00bbon|phone\u00a0\u00bb header_2_line_height_tablet=\u00a0\u00bb\u00a0\u00bb header_2_line_height_phone=\u00a0\u00bb50px\u00a0\u00bb header_2_line_height_last_edited=\u00a0\u00bbon|phone\u00a0\u00bb global_colors_info=\u00a0\u00bb{}\u00a0\u00bb]<\/p>\n<h2>Villas de vacances exclusives dans des lieux uniques.<\/h2>\n<p>[\/et_pb_text][et_pb_text _builder_version=\u00a0\u00bb4.27.4&Prime; _module_preset=\u00a0\u00bbdefault\u00a0\u00bb text_line_height=\u00a0\u00bb30px\u00a0\u00bb max_width=\u00a0\u00bb590px\u00a0\u00bb global_colors_info=\u00a0\u00bb{}\u00a0\u00bb]<\/p>\n<p data-start=\"106\" data-end=\"508\">D\u00e9couvrez la C\u00f4te d&rsquo;Azur sous son meilleur jour &#8211; avec toute la famille. Nos villas et maisons de vacances attrayantes sont situ\u00e9es au c\u0153ur d&rsquo;une r\u00e9gion o\u00f9 il y a toujours quelque chose \u00e0 faire : des plages ensoleill\u00e9es et des march\u00e9s anim\u00e9s aux villages pittoresques et aux aventures dans la nature. Avec UniqBooking, vous profiterez de l&rsquo;espace, du confort et de l&rsquo;intimit\u00e9, tout en cr\u00e9ant des souvenirs inoubliables.  <\/p>\n<p data-start=\"510\" data-end=\"657\">Et pour ceux qui veulent r\u00eaver plus loin, nous louons \u00e9galement une magnifique maison en Floride, situ\u00e9e dans le complexe exclusif TradeWinds Homosassa Marina Resort.<\/p>\n<p>[\/et_pb_text][\/et_pb_column][\/et_pb_row][\/et_pb_section][et_pb_section fb_built=\u00a0\u00bb1&Prime; custom_padding_last_edited=\u00a0\u00bbon|tablet\u00a0\u00bb module_id=\u00a0\u00bbons-aanbod\u00a0\u00bb _builder_version=\u00a0\u00bb4.27.5&Prime; _module_preset=\u00a0\u00bbdefault\u00a0\u00bb custom_padding_tablet=\u00a0\u00bb||0px||false|false\u00a0\u00bb custom_padding_phone=\u00a0\u00bb||0px||false|false\u00a0\u00bb global_colors_info=\u00a0\u00bb{}\u00a0\u00bb][et_pb_row column_structure=\u00a0\u00bb1_2,1_2&Prime; _builder_version=\u00a0\u00bb4.18.0&Prime; _module_preset=\u00a0\u00bbdefault\u00a0\u00bb global_module=\u00a0\u00bb5398&Prime; saved_tabs=\u00a0\u00bball\u00a0\u00bb global_colors_info=\u00a0\u00bb{}\u00a0\u00bb][et_pb_column type=\u00a0\u00bb1_2&Prime; _builder_version=\u00a0\u00bb4.18.0&Prime; _module_preset=\u00a0\u00bbdefault\u00a0\u00bb global_colors_info=\u00a0\u00bb{}\u00a0\u00bb][et_pb_text disabled_on=\u00a0\u00bbon|on|off\u00a0\u00bb admin_label=\u00a0\u00bbDesktop\u00a0\u00bb _builder_version=\u00a0\u00bb4.18.0&Prime; _module_preset=\u00a0\u00bbdefault\u00a0\u00bb global_colors_info=\u00a0\u00bb{}\u00a0\u00bb]<\/p>\n<h2>Notre offre.<\/h2>\n<p>[\/et_pb_text][\/et_pb_column][et_pb_column type=\u00a0\u00bb1_2&Prime; _builder_version=\u00a0\u00bb4.18.0&Prime; _module_preset=\u00a0\u00bbdefault\u00a0\u00bb global_colors_info=\u00a0\u00bb{}\u00a0\u00bb][et_pb_image src=\u00a0\u00bbhttps:\/\/uniqbooking.com\/wp-content\/uploads\/2022\/11\/St.-Tropez-6-1024&#215;1100-1-e1667891760262.jpg\u00a0\u00bb alt=\u00a0\u00bbSt. color\u00e9 Tropez\u00a0\u00bb title_text=\u00a0\u00bbSt. color\u00e9 Tropez &#8211; 1024&#215;1100&Prime; align=\u00a0\u00bbright\u00a0\u00bb align_tablet=\u00a0\u00bbcenter\u00a0\u00bb align_phone=\u00a0\u00bbcenter\u00a0\u00bb align_last_edited=\u00a0\u00bbon|tablet\u00a0\u00bb _builder_version=\u00a0\u00bb4.18.0&Prime; _module_preset=\u00a0\u00bbdefault\u00a0\u00bb custom_margin=\u00a0\u00bb-530px||||false|false\u00a0\u00bb custom_margin_tablet=\u00a0\u00bb-350px||||false|false\u00a0\u00bb custom_margin_phone=\u00a0\u00bb-310px||||false|false\u00a0\u00bb custom_margin_last_edited=\u00a0\u00bbon|tablet\u00a0\u00bb global_colors_info=\u00a0\u00bb{}\u00a0\u00bb][\/et_pb_image][\/et_pb_column][\/et_pb_row][et_pb_row column_structure=\u00a0\u00bb1_2,1_2&Prime; make_equal=\u00a0\u00bbon\u00a0\u00bb disabled_on=\u00a0\u00bboff|on|off\u00a0\u00bb admin_label=\u00a0\u00bbOrdinateur de bureau + mobile\u00a0\u00bb _builder_version=\u00a0\u00bb4.27.5&Prime; _module_preset=\u00a0\u00bbdefault\u00a0\u00bb global_module=\u00a0\u00bb5411&Prime; saved_tabs=\u00a0\u00bball\u00a0\u00bb global_colors_info=\u00a0\u00bb{}\u00a0\u00bb][et_pb_column type=\u00a0\u00bb1_2&Prime; _builder_version=\u00a0\u00bb4.18.0&Prime; _module_preset=\u00a0\u00bbdefault\u00a0\u00bb custom_padding=\u00a0\u00bb||||false\u00a0\u00bb custom_padding_tablet=\u00a0\u00bb||||false\u00a0\u00bb custom_padding_phone=\u00a0\u00bb||25px||false|false\u00a0\u00bb custom_padding_last_edited=\u00a0\u00bbon|phone\u00a0\u00bb custom_css_main_element=\u00a0\u00bbdisplay: flex;||flex-direction: column;||justify-content: flex-end;\u00a0\u00bb global_colors_info=\u00a0\u00bb{}\u00a0\u00bb][et_pb_text disabled_on=\u00a0\u00bboff|off|on\u00a0\u00bb admin_label=\u00a0\u00bbTablet + Mobiel\u00a0\u00bb _builder_version=\u00a0\u00bb4.18.0&Prime; _module_preset=\u00a0\u00bbdefault\u00a0\u00bb header_2_font_size_tablet=\u00a0\u00bb\u00a0\u00bb header_2_font_size_phone=\u00a0\u00bb40px\u00a0\u00bb header_2_font_size_last_edited=\u00a0\u00bbon|phone\u00a0\u00bb header_2_line_height_tablet=\u00a0\u00bb\u00a0\u00bb header_2_line_height_phone=\u00a0\u00bb50px\u00a0\u00bb header_2_line_height_last_edited=\u00a0\u00bbon|phone\u00a0\u00bb locked=\u00a0\u00bboff\u00a0\u00bb global_colors_info=\u00a0\u00bb{}\u00a0\u00bb]<\/p>\n<h2>Notre offre.<\/h2>\n<p>[\/et_pb_text][et_pb_divider show_divider=\u00a0\u00bboff\u00a0\u00bb _builder_version=\u00a0\u00bb4.27.5&Prime; _module_preset=\u00a0\u00bbdefault\u00a0\u00bb background_video_mp4=\u00a0\u00bbhttps:\/\/uniqbooking.com\/wp-content\/uploads\/2026\/01\/10209-W.-Waterlander-Loop-Homosassa-unbranded-video_720-nosound.webm\u00a0\u00bb background_video_webm=\u00a0\u00bbhttps:\/\/uniqbooking.com\/wp-content\/uploads\/2026\/01\/10209-W.-Waterlander-Loop-Homosassa-unbranded-video_720-nosound.webm\u00a0\u00bb height=\u00a0\u00bb325px\u00a0\u00bb height_tablet=\u00a0\u00bb\u00a0\u00bb height_phone=\u00a0\u00bb215px\u00a0\u00bb height_last_edited=\u00a0\u00bbon|phone\u00a0\u00bb custom_margin=\u00a0\u00bb||13px||false|false\u00a0\u00bb global_colors_info=\u00a0\u00bb{}\u00a0\u00bb][\/et_pb_divider][et_pb_image src=\u00a0\u00bbhttps:\/\/uniqbooking.com\/wp-content\/uploads\/2025\/06\/TW164-met-boom-1024&#215;565-1.jpg\u00a0\u00bb alt=\u00a0\u00bbSignature @ TradeWinds\u00a0\u00bb title_text=\u00a0\u00bbSignature @ TradeWinds Marina Resort\u00a0\u00bb disabled_on=\u00a0\u00bbon|on|on\u00a0\u00bb admin_label=\u00a0\u00bbSignature @ TradeWinds Homosassa\u00a0\u00bb _builder_version=\u00a0\u00bb4.27.5&Prime; _module_preset=\u00a0\u00bbdefault\u00a0\u00bb custom_margin=\u00a0\u00bb||13px||false|false\u00a0\u00bb disabled=\u00a0\u00bbon\u00a0\u00bb global_colors_info=\u00a0\u00bb{}\u00a0\u00bb][\/et_pb_image][et_pb_text _builder_version=\u00a0\u00bb4.27.4&Prime; _module_preset=\u00a0\u00bbdefault\u00a0\u00bb text_font=\u00a0\u00bb|300|||||||\u00a0\u00bb text_text_color=\u00a0\u00bb#D4AF37&Prime; custom_margin=\u00a0\u00bb||20px||false|false\u00a0\u00bb global_colors_info=\u00a0\u00bb{}\u00a0\u00bb]<\/p>\n<p>Floride, \u00c9tats-Unis<\/p>\n<p>[\/et_pb_text][et_pb_text _builder_version=\u00a0\u00bb4.27.4&Prime; _module_preset=\u00a0\u00bbdefault\u00a0\u00bb custom_margin=\u00a0\u00bb||10px||false|false\u00a0\u00bb custom_padding=\u00a0\u00bb||||false|false\u00a0\u00bb global_colors_info=\u00a0\u00bb{}\u00a0\u00bb]<\/p>\n<h3>Signature @ TradeWinds Homosassa<\/h3>\n<p>[\/et_pb_text][et_pb_text _builder_version=\u00a0\u00bb4.27.4&Prime; _module_preset=\u00a0\u00bbdefault\u00a0\u00bb text_line_height=\u00a0\u00bb30px\u00a0\u00bb custom_margin=\u00a0\u00bb||15px||false|false\u00a0\u00bb custom_padding=\u00a0\u00bb||0px||false|false\u00a0\u00bb global_colors_info=\u00a0\u00bb{}\u00a0\u00bb]<\/p>\n<p>D\u00e9couvrez notre toute nouvelle Villa-on-Stilts (2025) : avec 3 chambres g\u00e9n\u00e9reuses, 2 salles de bains modernes et un salon spacieux, il y a assez de place pour 6 personnes. Sur la terrasse ensoleill\u00e9e de 53 m\u00b2, vous pourrez vous amuser en famille ou entre amis, tandis que le barbecue est pr\u00eat pour les longues soir\u00e9es ensoleill\u00e9es. <\/p>\n<p>[\/et_pb_text][et_pb_text _builder_version=\u00a0\u00bb4.27.4&Prime; _module_preset=\u00a0\u00bbdefault\u00a0\u00bb text_text_color=\u00a0\u00bb#95A3B3&Prime; custom_margin=\u00a0\u00bbauto||25px||false|false\u00a0\u00bb global_colors_info=\u00a0\u00bb{}\u00a0\u00bb]<\/p>\n<p>Prix par semaine \u00e0 partir de \u20ac 1,680<\/p>\n<p>[\/et_pb_text][et_pb_button button_url=\u00a0\u00bb@ET-DC@eyJkeW5hbWljIjp0cnVlLCJjb250ZW50IjoicG9zdF9saW5rX3VybF9wcm9qZWN0Iiwic2V0dGluZ3MiOnsicG9zdF9pZCI6IjQyNjUifX0=@\u00a0\u00bb button_text=\u00a0\u00bbVoir cette villa\u00a0\u00bb _builder_version=\u00a0\u00bb4.27.4&Prime; _dynamic_attributes=\u00a0\u00bbbutton_url\u00a0\u00bb _module_preset=\u00a0\u00bbdefault\u00a0\u00bb custom_margin=\u00a0\u00bb||||false|false\u00a0\u00bb global_colors_info=\u00a0\u00bb{}\u00a0\u00bb][\/et_pb_button][\/et_pb_column][et_pb_column type=\u00a0\u00bb1_2&Prime; _builder_version=\u00a0\u00bb4.18.0&Prime; _module_preset=\u00a0\u00bbdefault\u00a0\u00bb custom_padding_tablet=\u00a0\u00bb\u00a0\u00bb custom_padding_phone=\u00a0\u00bb||25px||false|false\u00a0\u00bb custom_padding_last_edited=\u00a0\u00bbon|phone\u00a0\u00bb custom_css_main_element=\u00a0\u00bbdisplay: flex;||flex-direction: column;||justify-content: flex-end;\u00a0\u00bb global_colors_info=\u00a0\u00bb{}\u00a0\u00bb][et_pb_image src=\u00a0\u00bbhttps:\/\/uniqbooking.com\/wp-content\/uploads\/2024\/12\/Villa-des-Lunes.jpg\u00a0\u00bb alt=\u00a0\u00bbVilla des Lunes\u00a0\u00bb title_text=\u00a0\u00bbVilla des Lunes\u00a0\u00bb _builder_version=\u00a0\u00bb4.27.4&Prime; _module_preset=\u00a0\u00bbdefault\u00a0\u00bb custom_margin=\u00a0\u00bb||13px||false|false\u00a0\u00bb global_colors_info=\u00a0\u00bb{}\u00a0\u00bb][\/et_pb_image][et_pb_text _builder_version=\u00a0\u00bb4.18.0&Prime; _module_preset=\u00a0\u00bbdefault\u00a0\u00bb text_font=\u00a0\u00bb|300|||||||\u00a0\u00bb text_text_color=\u00a0\u00bb#D4AF37&Prime; custom_margin=\u00a0\u00bb||20px||false|false\u00a0\u00bb global_colors_info=\u00a0\u00bb{}\u00a0\u00bb]<\/p>\n<p>Plan de la Tour, France<\/p>\n<p>[\/et_pb_text][et_pb_text _builder_version=\u00a0\u00bb4.18.0&Prime; _module_preset=\u00a0\u00bbdefault\u00a0\u00bb custom_margin=\u00a0\u00bb||10px||false|false\u00a0\u00bb custom_padding=\u00a0\u00bb||||false|false\u00a0\u00bb global_colors_info=\u00a0\u00bb{}\u00a0\u00bb]<\/p>\n<h3>Villa des Lunes<\/h3>\n<p>[\/et_pb_text][et_pb_text _builder_version=\u00a0\u00bb4.27.4&Prime; _module_preset=\u00a0\u00bbdefault\u00a0\u00bb text_line_height=\u00a0\u00bb30px\u00a0\u00bb custom_margin=\u00a0\u00bb||15px||false|false\u00a0\u00bb custom_padding=\u00a0\u00bb||||false|false\u00a0\u00bb global_colors_info=\u00a0\u00bb{}\u00a0\u00bb]<\/p>\n<p data-start=\"81\" data-end=\"496\">Villa ind\u00e9pendante enti\u00e8rement r\u00e9nov\u00e9e avec un grand jardin cl\u00f4tur\u00e9 de 1 600 m\u00b2. Convient pour 8 personnes (jusqu&rsquo;\u00e0 10 sur demande). La maison dispose de 4 chambres confortables, d&rsquo;un espace de couchage suppl\u00e9mentaire sur la mezzanine et de 3 salles de bains modernes. \u00c0 l&rsquo;ext\u00e9rieur, vous profiterez d&rsquo;une piscine priv\u00e9e de 5 \u00d7 10 m\u00e8tres et d&rsquo;un terrain de p\u00e9tanque priv\u00e9, parfaits pour des journ\u00e9es de d\u00e9tente en famille ou entre amis.   <\/p>\n<p>[\/et_pb_text][et_pb_text _builder_version=\u00a0\u00bb4.27.4&Prime; _module_preset=\u00a0\u00bbdefault\u00a0\u00bb text_text_color=\u00a0\u00bb#95A3B3&Prime; custom_margin=\u00a0\u00bbauto||25px||false|false\u00a0\u00bb global_colors_info=\u00a0\u00bb{}\u00a0\u00bb]<\/p>\n<p>Prix par semaine \u00e0 partir de <span>\u20ac 3,399<\/span><\/p>\n<p>[\/et_pb_text][et_pb_button button_url=\u00a0\u00bb@ET-DC@eyJkeW5hbWljIjp0cnVlLCJjb250ZW50IjoicG9zdF9saW5rX3VybF9wcm9qZWN0Iiwic2V0dGluZ3MiOnsicG9zdF9pZCI6IjI5NCJ9fQ==@\u00a0\u00bb button_text=\u00a0\u00bbVoir cette villa\u00a0\u00bb _builder_version=\u00a0\u00bb4.18.0&Prime; _dynamic_attributes=\u00a0\u00bbbutton_url\u00a0\u00bb _module_preset=\u00a0\u00bbdefault\u00a0\u00bb custom_margin=\u00a0\u00bb||||false|false\u00a0\u00bb global_colors_info=\u00a0\u00bb{}\u00a0\u00bb][\/et_pb_button][\/et_pb_column][\/et_pb_row][et_pb_row column_structure=\u00a0\u00bb1_2,1_2&Prime; make_equal=\u00a0\u00bbon\u00a0\u00bb disabled_on=\u00a0\u00bboff|on|off\u00a0\u00bb admin_label=\u00a0\u00bbOrdinateur de bureau + mobile\u00a0\u00bb _builder_version=\u00a0\u00bb4.27.4&Prime; _module_preset=\u00a0\u00bbdefault\u00a0\u00bb global_module=\u00a0\u00bb5421&Prime; saved_tabs=\u00a0\u00bball\u00a0\u00bb global_colors_info=\u00a0\u00bb{}\u00a0\u00bb][et_pb_column type=\u00a0\u00bb1_2&Prime; disabled_on=\u00a0\u00bboff|off|off\u00a0\u00bb _builder_version=\u00a0\u00bb4.27.4&Prime; _module_preset=\u00a0\u00bbdefault\u00a0\u00bb custom_padding=\u00a0\u00bb||||false\u00a0\u00bb custom_padding_tablet=\u00a0\u00bb||||false\u00a0\u00bb custom_padding_phone=\u00a0\u00bb||25px||false|false\u00a0\u00bb custom_padding_last_edited=\u00a0\u00bbon|phone\u00a0\u00bb custom_css_main_element=\u00a0\u00bbdisplay: flex;||flex-direction: column;||justify-content: flex-end;\u00a0\u00bb global_colors_info=\u00a0\u00bb{}\u00a0\u00bb][et_pb_image src=\u00a0\u00bbhttps:\/\/uniqbooking.com\/wp-content\/uploads\/2025\/06\/Bambou-1024&#215;565-1.jpg\u00a0\u00bb alt=\u00a0\u00bbMaison Bambou\u00a0\u00bb title_text=\u00a0\u00bbMaison Bambou\u00a0\u00bb admin_label=\u00a0\u00bbMaison Bambou, linkerzijde\u00a0\u00bb _builder_version=\u00a0\u00bb4.27.4&Prime; _module_preset=\u00a0\u00bbdefault\u00a0\u00bb custom_margin=\u00a0\u00bb||13px||false|false\u00a0\u00bb global_colors_info=\u00a0\u00bb{}\u00a0\u00bb][\/et_pb_image][et_pb_text _builder_version=\u00a0\u00bb4.18.0&Prime; _module_preset=\u00a0\u00bbdefault\u00a0\u00bb text_font=\u00a0\u00bb|300|||||||\u00a0\u00bb text_text_color=\u00a0\u00bb#D4AF37&Prime; custom_margin=\u00a0\u00bb||20px||false|false\u00a0\u00bb global_colors_info=\u00a0\u00bb{}\u00a0\u00bb]<\/p>\n<p>Plan de la Tour, France<\/p>\n<p>[\/et_pb_text][et_pb_text _builder_version=\u00a0\u00bb4.18.0&Prime; _module_preset=\u00a0\u00bbdefault\u00a0\u00bb custom_margin=\u00a0\u00bb||10px||false|false\u00a0\u00bb custom_padding=\u00a0\u00bb||||false|false\u00a0\u00bb global_colors_info=\u00a0\u00bb{}\u00a0\u00bb]<\/p>\n<h3>Maison Bambou<\/h3>\n<p>[\/et_pb_text][et_pb_text _builder_version=\u00a0\u00bb4.27.4&Prime; _module_preset=\u00a0\u00bbdefault\u00a0\u00bb text_line_height=\u00a0\u00bb30px\u00a0\u00bb custom_margin=\u00a0\u00bb||15px||false|false\u00a0\u00bb custom_padding=\u00a0\u00bb||||false|false\u00a0\u00bb global_colors_info=\u00a0\u00bb{}\u00a0\u00bb]<\/p>\n<p>Charmante maison de vacances mitoyenne (c\u00f4t\u00e9 gauche), id\u00e9ale pour 6 personnes. La propri\u00e9t\u00e9 offre 3 chambres confortables et 2 salles de bains modernes. A l&rsquo;ext\u00e9rieur, profitez de la piscine de 3 \u00d7 7 m\u00e8tres, partag\u00e9e avec la Maison Laurier Rose. Nouvelle construction 2024.   <\/p>\n<p>[\/et_pb_text][et_pb_text _builder_version=\u00a0\u00bb4.27.4&Prime; _module_preset=\u00a0\u00bbdefault\u00a0\u00bb text_text_color=\u00a0\u00bb#95A3B3&Prime; custom_margin=\u00a0\u00bbauto||25px||false|false\u00a0\u00bb global_colors_info=\u00a0\u00bb{}\u00a0\u00bb]<\/p>\n<p>Prix par semaine \u00e0 partir de \u20ac 1,225<\/p>\n<p>[\/et_pb_text][et_pb_button button_url=\u00a0\u00bb@ET-DC@eyJkeW5hbWljIjp0cnVlLCJjb250ZW50IjoicG9zdF9saW5rX3VybF9wcm9qZWN0Iiwic2V0dGluZ3MiOnsicG9zdF9pZCI6IjMwNCJ9fQ==@\u00a0\u00bb button_text=\u00a0\u00bbVoir cette villa\u00a0\u00bb _builder_version=\u00a0\u00bb4.24.2&Prime; _dynamic_attributes=\u00a0\u00bbbutton_url\u00a0\u00bb _module_preset=\u00a0\u00bbdefault\u00a0\u00bb custom_margin=\u00a0\u00bb||||false|false\u00a0\u00bb global_colors_info=\u00a0\u00bb{}\u00a0\u00bb][\/et_pb_button][\/et_pb_column][et_pb_column type=\u00a0\u00bb1_2&Prime; disabled_on=\u00a0\u00bboff|off|off\u00a0\u00bb _builder_version=\u00a0\u00bb4.27.4&Prime; _module_preset=\u00a0\u00bbdefault\u00a0\u00bb custom_padding_tablet=\u00a0\u00bb\u00a0\u00bb custom_padding_phone=\u00a0\u00bb||25px||false|false\u00a0\u00bb custom_padding_last_edited=\u00a0\u00bbon|phone\u00a0\u00bb custom_css_main_element=\u00a0\u00bbdisplay: flex;||flex-direction: column;||justify-content: flex-end;\u00a0\u00bb global_colors_info=\u00a0\u00bb{}\u00a0\u00bb][et_pb_image src=\u00a0\u00bbhttps:\/\/uniqbooking.com\/wp-content\/uploads\/2025\/06\/Laurier-Rose-1024&#215;565-1.jpg\u00a0\u00bb alt=\u00a0\u00bbMaison Laurier Rose\u00a0\u00bb title_text=\u00a0\u00bbMaison Laurier Rose\u00a0\u00bb admin_label=\u00a0\u00bbMaison Laurier Rose, rechterzijde\u00a0\u00bb _builder_version=\u00a0\u00bb4.27.4&Prime; _module_preset=\u00a0\u00bbdefault\u00a0\u00bb custom_margin=\u00a0\u00bb||13px||false|false\u00a0\u00bb global_colors_info=\u00a0\u00bb{}\u00a0\u00bb][\/et_pb_image][et_pb_text _builder_version=\u00a0\u00bb4.18.0&Prime; _module_preset=\u00a0\u00bbdefault\u00a0\u00bb text_font=\u00a0\u00bb|300|||||||\u00a0\u00bb text_text_color=\u00a0\u00bb#D4AF37&Prime; custom_margin=\u00a0\u00bb||20px||false|false\u00a0\u00bb global_colors_info=\u00a0\u00bb{}\u00a0\u00bb]<\/p>\n<p>Plan de la Tour, France<\/p>\n<p>[\/et_pb_text][et_pb_text _builder_version=\u00a0\u00bb4.18.0&Prime; _module_preset=\u00a0\u00bbdefault\u00a0\u00bb custom_margin=\u00a0\u00bb||10px||false|false\u00a0\u00bb custom_padding=\u00a0\u00bb||||false|false\u00a0\u00bb global_colors_info=\u00a0\u00bb{}\u00a0\u00bb]<\/p>\n<h3>Maison Laurier Rose<\/h3>\n<p>[\/et_pb_text][et_pb_text _builder_version=\u00a0\u00bb4.27.4&Prime; _module_preset=\u00a0\u00bbdefault\u00a0\u00bb text_line_height=\u00a0\u00bb30px\u00a0\u00bb custom_margin=\u00a0\u00bb||15px||false|false\u00a0\u00bb custom_padding=\u00a0\u00bb||2px||false|false\u00a0\u00bb global_colors_info=\u00a0\u00bb{}\u00a0\u00bb]<\/p>\n<p>Jolie maison de vacances mitoyenne (c\u00f4t\u00e9 droit), convenant \u00e0 6 personnes. La maison dispose de 3 chambres confortables et de 2 salles de bains modernes. La piscine de 3 \u00d7 7 m\u00e8tres est partag\u00e9e avec la Maison Bambou. Nouvelle construction 2024.   <\/p>\n<p>[\/et_pb_text][et_pb_text _builder_version=\u00a0\u00bb4.27.4&Prime; _module_preset=\u00a0\u00bbdefault\u00a0\u00bb text_text_color=\u00a0\u00bb#95A3B3&Prime; custom_margin=\u00a0\u00bbauto||25px||false|false\u00a0\u00bb global_colors_info=\u00a0\u00bb{}\u00a0\u00bb]<\/p>\n<p>Prix par semaine \u00e0 partir de \u20ac 1,225<\/p>\n<p>[\/et_pb_text][et_pb_button button_url=\u00a0\u00bb@ET-DC@eyJkeW5hbWljIjp0cnVlLCJjb250ZW50IjoicG9zdF9saW5rX3VybF9wcm9qZWN0Iiwic2V0dGluZ3MiOnsicG9zdF9pZCI6IjMwNyJ9fQ==@\u00a0\u00bb button_text=\u00a0\u00bbVoir cette villa\u00a0\u00bb _builder_version=\u00a0\u00bb4.24.2&Prime; _dynamic_attributes=\u00a0\u00bbbutton_url\u00a0\u00bb _module_preset=\u00a0\u00bbdefault\u00a0\u00bb custom_margin=\u00a0\u00bb||||false|false\u00a0\u00bb global_colors_info=\u00a0\u00bb{}\u00a0\u00bb][\/et_pb_button][\/et_pb_column][\/et_pb_row][et_pb_row disabled_on=\u00a0\u00bbon|off|on\u00a0\u00bb admin_label=\u00a0\u00bbTablette\u00a0\u00bb _builder_version=\u00a0\u00bb4.18.0&Prime; _module_preset=\u00a0\u00bbdefault\u00a0\u00bb width=\u00a0\u00bb100%\u00a0\u00bb width_tablet=\u00a0\u00bb100%\u00a0\u00bb max_width=\u00a0\u00bb100%\u00a0\u00bb global_module=\u00a0\u00bb5431&Prime; saved_tabs=\u00a0\u00bball\u00a0\u00bb global_colors_info=\u00a0\u00bb{}\u00a0\u00bb][et_pb_column type=\u00a0\u00bb4_4&Prime; _builder_version=\u00a0\u00bb4.18.0&Prime; _module_preset=\u00a0\u00bbdefault\u00a0\u00bb global_colors_info=\u00a0\u00bb{}\u00a0\u00bb][et_pb_text disabled_on=\u00a0\u00bboff|off|on\u00a0\u00bb admin_label=\u00a0\u00bbTablet + Mobiel\u00a0\u00bb _builder_version=\u00a0\u00bb4.18.0&Prime; _module_preset=\u00a0\u00bbdefault\u00a0\u00bb custom_padding=\u00a0\u00bb|10%||10%|false|true\u00a0\u00bb locked=\u00a0\u00bboff\u00a0\u00bb global_colors_info=\u00a0\u00bb{}\u00a0\u00bb]<\/p>\n<h2>Notre offre.<\/h2>\n<p>[\/et_pb_text][dsm_post_carousel post_type=\u00a0\u00bbproject\u00a0\u00bb dsm_include_project_project_category=\u00a0\u00bb10,8&Prime; posts_number=\u00a0\u00bb6&Prime; thumbnail_img_type=\u00a0\u00bbcontain\u00a0\u00bb use_date=\u00a0\u00bboff\u00a0\u00bb use_author=\u00a0\u00bboff\u00a0\u00bb use_readmore=\u00a0\u00bbon\u00a0\u00bb readmore_text=\u00a0\u00bbVoir cette villa\u00a0\u00bb centered_slides=\u00a0\u00bbon\u00a0\u00bb autoplay=\u00a0\u00bboff\u00a0\u00bb use_pagi=\u00a0\u00bboff\u00a0\u00bb left_navi_position=\u00a0\u00bb25px\u00a0\u00bb right_navi_position=\u00a0\u00bb25px\u00a0\u00bb navi_size=\u00a0\u00bb20&Prime; use_prev_icon=\u00a0\u00bbon\u00a0\u00bb prev_icon=\u00a0\u00bb&#xf060;||fa||900&Prime; use_next_icon=\u00a0\u00bbon\u00a0\u00bb next_icon=\u00a0\u00bb&#xf061;||fa||900&Prime; navi_color=\u00a0\u00bb#FFFFFF\u00a0\u00bb navi_background_color=\u00a0\u00bb#052F44&Prime; post_equal_height=\u00a0\u00bbon\u00a0\u00bb _builder_version=\u00a0\u00bb4.27.5&Prime; _module_preset=\u00a0\u00bbdefault\u00a0\u00bb title_font=\u00a0\u00bb|700|||||||\u00a0\u00bb title_font_size=\u00a0\u00bb30px\u00a0\u00bb title_line_height=\u00a0\u00bb40px\u00a0\u00bb body_line_height=\u00a0\u00bb30px\u00a0\u00bb custom_readmore=\u00a0\u00bbon\u00a0\u00bb readmore_use_icon=\u00a0\u00bboff\u00a0\u00bb readmore_custom_padding=\u00a0\u00bb|30px||30px|false|true\u00a0\u00bb custom_margin=\u00a0\u00bb||0px||false|false\u00a0\u00bb border_radii_navi_arrow=\u00a0\u00bbon|50%|50%|50%|50%\u00a0\u00bb global_colors_info=\u00a0\u00bb{}\u00a0\u00bb][\/dsm_post_carousel][\/et_pb_column][\/et_pb_row][\/et_pb_section][et_pb_section fb_built=\u00a0\u00bb1&Prime; custom_padding_last_edited=\u00a0\u00bboff|tablet\u00a0\u00bb _builder_version=\u00a0\u00bb4.18.0&Prime; _module_preset=\u00a0\u00bbdefault\u00a0\u00bb custom_margin=\u00a0\u00bb||||false\u00a0\u00bb custom_padding_tablet=\u00a0\u00bb||||false|false\u00a0\u00bb global_colors_info=\u00a0\u00bb{}\u00a0\u00bb][et_pb_row _builder_version=\u00a0\u00bb4.18.0&Prime; _module_preset=\u00a0\u00bbdefault\u00a0\u00bb global_colors_info=\u00a0\u00bb{}\u00a0\u00bb][et_pb_column type=\u00a0\u00bb4_4&Prime; _builder_version=\u00a0\u00bb4.18.0&Prime; _module_preset=\u00a0\u00bbdefault\u00a0\u00bb global_colors_info=\u00a0\u00bb{}\u00a0\u00bb][et_pb_text _builder_version=\u00a0\u00bb4.18.0&Prime; _module_preset=\u00a0\u00bbdefault\u00a0\u00bb header_2_font_size_tablet=\u00a0\u00bb\u00a0\u00bb header_2_font_size_phone=\u00a0\u00bb40px\u00a0\u00bb header_2_font_size_last_edited=\u00a0\u00bbon|phone\u00a0\u00bb header_2_line_height_tablet=\u00a0\u00bb\u00a0\u00bb header_2_line_height_phone=\u00a0\u00bb50px\u00a0\u00bb header_2_line_height_last_edited=\u00a0\u00bbon|phone\u00a0\u00bb locked=\u00a0\u00bboff\u00a0\u00bb global_colors_info=\u00a0\u00bb{}\u00a0\u00bb]<\/p>\n<h2>Impression d&rsquo;ambiance.<\/h2>\n<p>[\/et_pb_text][et_pb_text _builder_version=\u00a0\u00bb4.18.0&Prime; _module_preset=\u00a0\u00bbdefault\u00a0\u00bb text_line_height=\u00a0\u00bb30px\u00a0\u00bb max_width=\u00a0\u00bb590px\u00a0\u00bb global_colors_info=\u00a0\u00bb{}\u00a0\u00bb]Trouvez la d\u00e9tente ultime dans l&rsquo;une de nos villas de vacances \u00e0 Plan de la Tour, pr\u00e8s de Ste. Maxime et St. Tropez &#8211; France.[\/et_pb_text][\/et_pb_column][\/et_pb_row][et_pb_row _builder_version=\u00a0\u00bb4.18.0&Prime; _module_preset=\u00a0\u00bbdefault\u00a0\u00bb width=\u00a0\u00bb100%\u00a0\u00bb width_tablet=\u00a0\u00bb100%\u00a0\u00bb width_phone=\u00a0\u00bb100%\u00a0\u00bb max_width=\u00a0\u00bb100%\u00a0\u00bb global_colors_info=\u00a0\u00bb{}\u00a0\u00bb][et_pb_column type=\u00a0\u00bb4_4&Prime; _builder_version=\u00a0\u00bb4.18.0&Prime; _module_preset=\u00a0\u00bbdefault\u00a0\u00bb global_colors_info=\u00a0\u00bb{}\u00a0\u00bb][dsm_card_carousel centered_slides=\u00a0\u00bbon\u00a0\u00bb slide_to_show=\u00a0\u00bb2&Prime; autoplay=\u00a0\u00bboff\u00a0\u00bb equal_height=\u00a0\u00bbon\u00a0\u00bb use_arrow_custom_position=\u00a0\u00bbon\u00a0\u00bb arrow_custom_position=\u00a0\u00bb20%\u00a0\u00bb arrow_prev=\u00a0\u00bbon\u00a0\u00bb arrow_prev_font_icon=\u00a0\u00bb&#xf060;||fa||900&Prime; arrow_next=\u00a0\u00bbon\u00a0\u00bb arrow_next_font_icon=\u00a0\u00bb&#xf061;||fa||900&Prime; arrow_size=\u00a0\u00bb20px\u00a0\u00bb arrow_color=\u00a0\u00bb#052F44&Prime; arrow_background_color=\u00a0\u00bb#FFFFFF\u00a0\u00bb dots=\u00a0\u00bboff\u00a0\u00bb slide_to_show_tablet=\u00a0\u00bb2&Prime; slide_to_show_phone=\u00a0\u00bb1&Prime; slide_to_show_last_edited=\u00a0\u00bbon|tablet\u00a0\u00bb module_class=\u00a0\u00bbhome-sfeerimpressie\u00a0\u00bb _builder_version=\u00a0\u00bb4.18.0&Prime; _module_preset=\u00a0\u00bbdefault\u00a0\u00bb body_font=\u00a0\u00bbRaleway|300|on||||||\u00a0\u00bb body_text_color=\u00a0\u00bb#052F44&Prime; border_radii_arrow=\u00a0\u00bbon|50%|50%|50%|50%\u00a0\u00bb global_colors_info=\u00a0\u00bb{}\u00a0\u00bb][dsm_card_carousel_child admin_label=\u00a0\u00bbL&#039;art du vin \u00e0 Pampelonne\u00a0\u00bb image=\u00a0\u00bbhttps:\/\/uniqbooking.com\/wp-content\/uploads\/2022\/11\/Schermafbeelding-2022-11-04-195928.jpg\u00a0\u00bb image_as_background=\u00a0\u00bboff\u00a0\u00bb alt=\u00a0\u00bbL&#039;art du vin \u00e0 Pampelonne\u00a0\u00bb button_url_new_window=\u00a0\u00bb1&Prime; _builder_version=\u00a0\u00bb4.18.0&Prime; _module_preset=\u00a0\u00bbdefault\u00a0\u00bb global_colors_info=\u00a0\u00bb{}\u00a0\u00bb parent_button=\u00a0\u00bboff\u00a0\u00bb parent_header_level=\u00a0\u00bbh4&Prime;]<\/p>\n<p>Est-il besoin d&rsquo;en dire plus ?<\/p>\n<p>[\/dsm_card_carousel_child][dsm_card_carousel_child admin_label=\u00a0\u00bbD\u00e9guster la c\u00e9l\u00e8bre Tarte Trop\u00e9zienne\u00a0\u00bb image=\u00a0\u00bbhttps:\/\/uniqbooking.com\/wp-content\/uploads\/2022\/11\/Tarte-Tropezienne.jpg\u00a0\u00bb image_as_background=\u00a0\u00bboff\u00a0\u00bb alt=\u00a0\u00bbTarte Trop\u00e9zienne\u00a0\u00bb button_url_new_window=\u00a0\u00bb1&Prime; _builder_version=\u00a0\u00bb4.18.0&Prime; _module_preset=\u00a0\u00bbdefault\u00a0\u00bb global_colors_info=\u00a0\u00bb{}\u00a0\u00bb parent_button=\u00a0\u00bboff\u00a0\u00bb parent_header_level=\u00a0\u00bbh4&Prime;]<\/p>\n<p>D\u00e9guster la c\u00e9l\u00e8bre Tarte Trop\u00e9zienne<\/p>\n<p>[\/dsm_card_carousel_child][dsm_card_carousel_child admin_label=\u00a0\u00bbVisite des maisons de couture des grands couturiers de Saint-P\u00e9tersbourg. Tropez\u00a0\u00bb image=\u00a0\u00bbhttps:\/\/uniqbooking.com\/wp-content\/uploads\/2022\/11\/Luxury-Shops-of-all-famous-Designers-in-St.-Tropez.jpg\u00a0\u00bb image_as_background=\u00a0\u00bboff\u00a0\u00bb alt=\u00a0\u00bbBoutiques de luxe de tous les cr\u00e9ateurs c\u00e9l\u00e8bres de Saint-P\u00e9tersbourg. Tropez\u00a0\u00bb button_url_new_window=\u00a0\u00bb1&Prime; _builder_version=\u00a0\u00bb4.18.0&Prime; _module_preset=\u00a0\u00bbdefault\u00a0\u00bb global_colors_info=\u00a0\u00bb{}\u00a0\u00bb parent_button=\u00a0\u00bboff\u00a0\u00bb parent_header_level=\u00a0\u00bbh4&Prime;]<\/p>\n<p>Visite des maisons de couture des grands couturiers de Saint-P\u00e9tersbourg. Tropez<\/p>\n<p>[\/dsm_card_carousel_child][dsm_card_carousel_child admin_label=\u00a0\u00bbVisite des bars de plage de luxe\u00a0\u00bb image=\u00a0\u00bbhttps:\/\/uniqbooking.com\/wp-content\/uploads\/2022\/11\/Beach-bars.jpg\u00a0\u00bb image_as_background=\u00a0\u00bboff\u00a0\u00bb alt=\u00a0\u00bbVisite des bars de plage de luxe\u00a0\u00bb button_url_new_window=\u00a0\u00bb1&Prime; _builder_version=\u00a0\u00bb4.18.0&Prime; _module_preset=\u00a0\u00bbdefault\u00a0\u00bb global_colors_info=\u00a0\u00bb{}\u00a0\u00bb parent_button=\u00a0\u00bboff\u00a0\u00bb parent_header_level=\u00a0\u00bbh4&Prime;]<\/p>\n<p>Bars de plage<\/p>\n<p>[\/dsm_card_carousel_child][dsm_card_carousel_child admin_label=\u00a0\u00bbLes Voiles St. Tropez\u00a0\u00bb image=\u00a0\u00bbhttps:\/\/uniqbooking.com\/wp-content\/uploads\/2022\/11\/Les-Voiles-St.-Tropez.jpg\u00a0\u00bb image_as_background=\u00a0\u00bboff\u00a0\u00bb alt=\u00a0\u00bbLes Voiles St. Tropez\u00a0\u00bb button_url_new_window=\u00a0\u00bb1&Prime; _builder_version=\u00a0\u00bb4.18.0&Prime; _module_preset=\u00a0\u00bbdefault\u00a0\u00bb global_colors_info=\u00a0\u00bb{}\u00a0\u00bb parent_button=\u00a0\u00bboff\u00a0\u00bb parent_header_level=\u00a0\u00bbh4&Prime;]<\/p>\n<p>Les Voiles St. Tropez<\/p>\n<p>[\/dsm_card_carousel_child][dsm_card_carousel_child admin_label=\u00a0\u00bbLes Gorges du Verdon\u00a0\u00bb image=\u00a0\u00bbhttps:\/\/uniqbooking.com\/wp-content\/uploads\/2022\/11\/Les-Gorges-du-Verdon.jpg\u00a0\u00bb image_as_background=\u00a0\u00bboff\u00a0\u00bb alt=\u00a0\u00bbLes Gorges du Verdon\u00a0\u00bb button_url_new_window=\u00a0\u00bb1&Prime; _builder_version=\u00a0\u00bb4.18.0&Prime; _module_preset=\u00a0\u00bbdefault\u00a0\u00bb global_colors_info=\u00a0\u00bb{}\u00a0\u00bb parent_button=\u00a0\u00bboff\u00a0\u00bb parent_header_level=\u00a0\u00bbh4&Prime;]<\/p>\n<p>Les Gorges du Verdon<\/p>\n<p>[\/dsm_card_carousel_child][dsm_card_carousel_child admin_label=\u00a0\u00bbArt de la rue &#8211; R\u00e9flexions de l&#039;\u00e2me &#8211; Saint-P\u00e9tersbourg. Tropez\u00a0\u00bb image=\u00a0\u00bbhttps:\/\/uniqbooking.com\/wp-content\/uploads\/2022\/11\/Street-art-Reflections-of-the-Soul-St.-Tropez.jpg\u00a0\u00bb image_as_background=\u00a0\u00bboff\u00a0\u00bb alt=\u00a0\u00bbArt de la rue &#8211; R\u00e9flexions de l&#039;\u00e2me &#8211; Saint-P\u00e9tersbourg. Tropez\u00a0\u00bb button_url_new_window=\u00a0\u00bb1&Prime; _builder_version=\u00a0\u00bb4.18.0&Prime; _module_preset=\u00a0\u00bbdefault\u00a0\u00bb global_colors_info=\u00a0\u00bb{}\u00a0\u00bb parent_button=\u00a0\u00bboff\u00a0\u00bb parent_header_level=\u00a0\u00bbh4&Prime;]<\/p>\n<p>Art de la rue &#8211; R\u00e9flexions de l&rsquo;\u00e2me &#8211; Saint-P\u00e9tersbourg. Tropez<\/p>\n<p>[\/dsm_card_carousel_child][dsm_card_carousel_child admin_label=\u00a0\u00bbVue spectaculaire depuis Gassin\u00a0\u00bb image=\u00a0\u00bbhttps:\/\/uniqbooking.com\/wp-content\/uploads\/2022\/11\/View-from-Gassin-Fr-1024&#215;565-1.jpg\u00a0\u00bb image_as_background=\u00a0\u00bboff\u00a0\u00bb alt=\u00a0\u00bbVue depuis le site enchanteur de Gassin\u00a0\u00bb button_url_new_window=\u00a0\u00bb1&Prime; _builder_version=\u00a0\u00bb4.18.0&Prime; _module_preset=\u00a0\u00bbdefault\u00a0\u00bb global_colors_info=\u00a0\u00bb{}\u00a0\u00bb parent_button=\u00a0\u00bboff\u00a0\u00bb parent_header_level=\u00a0\u00bbh4&Prime;]<\/p>\n<p>Vues spectaculaires depuis Gassin<\/p>\n<p>[\/dsm_card_carousel_child][dsm_card_carousel_child admin_label=\u00a0\u00bbSt. Tropez\u00a0\u00bb image=\u00a0\u00bbhttps:\/\/uniqbooking.com\/wp-content\/uploads\/2022\/11\/St.-Tropez-3-1024&#215;565-2.jpg\u00a0\u00bb image_as_background=\u00a0\u00bboff\u00a0\u00bb alt=\u00a0\u00bbVilla de Lunes &#8211; piscine priv\u00e9e derri\u00e8re la villa\u00a0\u00bb button_url_new_window=\u00a0\u00bb1&Prime; _builder_version=\u00a0\u00bb4.18.0&Prime; _module_preset=\u00a0\u00bbdefault\u00a0\u00bb global_colors_info=\u00a0\u00bb{}\u00a0\u00bb parent_button=\u00a0\u00bboff\u00a0\u00bb parent_header_level=\u00a0\u00bbh4&Prime;]<\/p>\n<p>St. Tropez<\/p>\n<p>[\/dsm_card_carousel_child][dsm_card_carousel_child admin_label=\u00a0\u00bbPort Ste. Maxime\u00a0\u00bb image=\u00a0\u00bbhttps:\/\/uniqbooking.com\/wp-content\/uploads\/2022\/11\/Ste.-Maxime-1-1024&#215;565-1.jpg\u00a0\u00bb image_as_background=\u00a0\u00bboff\u00a0\u00bb alt=\u00a0\u00bbVilla des Lunes &#8211; c\u00f4t\u00e9 piscine\u00a0\u00bb button_url_new_window=\u00a0\u00bb1&Prime; _builder_version=\u00a0\u00bb4.18.0&Prime; _module_preset=\u00a0\u00bbdefault\u00a0\u00bb global_colors_info=\u00a0\u00bb{}\u00a0\u00bb parent_button=\u00a0\u00bboff\u00a0\u00bb parent_header_level=\u00a0\u00bbh4&Prime;]<\/p>\n<p>Port Ste. Maxime<\/p>\n<p>[\/dsm_card_carousel_child][dsm_card_carousel_child admin_label=\u00a0\u00bbGassin\u00a0\u00bb image=\u00a0\u00bbhttps:\/\/uniqbooking.com\/wp-content\/uploads\/2022\/11\/Gassin.jpg\u00a0\u00bb image_as_background=\u00a0\u00bboff\u00a0\u00bb alt=\u00a0\u00bbGassin\u00a0\u00bb button_url_new_window=\u00a0\u00bb1&Prime; _builder_version=\u00a0\u00bb4.18.0&Prime; _module_preset=\u00a0\u00bbdefault\u00a0\u00bb global_colors_info=\u00a0\u00bb{}\u00a0\u00bb parent_button=\u00a0\u00bboff\u00a0\u00bb parent_header_level=\u00a0\u00bbh4&Prime;]<\/p>\n<p>Gassin<\/p>\n<p>[\/dsm_card_carousel_child][dsm_card_carousel_child admin_label=\u00a0\u00bbBoulevard Ste. Maxime, La Tour Carr\u00e9e\u00a0\u00bb image=\u00a0\u00bbhttps:\/\/uniqbooking.com\/wp-content\/uploads\/2022\/11\/la-tour-carre-1024&#215;565-1.jpg\u00a0\u00bb image_as_background=\u00a0\u00bboff\u00a0\u00bb alt=\u00a0\u00bbLa Tour Carre\u00a0\u00bb button_url_new_window=\u00a0\u00bb1&Prime; _builder_version=\u00a0\u00bb4.18.0&Prime; _module_preset=\u00a0\u00bbdefault\u00a0\u00bb global_colors_info=\u00a0\u00bb{}\u00a0\u00bb parent_button=\u00a0\u00bboff\u00a0\u00bb parent_header_level=\u00a0\u00bbh4&Prime;]<\/p>\n<p>Boulevard Ste. Maxime, La Tour Carr\u00e9e<\/p>\n<p>[\/dsm_card_carousel_child][dsm_card_carousel_child admin_label=\u00a0\u00bbSt. Tropez, petit d\u00e9jeuner chez Senequier  \u00a0\u00bb image=\u00a0\u00bbhttps:\/\/uniqbooking.com\/wp-content\/uploads\/2022\/11\/St.-Tropez-breakfast-at-Senequier.jpg\u00a0\u00bb image_as_background=\u00a0\u00bboff\u00a0\u00bb alt=\u00a0\u00bbSt. Tropez &#8211; petit d\u00e9jeuner chez Senequier\u00a0\u00bb button_url_new_window=\u00a0\u00bb1&Prime; _builder_version=\u00a0\u00bb4.18.0&Prime; _module_preset=\u00a0\u00bbdefault\u00a0\u00bb global_colors_info=\u00a0\u00bb{}\u00a0\u00bb parent_button=\u00a0\u00bboff\u00a0\u00bb parent_header_level=\u00a0\u00bbh4&Prime;]<\/p>\n<p>St. Tropez, petit d\u00e9jeuner chez Senequier<\/p>\n<p>[\/dsm_card_carousel_child][\/dsm_card_carousel][\/et_pb_column][\/et_pb_row][\/et_pb_section][et_pb_section fb_built=\u00a0\u00bb1&Prime; admin_label=\u00a0\u00bbReviews slider\u00a0\u00bb _builder_version=\u00a0\u00bb4.18.0&Prime; _module_preset=\u00a0\u00bbdefault\u00a0\u00bb background_color=\u00a0\u00bb#EDF5FC\u00a0\u00bb global_module=\u00a0\u00bb1158&Prime; saved_tabs=\u00a0\u00bball\u00a0\u00bb global_colors_info=\u00a0\u00bb{}\u00a0\u00bb][et_pb_row admin_label=\u00a0\u00bbStreifen gelber\u00a0\u00bb _builder_version=\u00a0\u00bb4.18.0&Prime; _module_preset=\u00a0\u00bbdefault\u00a0\u00bb background_color=\u00a0\u00bb#D4AF37&Prime; positioning=\u00a0\u00bbabsolute\u00a0\u00bb position_origin_a=\u00a0\u00bbtop_right\u00a0\u00bb vertical_offset=\u00a0\u00bb-23px\u00a0\u00bb max_width=\u00a0\u00bb448px\u00a0\u00bb max_width_tablet=\u00a0\u00bb448px\u00a0\u00bb max_width_phone=\u00a0\u00bb160px\u00a0\u00bb max_width_last_edited=\u00a0\u00bbon|phone\u00a0\u00bb height=\u00a0\u00bb23px\u00a0\u00bb height_tablet=\u00a0\u00bb23px\u00a0\u00bb height_phone=\u00a0\u00bb23px\u00a0\u00bb height_last_edited=\u00a0\u00bbon|phone\u00a0\u00bb custom_padding=\u00a0\u00bb0px||0px||true|false\u00a0\u00bb locked=\u00a0\u00bboff\u00a0\u00bb global_colors_info=\u00a0\u00bb{}\u00a0\u00bb][et_pb_column type=\u00a0\u00bb4_4&Prime; _builder_version=\u00a0\u00bb4.18.0&Prime; _module_preset=\u00a0\u00bbdefault\u00a0\u00bb global_colors_info=\u00a0\u00bb{}\u00a0\u00bb][\/et_pb_column][\/et_pb_row][et_pb_row _builder_version=\u00a0\u00bb4.18.0&Prime; _module_preset=\u00a0\u00bbdefault\u00a0\u00bb max_width=\u00a0\u00bb1050px\u00a0\u00bb global_colors_info=\u00a0\u00bb{}\u00a0\u00bb][et_pb_column type=\u00a0\u00bb4_4&Prime; _builder_version=\u00a0\u00bb4.18.0&Prime; _module_preset=\u00a0\u00bbdefault\u00a0\u00bb global_colors_info=\u00a0\u00bb{}\u00a0\u00bb][et_pb_text _builder_version=\u00a0\u00bb4.25.1&Prime; _module_preset=\u00a0\u00bbdefault\u00a0\u00bb header_2_text_align=\u00a0\u00bbcenter\u00a0\u00bb locked=\u00a0\u00bboff\u00a0\u00bb global_colors_info=\u00a0\u00bb{}\u00a0\u00bb]<\/p>\n<h2>Critiques.<\/h2>\n<p>[\/et_pb_text][dsm_card_carousel slide_to_show=\u00a0\u00bb1&Prime; autoplay=\u00a0\u00bboff\u00a0\u00bb arrow_prev=\u00a0\u00bbon\u00a0\u00bb arrow_prev_font_icon=\u00a0\u00bb&#xf060;||fa||900&Prime; arrow_next=\u00a0\u00bbon\u00a0\u00bb arrow_next_font_icon=\u00a0\u00bb&#xf061;||fa||900&Prime; arrow_size=\u00a0\u00bb20px\u00a0\u00bb arrow_color=\u00a0\u00bb#FFFFFF\u00a0\u00bb arrow_background_color=\u00a0\u00bb#052F44&Prime; dots=\u00a0\u00bboff\u00a0\u00bb module_class=\u00a0\u00bbreviews-uniqbooking\u00a0\u00bb _builder_version=\u00a0\u00bb4.27.4&Prime; _module_preset=\u00a0\u00bbdefault\u00a0\u00bb body_text_align=\u00a0\u00bbcenter\u00a0\u00bb body_line_height=\u00a0\u00bb30px\u00a0\u00bb background_image=\u00a0\u00bbhttps:\/\/uniqbooking.com\/wp-content\/uploads\/2022\/09\/icon-quote.svg\u00a0\u00bb background_size=\u00a0\u00bbcustom\u00a0\u00bb background_position=\u00a0\u00bbtop_left\u00a0\u00bb module_alignment=\u00a0\u00bbcenter\u00a0\u00bb custom_margin=\u00a0\u00bb|50px|0px|50px|false|true\u00a0\u00bb custom_margin_tablet=\u00a0\u00bb|0px|0px|0px|false|true\u00a0\u00bb custom_margin_phone=\u00a0\u00bb|0px|0px|0px|false|true\u00a0\u00bb custom_margin_last_edited=\u00a0\u00bbon|tablet\u00a0\u00bb custom_padding=\u00a0\u00bb||||false|false\u00a0\u00bb custom_padding_tablet=\u00a0\u00bb|||25px|false|false\u00a0\u00bb custom_padding_phone=\u00a0\u00bb|||25px|false|false\u00a0\u00bb custom_padding_last_edited=\u00a0\u00bbon|tablet\u00a0\u00bb background_last_edited=\u00a0\u00bboff|tablet\u00a0\u00bb background_horizontal_offset_tablet=\u00a0\u00bb0%\u00a0\u00bb border_radii_arrow=\u00a0\u00bbon|50%|50%|50%|50%\u00a0\u00bb global_colors_info=\u00a0\u00bb{}\u00a0\u00bb][dsm_card_carousel_child admin_label=\u00a0\u00bb- Cornelia &#8211; AIRBNB\u00a0\u00bb image=\u00a0\u00bbhttps:\/\/uniqbooking.com\/wp-content\/uploads\/2024\/07\/airbnb.png\u00a0\u00bb image_as_background=\u00a0\u00bboff\u00a0\u00bb image_width=\u00a0\u00bb75px\u00a0\u00bb image_alignment=\u00a0\u00bbcenter\u00a0\u00bb badge_url_new_window=\u00a0\u00bbon\u00a0\u00bb alt=\u00a0\u00bbR\u00fcckblick &#8211; Famille Van der Marel\u00a0\u00bb button_url_new_window=\u00a0\u00bb1&Prime; _builder_version=\u00a0\u00bb4.27.4&Prime; _module_preset=\u00a0\u00bbdefault\u00a0\u00bb background_enable_image=\u00a0\u00bboff\u00a0\u00bb background_size=\u00a0\u00bbcustom\u00a0\u00bb background_position=\u00a0\u00bbbottom_right\u00a0\u00bb custom_padding=\u00a0\u00bb|50px|||false|false\u00a0\u00bb custom_padding_tablet=\u00a0\u00bb|0px|||false|false\u00a0\u00bb custom_padding_phone=\u00a0\u00bb|25px|||false|false\u00a0\u00bb custom_padding_last_edited=\u00a0\u00bbon|desktop\u00a0\u00bb link_option_url=\u00a0\u00bbhttps:\/\/www.airbnb.ie\/rooms\/1123228090073462987?source_impression_id=p3_1720535921_P3x3le4jfA9IS90_\u00a0\u00bb border_radii_image=\u00a0\u00bbon|50%|50%|50%|50%\u00a0\u00bb global_colors_info=\u00a0\u00bb{}\u00a0\u00bb parent_button=\u00a0\u00bboff\u00a0\u00bb parent_header_level=\u00a0\u00bbh4&Prime;]<\/p>\n<p><span>Maison tr\u00e8s \u00e9l\u00e9gamment d\u00e9cor\u00e9e avec tout ce dont vous avez besoin pour passer de bonnes journ\u00e9es de vacances. R\u00e9cemment r\u00e9nov\u00e9e \u00e0 un tr\u00e8s bon niveau. Parking juste devant la maison. Centre du village tr\u00e8s agr\u00e9able, \u00e0 deux minutes \u00e0 pied. Point de d\u00e9part id\u00e9al pour des randonn\u00e9es \u00e0 v\u00e9lo ou en VTT, des excursions vers Saint-Tropez, plusieurs plages magnifiques ou m\u00eame pour prendre les remont\u00e9es m\u00e9caniques. Communication tr\u00e8s agr\u00e9able et rapide avec Sascha.      <\/span><br \/><span>Nous serions ravis de revenir !<\/span><\/p>\n<p><span style=\"color: #d4af37;\">Cornelia &#8211; Suisse<br \/>Maison Bambou &#8211; Octobre 2024 &#8211; Airbnb<\/span><\/p>\n<p>[\/dsm_card_carousel_child][dsm_card_carousel_child admin_label=\u00a0\u00bb- Cornelia &#8211; AIRBNB\u00a0\u00bb image=\u00a0\u00bbhttps:\/\/uniqbooking.com\/wp-content\/uploads\/2024\/07\/airbnb.png\u00a0\u00bb image_as_background=\u00a0\u00bboff\u00a0\u00bb image_width=\u00a0\u00bb75px\u00a0\u00bb image_alignment=\u00a0\u00bbcenter\u00a0\u00bb badge_url_new_window=\u00a0\u00bbon\u00a0\u00bb alt=\u00a0\u00bbR\u00fcckblick &#8211; Famille Van der Marel\u00a0\u00bb button_url_new_window=\u00a0\u00bb1&Prime; _builder_version=\u00a0\u00bb4.27.4&Prime; _module_preset=\u00a0\u00bbdefault\u00a0\u00bb background_enable_image=\u00a0\u00bboff\u00a0\u00bb background_size=\u00a0\u00bbcustom\u00a0\u00bb background_position=\u00a0\u00bbbottom_right\u00a0\u00bb custom_padding=\u00a0\u00bb|50px|||false|false\u00a0\u00bb custom_padding_tablet=\u00a0\u00bb|0px|||false|false\u00a0\u00bb custom_padding_phone=\u00a0\u00bb|25px|||false|false\u00a0\u00bb custom_padding_last_edited=\u00a0\u00bbon|desktop\u00a0\u00bb link_option_url=\u00a0\u00bbhttps:\/\/www.airbnb.ie\/rooms\/1123228090073462987?source_impression_id=p3_1720535921_P3x3le4jfA9IS90_\u00a0\u00bb border_radii_image=\u00a0\u00bbon|50%|50%|50%|50%\u00a0\u00bb global_colors_info=\u00a0\u00bb{}\u00a0\u00bb parent_button=\u00a0\u00bboff\u00a0\u00bb parent_header_level=\u00a0\u00bbh4&Prime;]<\/p>\n<p><span>Maison tr\u00e8s \u00e9l\u00e9gamment d\u00e9cor\u00e9e avec tout ce dont vous avez besoin pour passer de bonnes journ\u00e9es de vacances. R\u00e9cemment r\u00e9nov\u00e9e \u00e0 un tr\u00e8s bon niveau. Parking juste devant la maison. Centre du village tr\u00e8s agr\u00e9able, \u00e0 deux minutes \u00e0 pied. Point de d\u00e9part id\u00e9al pour des randonn\u00e9es \u00e0 v\u00e9lo ou en VTT, des excursions vers Saint-Tropez, plusieurs plages magnifiques ou m\u00eame pour prendre les remont\u00e9es m\u00e9caniques. Communication tr\u00e8s agr\u00e9able et rapide avec Sascha.      <\/span><br \/><span>Nous serions ravis de revenir !<\/span><\/p>\n<p><span style=\"color: #d4af37;\">Cornelia &#8211; Suisse<br \/>Maison Bambou &#8211; Octobre 2024 &#8211; Airbnb<\/span><\/p>\n<p>[\/dsm_card_carousel_child][dsm_card_carousel_child admin_label=\u00a0\u00bb- Jan &#8211; AIRBNB\u00a0\u00bb image=\u00a0\u00bbhttps:\/\/uniqbooking.com\/wp-content\/uploads\/2024\/07\/airbnb.png\u00a0\u00bb image_as_background=\u00a0\u00bboff\u00a0\u00bb image_width=\u00a0\u00bb75px\u00a0\u00bb image_alignment=\u00a0\u00bbcenter\u00a0\u00bb badge_url_new_window=\u00a0\u00bbon\u00a0\u00bb alt=\u00a0\u00bbR\u00fcckblick &#8211; Famille Van der Marel\u00a0\u00bb button_url_new_window=\u00a0\u00bb1&Prime; _builder_version=\u00a0\u00bb4.27.4&Prime; _module_preset=\u00a0\u00bbdefault\u00a0\u00bb background_enable_image=\u00a0\u00bboff\u00a0\u00bb background_size=\u00a0\u00bbcustom\u00a0\u00bb background_position=\u00a0\u00bbbottom_right\u00a0\u00bb custom_padding=\u00a0\u00bb|50px|||false|false\u00a0\u00bb custom_padding_tablet=\u00a0\u00bb|0px|||false|false\u00a0\u00bb custom_padding_phone=\u00a0\u00bb|25px|||false|false\u00a0\u00bb custom_padding_last_edited=\u00a0\u00bbon|desktop\u00a0\u00bb link_option_url=\u00a0\u00bbhttps:\/\/www.airbnb.ie\/rooms\/1123228090073462987?source_impression_id=p3_1720535921_P3x3le4jfA9IS90_\u00a0\u00bb border_radii_image=\u00a0\u00bbon|50%|50%|50%|50%\u00a0\u00bb global_colors_info=\u00a0\u00bb{}\u00a0\u00bb parent_button=\u00a0\u00bboff\u00a0\u00bb parent_header_level=\u00a0\u00bbh4&Prime;]<\/p>\n<p><span>Nous avons vraiment appr\u00e9ci\u00e9 les vacances avec nos 3 enfants. La maison a \u00e9t\u00e9 r\u00e9cemment r\u00e9nov\u00e9e en janvier et le mobilier est de tr\u00e8s bon go\u00fbt. Nous avons \u00e9galement lou\u00e9 l&rsquo;annexe \u00ab\u00a0Bamboo\u00a0\u00bb qui \u00e9tait parfaite pour les amis et la famille. Super service sur place et aussi de la part de Sascha, le propri\u00e9taire. Nous vous remercions !    <\/span><\/p>\n<p><span style=\"color: #d4af37;\">Jan &#8211; Suisse<br \/>Maison Bambou &#8211; Octobre 2024 &#8211; Airbnb<\/span><\/p>\n<p>[\/dsm_card_carousel_child][dsm_card_carousel_child admin_label=\u00a0\u00bb- Ulrike &#8211; AIRBNB\u00a0\u00bb image=\u00a0\u00bbhttps:\/\/uniqbooking.com\/wp-content\/uploads\/2024\/07\/airbnb.png\u00a0\u00bb image_as_background=\u00a0\u00bboff\u00a0\u00bb image_width=\u00a0\u00bb75px\u00a0\u00bb image_alignment=\u00a0\u00bbcenter\u00a0\u00bb badge_url_new_window=\u00a0\u00bbon\u00a0\u00bb alt=\u00a0\u00bbR\u00fcckblick &#8211; Famille Van der Marel\u00a0\u00bb button_url_new_window=\u00a0\u00bb1&Prime; _builder_version=\u00a0\u00bb4.27.4&Prime; _module_preset=\u00a0\u00bbdefault\u00a0\u00bb background_enable_image=\u00a0\u00bboff\u00a0\u00bb background_size=\u00a0\u00bbcustom\u00a0\u00bb background_position=\u00a0\u00bbbottom_right\u00a0\u00bb custom_padding=\u00a0\u00bb|50px|||false|false\u00a0\u00bb custom_padding_tablet=\u00a0\u00bb|0px|||false|false\u00a0\u00bb custom_padding_phone=\u00a0\u00bb|25px|||false|false\u00a0\u00bb custom_padding_last_edited=\u00a0\u00bbon|desktop\u00a0\u00bb link_option_url=\u00a0\u00bbhttps:\/\/www.airbnb.ie\/rooms\/1123228090073462987?source_impression_id=p3_1720535921_P3x3le4jfA9IS90_\u00a0\u00bb border_radii_image=\u00a0\u00bbon|50%|50%|50%|50%\u00a0\u00bb global_colors_info=\u00a0\u00bb{}\u00a0\u00bb parent_button=\u00a0\u00bboff\u00a0\u00bb parent_header_level=\u00a0\u00bbh4&Prime;]<\/p>\n<p><span>Nous avons pass\u00e9 un excellent moment dans l&rsquo;appartement. Tout \u00e9tait conforme \u00e0 la description, la cuisine \u00e9tait super \u00e9quip\u00e9e et tout \u00e9tait parfaitement propre &#8211; on se sentait vraiment chez soi ! La piscine \u00e9tait chauff\u00e9e, ce qui permettait de l&rsquo;utiliser m\u00eame \u00e0 la fin du mois d&rsquo;octobre. Plan de la Tour est un petit village avec d&rsquo;excellents restaurants et la possibilit\u00e9 d&rsquo;acheter des produits de premi\u00e8re n\u00e9cessit\u00e9, mais St Maxime est \u00e9galement rapidement accessible pour les achats plus importants. Dans l&rsquo;ensemble, nous avons pass\u00e9 de tr\u00e8s bonnes vacances et nous reviendrons \u00e0 tout moment !    <\/span><\/p>\n<p><span style=\"color: #d4af37;\">Ulrike &#8211; Allemagne<br \/>Maison Laurier Rose &#8211; Mai 2025 &#8211; Airbnb<\/span><\/p>\n<p>[\/dsm_card_carousel_child][dsm_card_carousel_child admin_label=\u00a0\u00bb- Charlie &#8211; AIRBNB\u00a0\u00bb image=\u00a0\u00bbhttps:\/\/uniqbooking.com\/wp-content\/uploads\/2024\/07\/airbnb.png\u00a0\u00bb image_as_background=\u00a0\u00bboff\u00a0\u00bb image_width=\u00a0\u00bb75px\u00a0\u00bb image_alignment=\u00a0\u00bbcenter\u00a0\u00bb badge_url_new_window=\u00a0\u00bbon\u00a0\u00bb alt=\u00a0\u00bbR\u00fcckblick &#8211; Famille Van der Marel\u00a0\u00bb button_url_new_window=\u00a0\u00bb1&Prime; _builder_version=\u00a0\u00bb4.27.4&Prime; _module_preset=\u00a0\u00bbdefault\u00a0\u00bb background_enable_image=\u00a0\u00bboff\u00a0\u00bb background_size=\u00a0\u00bbcustom\u00a0\u00bb background_position=\u00a0\u00bbbottom_right\u00a0\u00bb custom_padding=\u00a0\u00bb|50px|||false|false\u00a0\u00bb custom_padding_tablet=\u00a0\u00bb|0px|||false|false\u00a0\u00bb custom_padding_phone=\u00a0\u00bb|25px|||false|false\u00a0\u00bb custom_padding_last_edited=\u00a0\u00bbon|desktop\u00a0\u00bb link_option_url=\u00a0\u00bbhttps:\/\/www.airbnb.ie\/rooms\/1123228090073462987?source_impression_id=p3_1720535921_P3x3le4jfA9IS90_\u00a0\u00bb border_radii_image=\u00a0\u00bbon|50%|50%|50%|50%\u00a0\u00bb global_colors_info=\u00a0\u00bb{}\u00a0\u00bb parent_button=\u00a0\u00bboff\u00a0\u00bb parent_header_level=\u00a0\u00bbh4&Prime;]<\/p>\n<p><span>Nous nous sommes beaucoup amus\u00e9s. la piscine chauff\u00e9e \u00e9tait un plus. le cottage \u00e9tait impeccable, nous nous sommes sentis comme chez nous. Le village \u00e9tait \u00e9galement accueillant, avec Halloween il y avait beaucoup de monde, jamais vu autant ! tout le monde \u00e9tait d\u00e9guis\u00e9 ce qui rendait la f\u00eate tr\u00e8s amusante. l&rsquo;h\u00f4tesse et le responsable \u00e9taient tr\u00e8s sympathiques. merci beaucoup pour nos belles vacances.     <\/span><\/p>\n<p><span style=\"color: #d4af37;\">Charlie &#8211; Belgique<br \/>Maison Laurier Rose &#8211; Mai 2025 &#8211; Airbnb<\/span><\/p>\n<p>[\/dsm_card_carousel_child][dsm_card_carousel_child admin_label=\u00a0\u00bb- Pieter-Jan &#8211; AIRBNB\u00a0\u00bb image=\u00a0\u00bbhttps:\/\/uniqbooking.com\/wp-content\/uploads\/2024\/07\/airbnb.png\u00a0\u00bb image_as_background=\u00a0\u00bboff\u00a0\u00bb image_width=\u00a0\u00bb75px\u00a0\u00bb image_alignment=\u00a0\u00bbcenter\u00a0\u00bb badge_url_new_window=\u00a0\u00bbon\u00a0\u00bb alt=\u00a0\u00bbR\u00fcckblick &#8211; Famille Van der Marel\u00a0\u00bb button_url_new_window=\u00a0\u00bb1&Prime; _builder_version=\u00a0\u00bb4.27.4&Prime; _module_preset=\u00a0\u00bbdefault\u00a0\u00bb background_enable_image=\u00a0\u00bboff\u00a0\u00bb background_size=\u00a0\u00bbcustom\u00a0\u00bb background_position=\u00a0\u00bbbottom_right\u00a0\u00bb custom_padding=\u00a0\u00bb|50px|||false|false\u00a0\u00bb custom_padding_tablet=\u00a0\u00bb|0px|||false|false\u00a0\u00bb custom_padding_phone=\u00a0\u00bb|25px|||false|false\u00a0\u00bb custom_padding_last_edited=\u00a0\u00bbon|desktop\u00a0\u00bb link_option_url=\u00a0\u00bbhttps:\/\/www.airbnb.ie\/rooms\/1123228090073462987?source_impression_id=p3_1720535921_P3x3le4jfA9IS90_\u00a0\u00bb border_radii_image=\u00a0\u00bbon|50%|50%|50%|50%\u00a0\u00bb global_colors_info=\u00a0\u00bb{}\u00a0\u00bb parent_button=\u00a0\u00bboff\u00a0\u00bb parent_header_level=\u00a0\u00bbh4&Prime;]<\/p>\n<p><span>Tr\u00e8s bon s\u00e9jour et tr\u00e8s proche de la place principale et du march\u00e9.<\/span><\/p>\n<p><span style=\"color: #d4af37;\">Pieter-Jan &#8211; Pays-Bas<br \/>Maison Laurier Rose &#8211; Mai 2025 &#8211; Airbnb<\/span><\/p>\n<p>[\/dsm_card_carousel_child][dsm_card_carousel_child admin_label=\u00a0\u00bb- Lori &#8211; AIRBNB\u00a0\u00bb image=\u00a0\u00bbhttps:\/\/uniqbooking.com\/wp-content\/uploads\/2024\/07\/airbnb.png\u00a0\u00bb image_as_background=\u00a0\u00bboff\u00a0\u00bb image_width=\u00a0\u00bb75px\u00a0\u00bb image_alignment=\u00a0\u00bbcenter\u00a0\u00bb badge_url_new_window=\u00a0\u00bbon\u00a0\u00bb alt=\u00a0\u00bbR\u00fcckblick &#8211; Famille Van der Marel\u00a0\u00bb button_url_new_window=\u00a0\u00bb1&Prime; _builder_version=\u00a0\u00bb4.27.4&Prime; _module_preset=\u00a0\u00bbdefault\u00a0\u00bb background_enable_image=\u00a0\u00bboff\u00a0\u00bb background_size=\u00a0\u00bbcustom\u00a0\u00bb background_position=\u00a0\u00bbbottom_right\u00a0\u00bb custom_padding=\u00a0\u00bb|50px|||false|false\u00a0\u00bb custom_padding_tablet=\u00a0\u00bb|0px|||false|false\u00a0\u00bb custom_padding_phone=\u00a0\u00bb|25px|||false|false\u00a0\u00bb custom_padding_last_edited=\u00a0\u00bbon|desktop\u00a0\u00bb link_option_url=\u00a0\u00bbhttps:\/\/www.airbnb.ie\/rooms\/1123228090073462987?source_impression_id=p3_1720535921_P3x3le4jfA9IS90_\u00a0\u00bb border_radii_image=\u00a0\u00bbon|50%|50%|50%|50%\u00a0\u00bb global_colors_info=\u00a0\u00bb{}\u00a0\u00bb parent_button=\u00a0\u00bboff\u00a0\u00bb parent_header_level=\u00a0\u00bbh4&Prime;]<\/p>\n<p><span>Nous avons appr\u00e9ci\u00e9 notre long week-end \u00e0 la Maison Laurier Rose. La maison est tr\u00e8s luxueuse et dispose de tout ce dont vous avez besoin, la piscine est super et l&rsquo;endroit est tr\u00e8s calme bien qu&rsquo;il soit en plein centre de la ville. <\/span><br \/><span>Des restaurants fantastiques sont accessibles \u00e0 pied et il y a tant \u00e0 faire dans les environs et le long de la c\u00f4te. Le rapport qualit\u00e9-prix est excellent et Sascha et son \u00e9quipe ont rendu notre s\u00e9jour tr\u00e8s accueillant et amical. <\/span><br \/><span>Nous esp\u00e9rons revenir !<\/span><\/p>\n<p><span style=\"color: #d4af37;\">Lori &#8211; Pays-Bas<br \/>Maison Laurier Rose &#8211; Mai 2025 &#8211; Airbnb<\/span><\/p>\n<p>[\/dsm_card_carousel_child][dsm_card_carousel_child admin_label=\u00a0\u00bb- Alicia &#8211; AIRBNB\u00a0\u00bb image=\u00a0\u00bbhttps:\/\/uniqbooking.com\/wp-content\/uploads\/2024\/07\/airbnb.png\u00a0\u00bb image_as_background=\u00a0\u00bboff\u00a0\u00bb image_width=\u00a0\u00bb75px\u00a0\u00bb image_alignment=\u00a0\u00bbcenter\u00a0\u00bb badge_url_new_window=\u00a0\u00bbon\u00a0\u00bb alt=\u00a0\u00bbR\u00fcckblick &#8211; Famille Van der Marel\u00a0\u00bb button_url_new_window=\u00a0\u00bb1&Prime; _builder_version=\u00a0\u00bb4.27.4&Prime; _module_preset=\u00a0\u00bbdefault\u00a0\u00bb background_enable_image=\u00a0\u00bboff\u00a0\u00bb background_size=\u00a0\u00bbcustom\u00a0\u00bb background_position=\u00a0\u00bbbottom_right\u00a0\u00bb custom_padding=\u00a0\u00bb|50px|||false|false\u00a0\u00bb custom_padding_tablet=\u00a0\u00bb|0px|||false|false\u00a0\u00bb custom_padding_phone=\u00a0\u00bb|25px|||false|false\u00a0\u00bb custom_padding_last_edited=\u00a0\u00bbon|desktop\u00a0\u00bb link_option_url=\u00a0\u00bbhttps:\/\/www.airbnb.ie\/rooms\/1123228090073462987?source_impression_id=p3_1720535921_P3x3le4jfA9IS90_\u00a0\u00bb border_radii_image=\u00a0\u00bbon|50%|50%|50%|50%\u00a0\u00bb global_colors_info=\u00a0\u00bb{}\u00a0\u00bb parent_button=\u00a0\u00bboff\u00a0\u00bb parent_header_level=\u00a0\u00bbh4&Prime;]<\/p>\n<p><span>Notre s\u00e9jour avec deux enfants en bas \u00e2ge s&rsquo;est tr\u00e8s bien pass\u00e9 ! L&rsquo;annonce correspond \u00e0 la description. Elle est situ\u00e9e dans un endroit tr\u00e8s calme. Nous nous sommes sentis comme chez nous et nous reviendrons certainement ! Sascha et Ilonka sont toujours disponibles, sympathiques et tr\u00e8s simples !    <\/span><\/p>\n<p><span style=\"color: #d4af37;\">Alicia &#8211; Allemagne<br \/>Maison Bambou &#8211; Mai\/Juin 2025 &#8211; Airbnb<\/span><\/p>\n<p>[\/dsm_card_carousel_child][dsm_card_carousel_child admin_label=\u00a0\u00bb- Selcuk &#8211; AIRBNB\u00a0\u00bb image=\u00a0\u00bbhttps:\/\/uniqbooking.com\/wp-content\/uploads\/2024\/07\/airbnb.png\u00a0\u00bb image_as_background=\u00a0\u00bboff\u00a0\u00bb image_width=\u00a0\u00bb75px\u00a0\u00bb image_alignment=\u00a0\u00bbcenter\u00a0\u00bb badge_url_new_window=\u00a0\u00bbon\u00a0\u00bb alt=\u00a0\u00bbR\u00fcckblick &#8211; Famille Van der Marel\u00a0\u00bb button_url_new_window=\u00a0\u00bb1&Prime; _builder_version=\u00a0\u00bb4.27.4&Prime; _module_preset=\u00a0\u00bbdefault\u00a0\u00bb background_enable_image=\u00a0\u00bboff\u00a0\u00bb background_size=\u00a0\u00bbcustom\u00a0\u00bb background_position=\u00a0\u00bbbottom_right\u00a0\u00bb custom_padding=\u00a0\u00bb|50px|||false|false\u00a0\u00bb custom_padding_tablet=\u00a0\u00bb|0px|||false|false\u00a0\u00bb custom_padding_phone=\u00a0\u00bb|25px|||false|false\u00a0\u00bb custom_padding_last_edited=\u00a0\u00bbon|desktop\u00a0\u00bb link_option_url=\u00a0\u00bbhttps:\/\/www.airbnb.ie\/rooms\/1123228090073462987?source_impression_id=p3_1720535921_P3x3le4jfA9IS90_\u00a0\u00bb border_radii_image=\u00a0\u00bbon|50%|50%|50%|50%\u00a0\u00bb global_colors_info=\u00a0\u00bb{}\u00a0\u00bb parent_button=\u00a0\u00bboff\u00a0\u00bb parent_header_level=\u00a0\u00bbh4&Prime;]<\/p>\n<p><span>Nous avons pass\u00e9 un excellent s\u00e9jour !<\/span><br \/><span>La maison \u00e9tait belle et propre, avec tous les \u00e9quipements dont nous avions besoin. La piscine \u00e9tait parfaite pour les enfants. Nous avons beaucoup appr\u00e9ci\u00e9 le calme, l&rsquo;espace et le confort. C&rsquo;est un endroit que nous regardons avec beaucoup de plaisir et o\u00f9 nous reviendrons sans aucun doute !   <\/span><\/p>\n<p><span style=\"color: #d4af37;\">Selcuk &#8211; Pays-Bas<br \/>Maison Laurier Rose &#8211; Juin 2025 &#8211; Airbnb<\/span><\/p>\n<p>[\/dsm_card_carousel_child][dsm_card_carousel_child admin_label=\u00a0\u00bb- Mhairi &#8211; AIRBNB\u00a0\u00bb image=\u00a0\u00bbhttps:\/\/uniqbooking.com\/wp-content\/uploads\/2024\/07\/airbnb.png\u00a0\u00bb image_as_background=\u00a0\u00bboff\u00a0\u00bb image_width=\u00a0\u00bb75px\u00a0\u00bb image_alignment=\u00a0\u00bbcenter\u00a0\u00bb badge_url_new_window=\u00a0\u00bbon\u00a0\u00bb alt=\u00a0\u00bbR\u00fcckblick &#8211; Famille Van der Marel\u00a0\u00bb button_url_new_window=\u00a0\u00bb1&Prime; _builder_version=\u00a0\u00bb4.27.4&Prime; _module_preset=\u00a0\u00bbdefault\u00a0\u00bb background_enable_image=\u00a0\u00bboff\u00a0\u00bb background_size=\u00a0\u00bbcustom\u00a0\u00bb background_position=\u00a0\u00bbbottom_right\u00a0\u00bb custom_padding=\u00a0\u00bb|50px|||false|false\u00a0\u00bb custom_padding_tablet=\u00a0\u00bb|0px|||false|false\u00a0\u00bb custom_padding_phone=\u00a0\u00bb|25px|||false|false\u00a0\u00bb custom_padding_last_edited=\u00a0\u00bbon|desktop\u00a0\u00bb link_option_url=\u00a0\u00bbhttps:\/\/www.airbnb.ie\/rooms\/1123228090073462987?source_impression_id=p3_1720535921_P3x3le4jfA9IS90_\u00a0\u00bb border_radii_image=\u00a0\u00bbon|50%|50%|50%|50%\u00a0\u00bb global_colors_info=\u00a0\u00bb{}\u00a0\u00bb parent_button=\u00a0\u00bboff\u00a0\u00bb parent_header_level=\u00a0\u00bbh4&Prime;]<\/p>\n<p><span>Belle villa dans une belle ville \u00e0 seulement 15 minutes de la plage. Excellente piscine chauff\u00e9e et barbecue. Excellente situation pour explorer le sud de la France. Nous avons re\u00e7u de nombreuses recommandations locales tr\u00e8s utiles et lorsque nous sommes tomb\u00e9s en panne de gaz pour le barbecue, Sascha s&rsquo;est arrang\u00e9e pour que son mari en apporte dans les 10 minutes qui ont suivi notre message. Nous avons pass\u00e9 une excellente semaine ici !    <\/span><\/p>\n<p><span style=\"color: #d4af37;\">Mhairi &#8211; Royaume-Uni<br \/>Maison Laurier Rose &#8211; Juin 2025 &#8211; Airbnb<\/span><\/p>\n<p>[\/dsm_card_carousel_child][dsm_card_carousel_child admin_label=\u00a0\u00bb- Autre &#8211; AIRBNB\u00a0\u00bb image=\u00a0\u00bbhttps:\/\/uniqbooking.com\/wp-content\/uploads\/2024\/07\/airbnb.png\u00a0\u00bb image_as_background=\u00a0\u00bboff\u00a0\u00bb image_width=\u00a0\u00bb75px\u00a0\u00bb image_alignment=\u00a0\u00bbcenter\u00a0\u00bb badge_url_new_window=\u00a0\u00bbon\u00a0\u00bb alt=\u00a0\u00bbR\u00fcckblick &#8211; Famille Van der Marel\u00a0\u00bb button_url_new_window=\u00a0\u00bb1&Prime; _builder_version=\u00a0\u00bb4.27.4&Prime; _module_preset=\u00a0\u00bbdefault\u00a0\u00bb background_enable_image=\u00a0\u00bboff\u00a0\u00bb background_size=\u00a0\u00bbcustom\u00a0\u00bb background_position=\u00a0\u00bbbottom_right\u00a0\u00bb custom_padding=\u00a0\u00bb|50px|||false|false\u00a0\u00bb custom_padding_tablet=\u00a0\u00bb|0px|||false|false\u00a0\u00bb custom_padding_phone=\u00a0\u00bb|25px|||false|false\u00a0\u00bb custom_padding_last_edited=\u00a0\u00bbon|desktop\u00a0\u00bb link_option_url=\u00a0\u00bbhttps:\/\/www.airbnb.ie\/rooms\/1123228090073462987?source_impression_id=p3_1720535921_P3x3le4jfA9IS90_\u00a0\u00bb border_radii_image=\u00a0\u00bbon|50%|50%|50%|50%\u00a0\u00bb global_colors_info=\u00a0\u00bb{}\u00a0\u00bb parent_button=\u00a0\u00bboff\u00a0\u00bb parent_header_level=\u00a0\u00bbh4&Prime;]<\/p>\n<p><span>Un logement fantastique que nous vous recommandons vivement ! Le village est tr\u00e8s agr\u00e9able avec des restaurants, des caf\u00e9s, des boulangeries, etc. Tout est \u00e0 2-5 minutes \u00e0 pied. Nous \u00e9tions une famille de 2 adultes et 2 enfants.   <\/span><\/p>\n<p><span style=\"color: #d4af37;\">Anders &#8211; Su\u00e8de<br \/>Maison Laurier Rose &#8211; Juin 2025 &#8211; Airbnb<\/span><\/p>\n<p>[\/dsm_card_carousel_child][dsm_card_carousel_child admin_label=\u00a0\u00bb- Matthias &#8211; AIRBNB\u00a0\u00bb image=\u00a0\u00bbhttps:\/\/uniqbooking.com\/wp-content\/uploads\/2024\/07\/airbnb.png\u00a0\u00bb image_as_background=\u00a0\u00bboff\u00a0\u00bb image_width=\u00a0\u00bb75px\u00a0\u00bb image_alignment=\u00a0\u00bbcenter\u00a0\u00bb badge_url_new_window=\u00a0\u00bbon\u00a0\u00bb alt=\u00a0\u00bbR\u00fcckblick &#8211; Famille Van der Marel\u00a0\u00bb button_url_new_window=\u00a0\u00bb1&Prime; _builder_version=\u00a0\u00bb4.27.4&Prime; _module_preset=\u00a0\u00bbdefault\u00a0\u00bb background_enable_image=\u00a0\u00bboff\u00a0\u00bb background_size=\u00a0\u00bbcustom\u00a0\u00bb background_position=\u00a0\u00bbbottom_right\u00a0\u00bb custom_padding=\u00a0\u00bb|50px|||false|false\u00a0\u00bb custom_padding_tablet=\u00a0\u00bb|0px|||false|false\u00a0\u00bb custom_padding_phone=\u00a0\u00bb|25px|||false|false\u00a0\u00bb custom_padding_last_edited=\u00a0\u00bbon|desktop\u00a0\u00bb link_option_url=\u00a0\u00bbhttps:\/\/www.airbnb.ie\/rooms\/1123228090073462987?source_impression_id=p3_1720535921_P3x3le4jfA9IS90_\u00a0\u00bb border_radii_image=\u00a0\u00bbon|50%|50%|50%|50%\u00a0\u00bb global_colors_info=\u00a0\u00bb{}\u00a0\u00bb parent_button=\u00a0\u00bboff\u00a0\u00bb parent_header_level=\u00a0\u00bbh4&Prime;]<\/p>\n<p><span>Tr\u00e8s belle maison dans un emplacement id\u00e9al, proche de Sainte-Maxime, Grimaud et St-Tropez. Tr\u00e8s bonne communication de la part du propri\u00e9taire, maison tr\u00e8s propre et pratique. <\/span><\/p>\n<p><span style=\"color: #d4af37;\">Matthias &#8211; Belgique<br \/>Maison Laurier Rose &#8211; Juillet 2025 &#8211; Airbnb<\/span><\/p>\n<p>[\/dsm_card_carousel_child][dsm_card_carousel_child admin_label=\u00a0\u00bb- Louise &#8211; AIRBNB\u00a0\u00bb image=\u00a0\u00bbhttps:\/\/uniqbooking.com\/wp-content\/uploads\/2024\/07\/airbnb.png\u00a0\u00bb image_as_background=\u00a0\u00bboff\u00a0\u00bb image_width=\u00a0\u00bb75px\u00a0\u00bb image_alignment=\u00a0\u00bbcenter\u00a0\u00bb badge_url_new_window=\u00a0\u00bbon\u00a0\u00bb alt=\u00a0\u00bbR\u00fcckblick &#8211; Famille Van der Marel\u00a0\u00bb button_url_new_window=\u00a0\u00bb1&Prime; _builder_version=\u00a0\u00bb4.27.4&Prime; _module_preset=\u00a0\u00bbdefault\u00a0\u00bb background_enable_image=\u00a0\u00bboff\u00a0\u00bb background_size=\u00a0\u00bbcustom\u00a0\u00bb background_position=\u00a0\u00bbbottom_right\u00a0\u00bb custom_padding=\u00a0\u00bb|50px|||false|false\u00a0\u00bb custom_padding_tablet=\u00a0\u00bb|0px|||false|false\u00a0\u00bb custom_padding_phone=\u00a0\u00bb|25px|||false|false\u00a0\u00bb custom_padding_last_edited=\u00a0\u00bbon|desktop\u00a0\u00bb link_option_url=\u00a0\u00bbhttps:\/\/www.airbnb.ie\/rooms\/1123228090073462987?source_impression_id=p3_1720535921_P3x3le4jfA9IS90_\u00a0\u00bb border_radii_image=\u00a0\u00bbon|50%|50%|50%|50%\u00a0\u00bb global_colors_info=\u00a0\u00bb{}\u00a0\u00bb parent_button=\u00a0\u00bboff\u00a0\u00bb parent_header_level=\u00a0\u00bbh4&Prime;]<\/p>\n<p><span>Un endroit tr\u00e8s agr\u00e9able ! Nous avons pass\u00e9 un excellent s\u00e9jour dans la villa Laurier Rose, qui se trouve \u00e0 proximit\u00e9 du village. La maison \u00e9tait toute neuve et en m\u00eame temps belle et confortable. Sascha a \u00e9t\u00e9 incroyablement sympathique et accueillant pour communiquer et faire des recommandations sur les environs. Nous nous sommes sentis tr\u00e8s bien accueillis et entre de bonnes mains. Nous esp\u00e9rons revenir !     <\/span><\/p>\n<p><span style=\"color: #d4af37;\">Louise &#8211; Danemark<br \/>Maison Laurier Rose &#8211; Juillet 2025 &#8211; Airbnb<\/span><\/p>\n<p>[\/dsm_card_carousel_child][dsm_card_carousel_child admin_label=\u00a0\u00bb- Kathrin &#8211; AIRBNB\u00a0\u00bb image=\u00a0\u00bbhttps:\/\/uniqbooking.com\/wp-content\/uploads\/2024\/07\/airbnb.png\u00a0\u00bb image_as_background=\u00a0\u00bboff\u00a0\u00bb image_width=\u00a0\u00bb75px\u00a0\u00bb image_alignment=\u00a0\u00bbcenter\u00a0\u00bb badge_url_new_window=\u00a0\u00bbon\u00a0\u00bb alt=\u00a0\u00bbR\u00fcckblick &#8211; Famille Van der Marel\u00a0\u00bb button_url_new_window=\u00a0\u00bb1&Prime; _builder_version=\u00a0\u00bb4.25.1&Prime; _module_preset=\u00a0\u00bbdefault\u00a0\u00bb background_enable_image=\u00a0\u00bboff\u00a0\u00bb background_size=\u00a0\u00bbcustom\u00a0\u00bb background_position=\u00a0\u00bbbottom_right\u00a0\u00bb custom_padding=\u00a0\u00bb|50px|||false|false\u00a0\u00bb custom_padding_tablet=\u00a0\u00bb|0px|||false|false\u00a0\u00bb custom_padding_phone=\u00a0\u00bb|25px|||false|false\u00a0\u00bb custom_padding_last_edited=\u00a0\u00bbon|desktop\u00a0\u00bb link_option_url=\u00a0\u00bbhttps:\/\/www.airbnb.ie\/rooms\/1123228090073462987?source_impression_id=p3_1720535921_P3x3le4jfA9IS90_\u00a0\u00bb border_radii_image=\u00a0\u00bbon|50%|50%|50%|50%\u00a0\u00bb global_colors_info=\u00a0\u00bb{}\u00a0\u00bb parent_button=\u00a0\u00bboff\u00a0\u00bb parent_header_level=\u00a0\u00bbh4&Prime;]<\/p>\n<p>Le trajet est parfait et vous pouvez facilement trouver la maison. Tout est neuf et propre dans la maison. Nous nous sommes imm\u00e9diatement sentis \u00e0 l&rsquo;aise et comme chez nous. Dans la cuisine, il y a une machine \u00e0 caf\u00e9, un lave-vaisselle, un micro-ondes, une plaque de cuisson \u00e0 induction. Il n&rsquo;y a pas de four, ce qui n&rsquo;est pas une mauvaise chose. Un grill \u00e0 gaz est disponible sur la terrasse. Malheureusement, nos voisins imm\u00e9diats fumaient sur leur terrasse adjacente, ce qui nous a personnellement beaucoup d\u00e9rang\u00e9s ! !! Quelqu&rsquo;un vient nettoyer la piscine deux fois par semaine. Il y a une machine \u00e0 laver dans une petite pi\u00e8ce sous l&rsquo;escalier. Les deux salles de bains ont une douche, y compris une douche \u00e0 effet de pluie, et deux toilettes s\u00e9par\u00e9es aux deux \u00e9tages. Climatisation dans toutes les pi\u00e8ces. L&#8217;emplacement de la maison est excellent. Tout ce qui se trouve dans le village est accessible \u00e0 pied en quelques minutes, y compris une petite boulangerie. Les environs sont magnifiques et la plage de Pampelonne se trouve \u00e0 environ 30 minutes en voiture. Parking gratuit devant la maison. Il y a un joli march\u00e9 tous les jeudis. Excellent h\u00f4te, MERCI !!!                <\/p>\n<p><span style=\"color: #d4af37;\"><br \/>Kathrin Maison Bambou &#8211; Ao\u00fbt 2024 &#8211; Airbnb<\/span><\/p>\n<p>[\/dsm_card_carousel_child][dsm_card_carousel_child admin_label=\u00a0\u00bb- Valentin &#8211; AIRBNB\u00a0\u00bb image=\u00a0\u00bbhttps:\/\/uniqbooking.com\/wp-content\/uploads\/2024\/07\/airbnb.png\u00a0\u00bb image_as_background=\u00a0\u00bboff\u00a0\u00bb image_width=\u00a0\u00bb75px\u00a0\u00bb image_alignment=\u00a0\u00bbcenter\u00a0\u00bb badge_url_new_window=\u00a0\u00bbon\u00a0\u00bb alt=\u00a0\u00bbR\u00fcckblick &#8211; Famille Van der Marel\u00a0\u00bb button_url_new_window=\u00a0\u00bb1&Prime; _builder_version=\u00a0\u00bb4.25.1&Prime; _module_preset=\u00a0\u00bbdefault\u00a0\u00bb background_enable_image=\u00a0\u00bboff\u00a0\u00bb background_size=\u00a0\u00bbcustom\u00a0\u00bb background_position=\u00a0\u00bbbottom_right\u00a0\u00bb custom_padding=\u00a0\u00bb|50px|||false|false\u00a0\u00bb custom_padding_tablet=\u00a0\u00bb|0px|||false|false\u00a0\u00bb custom_padding_phone=\u00a0\u00bb|25px|||false|false\u00a0\u00bb custom_padding_last_edited=\u00a0\u00bbon|desktop\u00a0\u00bb link_option_url=\u00a0\u00bbhttps:\/\/www.airbnb.ie\/rooms\/1123228090073462987?source_impression_id=p3_1720535921_P3x3le4jfA9IS90_\u00a0\u00bb border_radii_image=\u00a0\u00bbon|50%|50%|50%|50%\u00a0\u00bb global_colors_info=\u00a0\u00bb{}\u00a0\u00bb parent_button=\u00a0\u00bboff\u00a0\u00bb parent_header_level=\u00a0\u00bbh4&Prime;]<\/p>\n<p>Tr\u00e8s bel h\u00e9bergement, d\u00e9cor\u00e9 avec go\u00fbt, la climatisation dans toutes les pi\u00e8ces de la maison est un vrai plus Sascha et son mari sont des h\u00f4tes tr\u00e8s accueillants, sympathiques et disponibles qui ont pens\u00e9 \u00e0 tout. Nous reviendrons quand nous reviendrons dans la r\u00e9gion. Encore un grand merci \u00e0 Sascha et son mari pour leur gentillesse. \ud83d\ude4c  <\/p>\n<p><span style=\"color: #d4af37;\"><br \/>Valentin Maison Laurier Rose &#8211; Juin 2024 &#8211; Airbnb<\/span><\/p>\n<p>[\/dsm_card_carousel_child][dsm_card_carousel_child admin_label=\u00a0\u00bb- Charlotte &#8211; AIRBNB\u00a0\u00bb image=\u00a0\u00bbhttps:\/\/uniqbooking.com\/wp-content\/uploads\/2024\/07\/airbnb.png\u00a0\u00bb image_as_background=\u00a0\u00bboff\u00a0\u00bb image_width=\u00a0\u00bb75px\u00a0\u00bb image_alignment=\u00a0\u00bbcenter\u00a0\u00bb badge_url_new_window=\u00a0\u00bbon\u00a0\u00bb alt=\u00a0\u00bbR\u00fcckblick &#8211; Famille Van der Marel\u00a0\u00bb button_url_new_window=\u00a0\u00bb1&Prime; _builder_version=\u00a0\u00bb4.25.1&Prime; _module_preset=\u00a0\u00bbdefault\u00a0\u00bb background_enable_image=\u00a0\u00bboff\u00a0\u00bb background_size=\u00a0\u00bbcustom\u00a0\u00bb background_position=\u00a0\u00bbbottom_right\u00a0\u00bb custom_padding=\u00a0\u00bb|50px|||false|false\u00a0\u00bb custom_padding_tablet=\u00a0\u00bb|0px|||false|false\u00a0\u00bb custom_padding_phone=\u00a0\u00bb|25px|||false|false\u00a0\u00bb custom_padding_last_edited=\u00a0\u00bbon|desktop\u00a0\u00bb link_option_url=\u00a0\u00bbhttps:\/\/www.airbnb.ie\/rooms\/1123228090073462987?source_impression_id=p3_1720535921_P3x3le4jfA9IS90_\u00a0\u00bb border_radii_image=\u00a0\u00bbon|50%|50%|50%|50%\u00a0\u00bb global_colors_info=\u00a0\u00bb{}\u00a0\u00bb parent_button=\u00a0\u00bboff\u00a0\u00bb parent_header_level=\u00a0\u00bbh4&Prime;]<\/p>\n<p>Nous avons pass\u00e9 quelques jours tr\u00e8s agr\u00e9ables dans cette maison. Elle se trouve dans un joli village avec des caf\u00e9s et des magasins sympas et il y a beaucoup d&rsquo;endroits \u00e0 visiter \u00e0 proximit\u00e9. La maison \u00e9tait tr\u00e8s propre et tout \u00e9tait neuf \u00e0 l&rsquo;int\u00e9rieur. L&rsquo;enregistrement et la communication ont \u00e9t\u00e9 faciles. Nous avons eu la chance d&rsquo;avoir la piscine pour nous seuls car la villa voisine \u00e9tait vide et nous avons pu faire de superbes barbecues. Nous sommes une famille avec 2 adultes et 3 enfants et nous avons trouv\u00e9 qu&rsquo;il y avait assez d&rsquo;espace dans la maison pour nous tous.     <\/p>\n<p><span style=\"color: #d4af37;\"><br \/>Charlotte Maison Laurier Rose &#8211; Mai 2024 &#8211; Airbnb<\/span><\/p>\n<p>[\/dsm_card_carousel_child][dsm_card_carousel_child admin_label=\u00a0\u00bb- Famille Van der Marel\u00a0\u00bb image=\u00a0\u00bbhttps:\/\/uniqbooking.com\/wp-content\/uploads\/2022\/11\/review-familie-van-der-Marel-200.jpg\u00a0\u00bb image_as_background=\u00a0\u00bboff\u00a0\u00bb image_width=\u00a0\u00bb75px\u00a0\u00bb image_alignment=\u00a0\u00bbcenter\u00a0\u00bb alt=\u00a0\u00bbR\u00fcckblick &#8211; Famille Van der Marel\u00a0\u00bb button_url_new_window=\u00a0\u00bb1&Prime; _builder_version=\u00a0\u00bb4.25.1&Prime; _module_preset=\u00a0\u00bbdefault\u00a0\u00bb background_enable_image=\u00a0\u00bboff\u00a0\u00bb background_size=\u00a0\u00bbcustom\u00a0\u00bb background_position=\u00a0\u00bbbottom_right\u00a0\u00bb custom_padding=\u00a0\u00bb|50px|||false|false\u00a0\u00bb custom_padding_tablet=\u00a0\u00bb|0px|||false|false\u00a0\u00bb custom_padding_phone=\u00a0\u00bb|25px|||false|false\u00a0\u00bb custom_padding_last_edited=\u00a0\u00bbon|desktop\u00a0\u00bb border_radii_image=\u00a0\u00bbon|50%|50%|50%|50%\u00a0\u00bb global_colors_info=\u00a0\u00bb{}\u00a0\u00bb parent_button=\u00a0\u00bboff\u00a0\u00bb parent_header_level=\u00a0\u00bbh4&Prime;]<\/p>\n<p>Nous avons s\u00e9journ\u00e9 dans cette villa aux dimensions g\u00e9n\u00e9reuses au printemps et avons pass\u00e9 un agr\u00e9able moment. Belle baignade dans la belle piscine et \u00e0 3 minutes \u00e0 pied du joli centre de Plan de la Tour. Vous serez \u00e9galement \u00e0 Ste en un rien de temps. Maxime et \u00e0 la plage. Vous pouvez certainement tout avoir ! Hautement recommand\u00e9 !  <\/p>\n<p><span style=\"color: #d4af37;\"><br \/>Famille Van der Marel Villa des Lunes <\/span><\/p>\n<p>[\/dsm_card_carousel_child][dsm_card_carousel_child admin_label=\u00a0\u00bb- Eefje\u00a0\u00bb image=\u00a0\u00bbhttps:\/\/uniqbooking.com\/wp-content\/uploads\/2022\/11\/review-eefje-200.jpg\u00a0\u00bb image_as_background=\u00a0\u00bboff\u00a0\u00bb image_width=\u00a0\u00bb75px\u00a0\u00bb image_alignment=\u00a0\u00bbcenter\u00a0\u00bb alt=\u00a0\u00bbRetour &#8211; Eefje\u00a0\u00bb button_url_new_window=\u00a0\u00bb1&Prime; _builder_version=\u00a0\u00bb4.25.1&Prime; _module_preset=\u00a0\u00bbdefault\u00a0\u00bb background_enable_image=\u00a0\u00bboff\u00a0\u00bb background_size=\u00a0\u00bbcustom\u00a0\u00bb background_position=\u00a0\u00bbbottom_right\u00a0\u00bb custom_padding=\u00a0\u00bb|50px|||false|false\u00a0\u00bb custom_padding_tablet=\u00a0\u00bb|0px|||false|false\u00a0\u00bb custom_padding_phone=\u00a0\u00bb|25px|||false|false\u00a0\u00bb custom_padding_last_edited=\u00a0\u00bbon|desktop\u00a0\u00bb global_colors_info=\u00a0\u00bb{}\u00a0\u00bb parent_button=\u00a0\u00bboff\u00a0\u00bb parent_header_level=\u00a0\u00bbh4&Prime;]<\/p>\n<p>Nous avons beaucoup appr\u00e9ci\u00e9 ce moment en famille. Nous nous sommes imm\u00e9diatement sentis chez nous dans cette propri\u00e9t\u00e9. Il \u00e9tait \u00e9galement tr\u00e8s bien situ\u00e9. A distance de marche du village de Plan-de-la-tour o\u00f9 les villageois fran\u00e7ais typiques se rencontrent quotidiennement sur un banc, une terrasse. Mais aussi \u00e0 proximit\u00e9 de St Maxime et St-Tropez. Le jardin priv\u00e9 offre une vue sur les montagnes et nous avons pu profiter de la piscine chauff\u00e9e. Cette terrasse \u00e9tait \u00e9galement accessible depuis chaque chambre. Nous \u00e9tions \u00e9galement tous tr\u00e8s heureux d&rsquo;avoir notre propre salle de bain. Il n&rsquo;y a vraiment rien \u00e0 dire. Nous y retournerons sans aucun doute !<\/p>\n<p><span style=\"color: #d4af37;\"><br \/>Eefje Villa des Lunes <\/span><\/p>\n<p>[\/dsm_card_carousel_child][dsm_card_carousel_child admin_label=\u00a0\u00bb- Maud\u00a0\u00bb image=\u00a0\u00bbhttps:\/\/uniqbooking.com\/wp-content\/uploads\/2022\/11\/review-maud-200.jpg\u00a0\u00bb image_as_background=\u00a0\u00bboff\u00a0\u00bb image_width=\u00a0\u00bb75px\u00a0\u00bb image_alignment=\u00a0\u00bbcenter\u00a0\u00bb alt=\u00a0\u00bbR\u00fcckblick &#8211; Maud\u00a0\u00bb button_url_new_window=\u00a0\u00bb1&Prime; _builder_version=\u00a0\u00bb4.25.1&Prime; _module_preset=\u00a0\u00bbdefault\u00a0\u00bb background_enable_image=\u00a0\u00bboff\u00a0\u00bb background_size=\u00a0\u00bbcustom\u00a0\u00bb background_position=\u00a0\u00bbbottom_right\u00a0\u00bb custom_padding=\u00a0\u00bb|50px|||false|false\u00a0\u00bb custom_padding_tablet=\u00a0\u00bb|0px|||false|false\u00a0\u00bb custom_padding_phone=\u00a0\u00bb|25px|||false|false\u00a0\u00bb custom_padding_last_edited=\u00a0\u00bbon|desktop\u00a0\u00bb global_colors_info=\u00a0\u00bb{}\u00a0\u00bb parent_button=\u00a0\u00bboff\u00a0\u00bb parent_header_level=\u00a0\u00bbh4&Prime;]<\/p>\n<p>Nous avons pass\u00e9 d&rsquo;excellentes vacances \u00e0 la Villa des Lunes, \u00e0 Plan de la Tour. Il s&rsquo;agit d&rsquo;un petit village agr\u00e9able avec une boulangerie et des restaurants agr\u00e9ables au coin de la rue. Si vous aimez la plage, la promenade, les magasins et les terrasses, vous \u00eates \u00e0 Ste \u00e0 15 +\/- en voiture. Maxime. La villa spacieuse est propre et dispose de tout ce dont vous avez besoin. Aux heures chaudes, nous nous retrouvions surtout dans la piscine priv\u00e9e o\u00f9 se trouvent de jolis transats, mais aussi de nombreuses places cr\u00e9\u00e9es \u00e0 l&rsquo;ombre. Les chambres spacieuses avec salle de bains priv\u00e9e \u00e9taient \u00e9galement tr\u00e8s agr\u00e9ables. C&rsquo;est un endroit agr\u00e9able pour se d\u00e9tendre, mais vous ne devez pas vous ennuyer car il y a aussi beaucoup de choses \u00e0 faire !<\/p>\n<p><span style=\"color: #d4af37;\"><br \/>Maud Villa des Lunes <\/span><\/p>\n<p>[\/dsm_card_carousel_child][dsm_card_carousel_child admin_label=\u00a0\u00bb- Famille Hoogveld\u00a0\u00bb image=\u00a0\u00bbhttps:\/\/uniqbooking.com\/wp-content\/uploads\/2022\/11\/review-familie-hoogveld-200.jpg\u00a0\u00bb image_as_background=\u00a0\u00bboff\u00a0\u00bb image_width=\u00a0\u00bb75px\u00a0\u00bb image_alignment=\u00a0\u00bbcenter\u00a0\u00bb alt=\u00a0\u00bbR\u00fcckblick &#8211; Familie Hoogveld\u00a0\u00bb button_url_new_window=\u00a0\u00bb1&Prime; _builder_version=\u00a0\u00bb4.25.1&Prime; _module_preset=\u00a0\u00bbdefault\u00a0\u00bb custom_padding=\u00a0\u00bb|50px|||false|false\u00a0\u00bb custom_padding_tablet=\u00a0\u00bb|0px|||false|false\u00a0\u00bb custom_padding_phone=\u00a0\u00bb|25px|||false|false\u00a0\u00bb custom_padding_last_edited=\u00a0\u00bbon|desktop\u00a0\u00bb global_colors_info=\u00a0\u00bb{}\u00a0\u00bb parent_button=\u00a0\u00bboff\u00a0\u00bb parent_header_level=\u00a0\u00bbh4&Prime;]<\/p>\n<p>Nous avons pass\u00e9 quelques semaines merveilleuses au Plan de la Tour. La villa est spacieuse, propre et enti\u00e8rement \u00e9quip\u00e9e. Le petit village, avec ses boutiques et ses restaurants, respire encore l&rsquo;atmosph\u00e8re m\u00e9diterran\u00e9enne typique. La ville voisine de Ste. Maxime et St. Tropez valent le d\u00e9tour. En bref, il est vivement recommand\u00e9. L&rsquo;ann\u00e9e prochaine, c&rsquo;est s\u00fbr !<\/p>\n<p><span style=\"color: #d4af37;\"><br \/>Villa des Lunes de la famille Hoogveld<\/span><\/p>\n<p>[\/dsm_card_carousel_child][dsm_card_carousel_child admin_label=\u00a0\u00bb- Anonymer Gast &#8211; Novasol\u00a0\u00bb image=\u00a0\u00bbhttps:\/\/uniqbooking.com\/wp-content\/uploads\/2024\/07\/Novasol-2.png\u00a0\u00bb image_as_background=\u00a0\u00bboff\u00a0\u00bb image_width=\u00a0\u00bb75px\u00a0\u00bb image_alignment=\u00a0\u00bbcenter\u00a0\u00bb badge_url_new_window=\u00a0\u00bbon\u00a0\u00bb alt=\u00a0\u00bbR\u00fcckblick &#8211; Familie Hoogveld\u00a0\u00bb button_url_new_window=\u00a0\u00bb1&Prime; _builder_version=\u00a0\u00bb4.25.1&Prime; _module_preset=\u00a0\u00bbdefault\u00a0\u00bb custom_padding=\u00a0\u00bb|50px|||false|false\u00a0\u00bb custom_padding_tablet=\u00a0\u00bb|0px|||false|false\u00a0\u00bb custom_padding_phone=\u00a0\u00bb|25px|||false|false\u00a0\u00bb custom_padding_last_edited=\u00a0\u00bbon|desktop\u00a0\u00bb link_option_url=\u00a0\u00bbhttps:\/\/www.feefo.com\/de_DE\/reviews\/novasol-de\/64c45c90e4b0ddda81b732b9\/customer-review-\u00a0\u00bb global_colors_info=\u00a0\u00bb{}\u00a0\u00bb parent_button=\u00a0\u00bboff\u00a0\u00bb parent_header_level=\u00a0\u00bbh4&Prime;]<\/p>\n<p>Belle villa spacieuse et tr\u00e8s bien situ\u00e9e.<\/p>\n<p><span style=\"color: #d4af37;\"><br \/>Anonyme Guest Villa des Lunes &#8211; 2023 &#8211; Novasol<\/span><\/p>\n<p>[\/dsm_card_carousel_child][dsm_card_carousel_child admin_label=\u00a0\u00bb- Famille Ruberg &#8211; Novasol\u00a0\u00bb image=\u00a0\u00bbhttps:\/\/uniqbooking.com\/wp-content\/uploads\/2024\/07\/Novasol-2.png\u00a0\u00bb image_as_background=\u00a0\u00bboff\u00a0\u00bb image_width=\u00a0\u00bb75px\u00a0\u00bb image_alignment=\u00a0\u00bbcenter\u00a0\u00bb badge_url_new_window=\u00a0\u00bbon\u00a0\u00bb alt=\u00a0\u00bbR\u00fcckblick &#8211; Familie Hoogveld\u00a0\u00bb button_url_new_window=\u00a0\u00bb1&Prime; _builder_version=\u00a0\u00bb4.25.1&Prime; _module_preset=\u00a0\u00bbdefault\u00a0\u00bb custom_padding=\u00a0\u00bb|50px|||false|false\u00a0\u00bb custom_padding_tablet=\u00a0\u00bb|0px|||false|false\u00a0\u00bb custom_padding_phone=\u00a0\u00bb|25px|||false|false\u00a0\u00bb custom_padding_last_edited=\u00a0\u00bbon|desktop\u00a0\u00bb link_option_url=\u00a0\u00bbhttps:\/\/www.feefo.com\/de_DE\/reviews\/novasol-de\/64c45c90e4b0ddda81b732b9\/customer-review-\u00a0\u00bb global_colors_info=\u00a0\u00bb{}\u00a0\u00bb parent_button=\u00a0\u00bboff\u00a0\u00bb parent_header_level=\u00a0\u00bbh4&Prime;]<\/p>\n<p>Tr\u00e8s belle maison neuve avec 4 chambres et 3 salles de bains, mais il manque une armoire dans une chambre. Sinon, cuisine tr\u00e8s bien \u00e9quip\u00e9e, salon spacieux, belle piscine et terrasse. Transfert et r\u00e9servation faciles. Village charmant et populaire avec des magasins, des restaurants et une pharmacie accessibles \u00e0 pied.   <\/p>\n<p><span style=\"color: #d4af37;\"><br \/>Famille Ruberg Villa des Lunes &#8211; 2023 &#8211; Novasol<\/span><\/p>\n<p>[\/dsm_card_carousel_child][dsm_card_carousel_child admin_label=\u00a0\u00bb- Famille Ruberg &#8211; Novasol\u00a0\u00bb image=\u00a0\u00bbhttps:\/\/uniqbooking.com\/wp-content\/uploads\/2024\/07\/Novasol-2.png\u00a0\u00bb image_as_background=\u00a0\u00bboff\u00a0\u00bb image_width=\u00a0\u00bb75px\u00a0\u00bb image_alignment=\u00a0\u00bbcenter\u00a0\u00bb badge_url_new_window=\u00a0\u00bbon\u00a0\u00bb alt=\u00a0\u00bbR\u00fcckblick &#8211; Familie Hoogveld\u00a0\u00bb button_url_new_window=\u00a0\u00bb1&Prime; _builder_version=\u00a0\u00bb4.25.1&Prime; _module_preset=\u00a0\u00bbdefault\u00a0\u00bb custom_padding=\u00a0\u00bb|50px|||false|false\u00a0\u00bb custom_padding_tablet=\u00a0\u00bb|0px|||false|false\u00a0\u00bb custom_padding_phone=\u00a0\u00bb|25px|||false|false\u00a0\u00bb custom_padding_last_edited=\u00a0\u00bbon|desktop\u00a0\u00bb link_option_url=\u00a0\u00bbhttps:\/\/www.feefo.com\/de_DE\/reviews\/novasol-de\/64c45c90e4b0ddda81b732b9\/customer-review-\u00a0\u00bb global_colors_info=\u00a0\u00bb{}\u00a0\u00bb parent_button=\u00a0\u00bboff\u00a0\u00bb parent_header_level=\u00a0\u00bbh4&Prime;]<\/p>\n<p><span>Sehr sch\u00f6nes neuwertiges Haus mit 4 Schlafzimmern und 3 B\u00e4dern, jedoch fehlt in einem Zimmer ein Kleiderschrank.Ansonsten sehr gut ausgestattete K\u00fcche, gro\u00dfz\u00fcgiges Wohnzimmer und sch\u00f6ner Poolbereich und Terasse. \u00dcbergabe und Buchung unkompliziert. H\u00fcbsches und beliebtes klein Dorf mit Einkaufsm\u00f6glichkeiten, Restaurants und Apotheke fussl\u00e4ufig.<\/span><\/p>\n<p><span style=\"color: #d4af37;\"><br \/>Famille Ruberg Villa des Lunes &#8211; 2023 &#8211; Novasol<\/span><\/p>\n<p>[\/dsm_card_carousel_child][\/dsm_card_carousel][\/et_pb_column][\/et_pb_row][\/et_pb_section][et_pb_section fb_built=\u00a0\u00bb1&Prime; admin_label=\u00a0\u00bbNeem contact op\u00a0\u00bb _builder_version=\u00a0\u00bb4.18.0&Prime; _module_preset=\u00a0\u00bbdefault\u00a0\u00bb custom_padding=\u00a0\u00bb140px||140px|||\u00a0\u00bb global_colors_info=\u00a0\u00bb{}\u00a0\u00bb][et_pb_row admin_label=\u00a0\u00bbBande jaune\u00a0\u00bb _builder_version=\u00a0\u00bb4.18.0&Prime; _module_preset=\u00a0\u00bbdefault\u00a0\u00bb background_color=\u00a0\u00bb#D4AF37&Prime; positioning=\u00a0\u00bbabsolute\u00a0\u00bb vertical_offset=\u00a0\u00bb0px\u00a0\u00bb max_width=\u00a0\u00bb448px\u00a0\u00bb max_width_tablet=\u00a0\u00bb448px\u00a0\u00bb max_width_phone=\u00a0\u00bb160px\u00a0\u00bb max_width_last_edited=\u00a0\u00bbon|phone\u00a0\u00bb height=\u00a0\u00bb23px\u00a0\u00bb custom_padding=\u00a0\u00bb0px||0px||true|false\u00a0\u00bb locked=\u00a0\u00bboff\u00a0\u00bb global_colors_info=\u00a0\u00bb{}\u00a0\u00bb][et_pb_column type=\u00a0\u00bb4_4&Prime; _builder_version=\u00a0\u00bb4.18.0&Prime; _module_preset=\u00a0\u00bbdefault\u00a0\u00bb global_colors_info=\u00a0\u00bb{}\u00a0\u00bb][\/et_pb_column][\/et_pb_row][et_pb_row column_structure=\u00a0\u00bb3_5,2_5&Prime; _builder_version=\u00a0\u00bb4.18.0&Prime; _module_preset=\u00a0\u00bbdefault\u00a0\u00bb global_colors_info=\u00a0\u00bb{}\u00a0\u00bb][et_pb_column type=\u00a0\u00bb3_5&Prime; _builder_version=\u00a0\u00bb4.18.0&Prime; _module_preset=\u00a0\u00bbdefault\u00a0\u00bb custom_padding_tablet=\u00a0\u00bb||50px||false|false\u00a0\u00bb custom_padding_last_edited=\u00a0\u00bboff|tablet\u00a0\u00bb global_colors_info=\u00a0\u00bb{}\u00a0\u00bb][et_pb_text _builder_version=\u00a0\u00bb4.18.0&Prime; _module_preset=\u00a0\u00bbdefault\u00a0\u00bb header_2_text_align=\u00a0\u00bbleft\u00a0\u00bb header_2_font_size_tablet=\u00a0\u00bb\u00a0\u00bb header_2_font_size_phone=\u00a0\u00bb40px\u00a0\u00bb header_2_font_size_last_edited=\u00a0\u00bbon|phone\u00a0\u00bb header_2_line_height_tablet=\u00a0\u00bb\u00a0\u00bb header_2_line_height_phone=\u00a0\u00bb50px\u00a0\u00bb header_2_line_height_last_edited=\u00a0\u00bbon|phone\u00a0\u00bb locked=\u00a0\u00bboff\u00a0\u00bb global_colors_info=\u00a0\u00bb{}\u00a0\u00bb]<\/p>\n<h2>Pouvons-nous vous aider ?<\/h2>\n<p>[\/et_pb_text][et_pb_text _builder_version=\u00a0\u00bb4.18.0&Prime; _module_preset=\u00a0\u00bbdefault\u00a0\u00bb text_line_height=\u00a0\u00bb30px\u00a0\u00bb max_width=\u00a0\u00bb590px\u00a0\u00bb locked=\u00a0\u00bboff\u00a0\u00bb global_colors_info=\u00a0\u00bb{}\u00a0\u00bb]<\/p>\n<p><span>Je me ferai un plaisir de vous aider par e-mail ou par chat.<\/span><br \/><span>Vous pr\u00e9f\u00e9rez appeler ? Bien s\u00fbr, cela aussi est possible.<\/span><\/p>\n<p>[\/et_pb_text][dsm_button button_one_text=\u00a0\u00bbChat avec nous\u00a0\u00bb button_two_text=\u00a0\u00bb+31 (0)6 &#8211; 29 45 31 81&Prime; button_two_url_type=\u00a0\u00bbphone\u00a0\u00bb button_two_phone_number=\u00a0\u00bb0031629453181&Prime; remove_separator_text_on_mobile=\u00a0\u00bbon\u00a0\u00bb _builder_version=\u00a0\u00bb4.25.1&Prime; _module_preset=\u00a0\u00bbdefault\u00a0\u00bb custom_button_one=\u00a0\u00bbon\u00a0\u00bb button_one_icon=\u00a0\u00bb&#xf086;||fa||400&Prime; button_one_icon_placement=\u00a0\u00bbleft\u00a0\u00bb button_one_on_hover=\u00a0\u00bboff\u00a0\u00bb button_one_custom_padding=\u00a0\u00bb|25px||40px|false|false\u00a0\u00bb custom_button_two=\u00a0\u00bbon\u00a0\u00bb button_two_text_size=\u00a0\u00bb20px\u00a0\u00bb button_two_border_width=\u00a0\u00bb0px\u00a0\u00bb button_two_icon=\u00a0\u00bb&#xf879;||fa||900&Prime; button_two_icon_placement=\u00a0\u00bbleft\u00a0\u00bb button_two_on_hover=\u00a0\u00bboff\u00a0\u00bb button_two_custom_margin_tablet=\u00a0\u00bb\u00a0\u00bb button_two_custom_margin_phone=\u00a0\u00bb|||0px|false|false\u00a0\u00bb button_two_custom_margin_last_edited=\u00a0\u00bbon|phone\u00a0\u00bb button_two_custom_padding=\u00a0\u00bb|25px||40px|false|false\u00a0\u00bb global_colors_info=\u00a0\u00bb{}\u00a0\u00bb][\/dsm_button][\/et_pb_column][et_pb_column type=\u00a0\u00bb2_5&Prime; admin_label=\u00a0\u00bbBureau\u00a0\u00bb disabled_on=\u00a0\u00bbon|on|off\u00a0\u00bb _builder_version=\u00a0\u00bb4.18.0&Prime; _module_preset=\u00a0\u00bbdefault\u00a0\u00bb global_colors_info=\u00a0\u00bb{}\u00a0\u00bb][et_pb_divider color=\u00a0\u00bb#EDF5FC\u00a0\u00bb divider_weight=\u00a0\u00bb400px\u00a0\u00bb _builder_version=\u00a0\u00bb4.18.0&Prime; _module_preset=\u00a0\u00bbdefault\u00a0\u00bb positioning=\u00a0\u00bbabsolute\u00a0\u00bb position_origin_a=\u00a0\u00bbcenter_right\u00a0\u00bb horizontal_offset=\u00a0\u00bb-55px\u00a0\u00bb width=\u00a0\u00bb450px\u00a0\u00bb max_width=\u00a0\u00bb450px\u00a0\u00bb height=\u00a0\u00bb400px\u00a0\u00bb global_colors_info=\u00a0\u00bb{}\u00a0\u00bb][\/et_pb_divider][et_pb_image src=\u00a0\u00bbhttps:\/\/uniqbooking.com\/wp-content\/uploads\/2022\/11\/Kunnen-we-je-helpen-2.png\u00a0\u00bb alt=\u00a0\u00bbPouvons-nous vous aider ?\u00a0\u00bb title_text=\u00a0\u00bbPouvons-nous vous aider ?\u00a0\u00bb _builder_version=\u00a0\u00bb4.18.0&Prime; _module_preset=\u00a0\u00bbdefault\u00a0\u00bb z_index=\u00a0\u00bb1&Prime; global_colors_info=\u00a0\u00bb{}\u00a0\u00bb][\/et_pb_image][\/et_pb_column][\/et_pb_row][\/et_pb_section]<\/p>\n","protected":false},"excerpt":{"rendered":"<p>Vos vacances de r\u00eave uniques commencent ici.15% r\u00e9duction sur votre s\u00e9jour en mai 2026 Utilisez le code : HELLOMAY Villas de vacances exclusives dans des lieux uniques.D\u00e9couvrez la C\u00f4te d&rsquo;Azur sous son meilleur jour &#8211; avec toute la famille. Nos villas et maisons de vacances attrayantes sont situ\u00e9es au c\u0153ur d&rsquo;une r\u00e9gion o\u00f9 il y a toujours quelque chose \u00e0 faire : des plages ensoleill\u00e9es et des march\u00e9s anim\u00e9s aux villages pittoresques et aux aventures dans la nature. Avec UniqBooking, vous profiterez de l&rsquo;espace, du confort et de l&rsquo;intimit\u00e9, tout en cr\u00e9ant des souvenirs inoubliables. Et pour ceux qui veulent r\u00eaver plus loin, nous louons \u00e9galement une magnifique maison en Floride, situ\u00e9e dans le complexe exclusif TradeWinds Homosassa Marina Resort.Notre offre.Notre offre.Floride, \u00c9tats-UnisSignature @ TradeWinds HomosassaD\u00e9couvrez notre toute nouvelle Villa-on-Stilts (2025) : avec 3 chambres g\u00e9n\u00e9reuses, 2 salles de bains modernes et un salon spacieux, il y a assez de place pour 6 personnes. Sur la terrasse ensoleill\u00e9e de 53 m\u00b2, vous pourrez vous amuser en famille ou entre amis, tandis que le barbecue est pr\u00eat pour les longues soir\u00e9es ensoleill\u00e9es. Prix par semaine \u00e0 partir de \u20ac 1,680Plan de la Tour, FranceVilla des LunesVilla ind\u00e9pendante enti\u00e8rement r\u00e9nov\u00e9e avec un [&hellip;]<\/p>\n","protected":false},"author":3375,"featured_media":0,"parent":0,"menu_order":0,"comment_status":"closed","ping_status":"closed","template":"","meta":{"_et_pb_use_builder":"on","_et_pb_old_content":"","_et_gb_content_width":"","footnotes":""},"class_list":["post-2116","page","type-page","status-publish","hentry"],"yoast_head":"<!-- This site is optimized with the Yoast SEO plugin v27.5 - https:\/\/yoast.com\/product\/yoast-seo-wordpress\/ -->\n<title>UniqBooking | Vos vacances de r\u00eave uniques commencent ici.<\/title>\n<meta name=\"description\" content=\"Villas de vacances exclusives dans des lieux uniques. Profitez du confort et de l&#039;intimit\u00e9 tout en vous \u00e9loignant des foules. Villas avec piscine priv\u00e9e.\" \/>\n<meta name=\"robots\" content=\"index, follow, max-snippet:-1, max-image-preview:large, max-video-preview:-1\" \/>\n<link rel=\"canonical\" href=\"https:\/\/uniqbooking.com\/fr\/\" \/>\n<meta property=\"og:locale\" content=\"fr_FR\" \/>\n<meta property=\"og:type\" content=\"article\" \/>\n<meta property=\"og:title\" content=\"UniqBooking | Vos vacances de r\u00eave uniques commencent ici.\" \/>\n<meta property=\"og:description\" content=\"Villas de vacances exclusives dans des lieux uniques. Profitez du confort et de l&#039;intimit\u00e9 tout en vous \u00e9loignant des foules. Villas avec piscine priv\u00e9e.\" \/>\n<meta property=\"og:url\" content=\"https:\/\/uniqbooking.com\/fr\/\" \/>\n<meta property=\"og:site_name\" content=\"Uniqbooking\" \/>\n<meta property=\"article:modified_time\" content=\"2026-03-25T14:14:54+00:00\" \/>\n<meta name=\"twitter:card\" content=\"summary_large_image\" \/>\n<meta name=\"twitter:label1\" content=\"Dur\u00e9e de lecture estim\u00e9e\" \/>\n\t<meta name=\"twitter:data1\" content=\"45 minutes\" \/>\n<script type=\"application\/ld+json\" class=\"yoast-schema-graph\">{\"@context\":\"https:\\\/\\\/schema.org\",\"@graph\":[{\"@type\":\"WebPage\",\"@id\":\"https:\\\/\\\/uniqbooking.com\\\/fr\\\/\",\"url\":\"https:\\\/\\\/uniqbooking.com\\\/fr\\\/\",\"name\":\"UniqBooking | Vos vacances de r\u00eave uniques commencent ici.\",\"isPartOf\":{\"@id\":\"https:\\\/\\\/uniqbooking.com\\\/fr\\\/#website\"},\"datePublished\":\"2022-09-07T13:43:48+00:00\",\"dateModified\":\"2026-03-25T14:14:54+00:00\",\"description\":\"Villas de vacances exclusives dans des lieux uniques. Profitez du confort et de l'intimit\u00e9 tout en vous \u00e9loignant des foules. Villas avec piscine priv\u00e9e.\",\"breadcrumb\":{\"@id\":\"https:\\\/\\\/uniqbooking.com\\\/fr\\\/#breadcrumb\"},\"inLanguage\":\"fr-FR\",\"potentialAction\":[{\"@type\":\"ReadAction\",\"target\":[\"https:\\\/\\\/uniqbooking.com\\\/fr\\\/\"]}]},{\"@type\":\"BreadcrumbList\",\"@id\":\"https:\\\/\\\/uniqbooking.com\\\/fr\\\/#breadcrumb\",\"itemListElement\":[{\"@type\":\"ListItem\",\"position\":1,\"name\":\"Home\",\"item\":\"https:\\\/\\\/uniqbooking.com\\\/fr\\\/\"},{\"@type\":\"ListItem\",\"position\":2,\"name\":\"Page d&#8217;accueil\"}]},{\"@type\":\"WebSite\",\"@id\":\"https:\\\/\\\/uniqbooking.com\\\/fr\\\/#website\",\"url\":\"https:\\\/\\\/uniqbooking.com\\\/fr\\\/\",\"name\":\"Uniqbooking\",\"description\":\"\",\"publisher\":{\"@id\":\"https:\\\/\\\/uniqbooking.com\\\/fr\\\/#organization\"},\"alternateName\":\"Uniqbooking\",\"potentialAction\":[{\"@type\":\"SearchAction\",\"target\":{\"@type\":\"EntryPoint\",\"urlTemplate\":\"https:\\\/\\\/uniqbooking.com\\\/fr\\\/?s={search_term_string}\"},\"query-input\":{\"@type\":\"PropertyValueSpecification\",\"valueRequired\":true,\"valueName\":\"search_term_string\"}}],\"inLanguage\":\"fr-FR\"},{\"@type\":\"Organization\",\"@id\":\"https:\\\/\\\/uniqbooking.com\\\/fr\\\/#organization\",\"name\":\"Uniqbooking\",\"alternateName\":\"Uniqbooking\",\"url\":\"https:\\\/\\\/uniqbooking.com\\\/fr\\\/\",\"logo\":{\"@type\":\"ImageObject\",\"inLanguage\":\"fr-FR\",\"@id\":\"https:\\\/\\\/uniqbooking.com\\\/fr\\\/#\\\/schema\\\/logo\\\/image\\\/\",\"url\":\"https:\\\/\\\/uniqbooking.com\\\/wp-content\\\/uploads\\\/2022\\\/09\\\/Logo-UniqBooking.png\",\"contentUrl\":\"https:\\\/\\\/uniqbooking.com\\\/wp-content\\\/uploads\\\/2022\\\/09\\\/Logo-UniqBooking.png\",\"width\":1839,\"height\":540,\"caption\":\"Uniqbooking\"},\"image\":{\"@id\":\"https:\\\/\\\/uniqbooking.com\\\/fr\\\/#\\\/schema\\\/logo\\\/image\\\/\"}}]}<\/script>\n<!-- \/ Yoast SEO plugin. -->","yoast_head_json":{"title":"UniqBooking | Vos vacances de r\u00eave uniques commencent ici.","description":"Villas de vacances exclusives dans des lieux uniques. Profitez du confort et de l'intimit\u00e9 tout en vous \u00e9loignant des foules. Villas avec piscine priv\u00e9e.","robots":{"index":"index","follow":"follow","max-snippet":"max-snippet:-1","max-image-preview":"max-image-preview:large","max-video-preview":"max-video-preview:-1"},"canonical":"https:\/\/uniqbooking.com\/fr\/","og_locale":"fr_FR","og_type":"article","og_title":"UniqBooking | Vos vacances de r\u00eave uniques commencent ici.","og_description":"Villas de vacances exclusives dans des lieux uniques. Profitez du confort et de l'intimit\u00e9 tout en vous \u00e9loignant des foules. Villas avec piscine priv\u00e9e.","og_url":"https:\/\/uniqbooking.com\/fr\/","og_site_name":"Uniqbooking","article_modified_time":"2026-03-25T14:14:54+00:00","twitter_card":"summary_large_image","twitter_misc":{"Dur\u00e9e de lecture estim\u00e9e":"45 minutes"},"schema":{"@context":"https:\/\/schema.org","@graph":[{"@type":"WebPage","@id":"https:\/\/uniqbooking.com\/fr\/","url":"https:\/\/uniqbooking.com\/fr\/","name":"UniqBooking | Vos vacances de r\u00eave uniques commencent ici.","isPartOf":{"@id":"https:\/\/uniqbooking.com\/fr\/#website"},"datePublished":"2022-09-07T13:43:48+00:00","dateModified":"2026-03-25T14:14:54+00:00","description":"Villas de vacances exclusives dans des lieux uniques. Profitez du confort et de l'intimit\u00e9 tout en vous \u00e9loignant des foules. Villas avec piscine priv\u00e9e.","breadcrumb":{"@id":"https:\/\/uniqbooking.com\/fr\/#breadcrumb"},"inLanguage":"fr-FR","potentialAction":[{"@type":"ReadAction","target":["https:\/\/uniqbooking.com\/fr\/"]}]},{"@type":"BreadcrumbList","@id":"https:\/\/uniqbooking.com\/fr\/#breadcrumb","itemListElement":[{"@type":"ListItem","position":1,"name":"Home","item":"https:\/\/uniqbooking.com\/fr\/"},{"@type":"ListItem","position":2,"name":"Page d&#8217;accueil"}]},{"@type":"WebSite","@id":"https:\/\/uniqbooking.com\/fr\/#website","url":"https:\/\/uniqbooking.com\/fr\/","name":"Uniqbooking","description":"","publisher":{"@id":"https:\/\/uniqbooking.com\/fr\/#organization"},"alternateName":"Uniqbooking","potentialAction":[{"@type":"SearchAction","target":{"@type":"EntryPoint","urlTemplate":"https:\/\/uniqbooking.com\/fr\/?s={search_term_string}"},"query-input":{"@type":"PropertyValueSpecification","valueRequired":true,"valueName":"search_term_string"}}],"inLanguage":"fr-FR"},{"@type":"Organization","@id":"https:\/\/uniqbooking.com\/fr\/#organization","name":"Uniqbooking","alternateName":"Uniqbooking","url":"https:\/\/uniqbooking.com\/fr\/","logo":{"@type":"ImageObject","inLanguage":"fr-FR","@id":"https:\/\/uniqbooking.com\/fr\/#\/schema\/logo\/image\/","url":"https:\/\/uniqbooking.com\/wp-content\/uploads\/2022\/09\/Logo-UniqBooking.png","contentUrl":"https:\/\/uniqbooking.com\/wp-content\/uploads\/2022\/09\/Logo-UniqBooking.png","width":1839,"height":540,"caption":"Uniqbooking"},"image":{"@id":"https:\/\/uniqbooking.com\/fr\/#\/schema\/logo\/image\/"}}]}},"_links":{"self":[{"href":"https:\/\/uniqbooking.com\/fr\/wp-json\/wp\/v2\/pages\/2116","targetHints":{"allow":["GET"]}}],"collection":[{"href":"https:\/\/uniqbooking.com\/fr\/wp-json\/wp\/v2\/pages"}],"about":[{"href":"https:\/\/uniqbooking.com\/fr\/wp-json\/wp\/v2\/types\/page"}],"author":[{"embeddable":true,"href":"https:\/\/uniqbooking.com\/fr\/wp-json\/wp\/v2\/users\/3375"}],"replies":[{"embeddable":true,"href":"https:\/\/uniqbooking.com\/fr\/wp-json\/wp\/v2\/comments?post=2116"}],"version-history":[{"count":214,"href":"https:\/\/uniqbooking.com\/fr\/wp-json\/wp\/v2\/pages\/2116\/revisions"}],"predecessor-version":[{"id":6352,"href":"https:\/\/uniqbooking.com\/fr\/wp-json\/wp\/v2\/pages\/2116\/revisions\/6352"}],"wp:attachment":[{"href":"https:\/\/uniqbooking.com\/fr\/wp-json\/wp\/v2\/media?parent=2116"}],"curies":[{"name":"wp","href":"https:\/\/api.w.org\/{rel}","templated":true}]}}