{"id":2439,"date":"2022-11-17T11:29:30","date_gmt":"2022-11-17T10:29:30","guid":{"rendered":"https:\/\/uniqbooking.com\/cote-dazur\/"},"modified":"2025-01-24T10:40:52","modified_gmt":"2025-01-24T09:40:52","slug":"cote-dazur","status":"publish","type":"page","link":"https:\/\/uniqbooking.com\/de\/cote-dazur\/","title":{"rendered":"C\u00f4te d&#8217;Azur"},"content":{"rendered":"<p>[et_pb_section fb_built=&#8220;1&#8243; _builder_version=&#8220;4.18.0&#8243; _module_preset=&#8220;default&#8220; custom_padding=&#8220;0px||0px||true|false&#8220; locked=&#8220;off&#8220; global_colors_info=&#8220;{}&#8220;][et_pb_row column_structure=&#8220;1_2,1_2&#8243; use_custom_gutter=&#8220;on&#8220; gutter_width=&#8220;1&#8243; make_equal=&#8220;on&#8220; _builder_version=&#8220;4.18.0&#8243; _module_preset=&#8220;df45ef97-52d1-453b-909c-3af4cd993394&#8243; width=&#8220;100%&#8220; width_tablet=&#8220;100%&#8220; width_phone=&#8220;100%&#8220; max_width=&#8220;100%&#8220; max_width_tablet=&#8220;100%&#8220; max_width_phone=&#8220;100%&#8220; max_width_last_edited=&#8220;on|phone&#8220; custom_padding=&#8220;0px||0px||true|false&#8220; global_colors_info=&#8220;{}&#8220;][et_pb_column type=&#8220;1_2&#8243; admin_label=&#8220;Maison Bambou&#8220; _builder_version=&#8220;4.18.0&#8243; _module_preset=&#8220;default&#8220; background_image=&#8220;https:\/\/uniqbooking.com\/wp-content\/uploads\/2022\/11\/Ste.-Maxime-1-1024&#215;565-1.jpg&#8220; background_enable_video_mp4=&#8220;off&#8220; global_colors_info=&#8220;{}&#8220;][et_pb_divider show_divider=&#8220;off&#8220; _builder_version=&#8220;4.18.0&#8243; _module_preset=&#8220;default&#8220; custom_padding_tablet=&#8220;200px||200px||true|false&#8220; custom_padding_phone=&#8220;200px||200px||true|false&#8220; custom_padding_last_edited=&#8220;on|tablet&#8220; global_colors_info=&#8220;{}&#8220;][\/et_pb_divider][\/et_pb_column][et_pb_column type=&#8220;1_2&#8243; _builder_version=&#8220;4.18.0&#8243; _module_preset=&#8220;default&#8220; background_color=&#8220;#EDF5FC&#8220; custom_padding=&#8220;75px|125px|75px|125px|true|true&#8220; custom_padding_tablet=&#8220;|10%||10%|true|true&#8220; custom_padding_phone=&#8220;|5%||5%|true|true&#8220; custom_padding_last_edited=&#8220;on|tablet&#8220; global_colors_info=&#8220;{}&#8220;][et_pb_text _builder_version=&#8220;4.18.0&#8243; _module_preset=&#8220;0794286a-f05a-44a9-bea1-7f37b3eb0170&#8243; text_text_color=&#8220;#D4AF37&#8243; custom_margin=&#8220;||15px||false|false&#8220; custom_padding=&#8220;||0px|||&#8220; global_colors_info=&#8220;{}&#8220;]<\/p>\n<p><span>C\u00f4te d&#8217;Azur &#8211; Frankreich<\/span><\/p>\n<p>[\/et_pb_text][et_pb_text _builder_version=&#8220;4.18.0&#8243; _module_preset=&#8220;0794286a-f05a-44a9-bea1-7f37b3eb0170&#8243; header_line_height=&#8220;67px&#8220; custom_margin=&#8220;||20px||false|false&#8220; header_font_size_tablet=&#8220;&#8220; header_font_size_phone=&#8220;40px&#8220; header_font_size_last_edited=&#8220;on|phone&#8220; header_line_height_tablet=&#8220;67px&#8220; header_line_height_phone=&#8220;50px&#8220; header_line_height_last_edited=&#8220;on|phone&#8220; global_colors_info=&#8220;{}&#8220;]<\/p>\n<h1>Plan de la Tour &#8211; Departement Var<\/h1>\n<p>[\/et_pb_text][et_pb_text _builder_version=&#8220;4.18.0&#8243; _module_preset=&#8220;0794286a-f05a-44a9-bea1-7f37b3eb0170&#8243; text_line_height=&#8220;1.8em&#8220; width=&#8220;70%&#8220; width_tablet=&#8220;70%&#8220; width_phone=&#8220;100%&#8220; width_last_edited=&#8220;on|phone&#8220; global_colors_info=&#8220;{}&#8220;]<\/p>\n<p>Le Plan de la Tour ist ein kleines Dorf in der VAR, in der Region Provence der Alpes-C\u00f4te d&#8217;Azur.<\/p>\n<p>Dieses charmante, provenzalische Dorf im Herzen der H\u00fcgel liegt in der N\u00e4he bekannter Orte wie <a href=\"https:\/\/www.france-voyage.com\/frankrijk-toerisme\/saint-tropez-759.htm\">Saint Tropez<\/a>, <a href=\"https:\/\/www.france-voyage.com\/frankrijk-toerisme\/grimaud-774.htm\">Grimaud<\/a>, <a href=\"https:\/\/www.france-voyage.com\/frankrijk-toerisme\/ramatuelle-760.htm\">Ramatuelle<\/a> oder <a href=\"https:\/\/www.france-voyage.com\/frankrijk-steden\/sainte-maxime-33520.htm\">Sainte Maxime<\/a>.<\/p>\n<p>Er ist von dichten Kiefern-, Eichen- und Kastanienw\u00e4ldern umgeben. Die Menschen hier f\u00fchren einen einfachen Lebensstil, und das Dorf liegt abseits der Hektik des Stadtlebens. Le Plan de la Tour befindet sich im Herzen des Massif des Maures.<\/p>\n<p>[\/et_pb_text][\/et_pb_column][\/et_pb_row][\/et_pb_section][et_pb_section fb_built=&#8220;1&#8243; _builder_version=&#8220;4.18.0&#8243; _module_preset=&#8220;default&#8220; custom_margin=&#8220;||75px||false|false&#8220; custom_padding=&#8220;||0px|||&#8220; locked=&#8220;off&#8220; global_colors_info=&#8220;{}&#8220;][et_pb_row _builder_version=&#8220;4.18.0&#8243; _module_preset=&#8220;df45ef97-52d1-453b-909c-3af4cd993394&#8243; max_width=&#8220;740px&#8220; module_alignment=&#8220;center&#8220; global_colors_info=&#8220;{}&#8220;][et_pb_column type=&#8220;4_4&#8243; _builder_version=&#8220;4.18.0&#8243; _module_preset=&#8220;default&#8220; global_colors_info=&#8220;{}&#8220;][et_pb_text _builder_version=&#8220;4.18.0&#8243; _module_preset=&#8220;0794286a-f05a-44a9-bea1-7f37b3eb0170&#8243; header_2_font_size=&#8220;30px&#8220; header_2_line_height=&#8220;40px&#8220; global_colors_info=&#8220;{}&#8220;]<\/p>\n<h2><strong>Saint-Tropez<\/strong><\/h2>\n<p>[\/et_pb_text][et_pb_text _builder_version=&#8220;4.18.0&#8243; _module_preset=&#8220;0794286a-f05a-44a9-bea1-7f37b3eb0170&#8243; custom_padding=&#8220;||3px|||&#8220; global_colors_info=&#8220;{}&#8220;]<\/p>\n<p>Saint-Tropez ist einer der bekanntesten Badeorte an der C\u00f4te d&#8217;Azur. In dieser K\u00fcstenstadt leben nur etwa 6.000 Menschen, aber sie wird jedes Jahr von mehr als 5 Millionen Touristen besucht. Die Stadt hat einen attraktiven Jachthafen mit netten Restaurants. Lassen Sie sich von den luxuri\u00f6sen Schiffen und Yachten, die in diesem Hafen liegen, beeindrucken. Au\u00dferdem gibt es in der Stadt malerische Gesch\u00e4fte, kleine Stra\u00dfen und h\u00fcbsche Pl\u00e4tze.<\/p>\n<p>Auf einem H\u00fcgel befindet sich das Fort la Citadelle. Das Fort aus dem Jahr 1605 ist heute ein Museum, das besichtigt werden kann. Von der Festung aus haben Sie einen atemberaubenden Blick \u00fcber die Stadt und das Mittelmeer. Ein Besuch lohnt sich also auf jeden Fall!<\/p>\n<p>[\/et_pb_text][\/et_pb_column][\/et_pb_row][et_pb_row _builder_version=&#8220;4.18.0&#8243; _module_preset=&#8220;df45ef97-52d1-453b-909c-3af4cd993394&#8243; max_width=&#8220;740px&#8220; module_alignment=&#8220;center&#8220; global_colors_info=&#8220;{}&#8220;][et_pb_column type=&#8220;4_4&#8243; _builder_version=&#8220;4.18.0&#8243; _module_preset=&#8220;default&#8220; global_colors_info=&#8220;{}&#8220;][et_pb_text _builder_version=&#8220;4.18.0&#8243; _module_preset=&#8220;0794286a-f05a-44a9-bea1-7f37b3eb0170&#8243; header_2_font_size=&#8220;30px&#8220; header_2_line_height=&#8220;40px&#8220; global_colors_info=&#8220;{}&#8220;]<\/p>\n<h2><strong>Gorges du Verdon<\/strong><\/h2>\n<p>[\/et_pb_text][et_pb_text _builder_version=&#8220;4.18.0&#8243; _module_preset=&#8220;0794286a-f05a-44a9-bea1-7f37b3eb0170&#8243; custom_padding=&#8220;||3px|||&#8220; global_colors_info=&#8220;{}&#8220;]<\/p>\n<p>Die Gorges du Verdon befinden sich im Landesinneren des Var. Es handelt sich um eine gigantische Schlucht mit einer L\u00e4nge von 25 Kilometern und bis zu 700 Meter hohen Felsw\u00e4nden. Kein Wunder, dass diese Schlucht oft als der europ\u00e4ische Grand Canyon bezeichnet wird. Das kristallklare Wasser, die steilen W\u00e4nde und die vielf\u00e4ltige Vegetation machen das Gebiet zu einem idealen Ziel f\u00fcr Wanderer und Naturliebhaber.<\/p>\n<p>Die Gorges du Verdon enden im Lac de Sainte-Croix. Dieser Stausee ist der Eingang zu den Gorges du Verdon. An diesem See gibt es mehrere M\u00f6glichkeiten, Kanus, Kajaks, Tretboote und Motorboote zu mieten, um durch die Schlucht zu fahren. Sie k\u00f6nnen die Schlucht auch mit dem Auto besichtigen.  <\/p>\n<p>[\/et_pb_text][et_pb_text _builder_version=&#8220;4.18.0&#8243; _module_preset=&#8220;0794286a-f05a-44a9-bea1-7f37b3eb0170&#8243; header_2_font_size=&#8220;30px&#8220; header_2_line_height=&#8220;40px&#8220; global_colors_info=&#8220;{}&#8220;]<\/p>\n<h2><strong>Ramatuelle<\/strong><\/h2>\n<p>[\/et_pb_text][et_pb_text _builder_version=&#8220;4.18.0&#8243; _module_preset=&#8220;0794286a-f05a-44a9-bea1-7f37b3eb0170&#8243; custom_padding=&#8220;||3px|||&#8220; global_colors_info=&#8220;{}&#8220;]<\/p>\n<p>Ramatuelle liegt auf einer H\u00fcgelkuppe und seine engen Gassen umkreisen das Zentrum. Das wichtigste historische Denkmal ist die im 16. Jahrhundert erbaute Kirche Notre Dame. Der Glockenturm diente auch als Aussichtspunkt. Wenn Sie Ramatuelle besuchen, m\u00fcssen Sie das Auto au\u00dferhalb der Stadt parken. Von diesem Parkplatz aus haben Sie einen fantastischen Blick auf die umliegenden Weinberge und<span> <\/span><a href=\"https:\/\/www.cotedazur.nl\/5x-mooie-zandstranden-aan-cote-dazur\/\" target=\"_blank\" rel=\"noopener\">der Strand von Pampelonne<\/a><span> <\/span>mit dem hohen Leuchtturm auf dem Cap Camarat. Dieser Leuchtturm ist der zweith\u00f6chste Frankreichs, kann aber leider nicht bestiegen werden.<\/p>\n<p>Ramatuelle ist ein echtes Zentrum f\u00fcr Kunst und Kunsthandwerk und es gibt viele kleine Galerien zu besichtigen. Die engen Gassen und bunten H\u00e4user, die mit duftenden Bougainville-Bl\u00fcten bedeckt sind, bilden eine malerische Kulisse f\u00fcr einen gem\u00fctlichen Spaziergang. Im Sommer kommen viele Musikliebhaber nach Ramatuelle zu den Musikfestivals wie dem Festival der klassischen Musik und &#8222;Jazz \u00e0 Ramatuelle&#8220; im August.<\/p>\n<p>Ramatuelle ist vor allem f\u00fcr seinen ber\u00fchmten Strand Pampelonne bekannt. Dieser nicht weniger als f\u00fcnf Kilometer lange, feinsandige Strand hat kristallklares Wasser und zahlreiche Buchten und Einbuchtungen. Er erstreckt sich von Cap Pinet bis Cap Camerat. Am Strand gibt es mehr als 25 Strandbars, darunter das angesagte Tahiti Plage und den Club 55. Der Strand von Pampelonne war Schauplatz der Landung der Alliierten im Jahr 1944, die die Befreiung Frankreichs einleitete.<\/p>\n<p>[\/et_pb_text][et_pb_text _builder_version=&#8220;4.18.0&#8243; _module_preset=&#8220;0794286a-f05a-44a9-bea1-7f37b3eb0170&#8243; header_2_font_size=&#8220;30px&#8220; header_2_line_height=&#8220;40px&#8220; global_colors_info=&#8220;{}&#8220;]<\/p>\n<h2><strong>Grimaud<\/strong><\/h2>\n<p>[\/et_pb_text][et_pb_text _builder_version=&#8220;4.18.0&#8243; _module_preset=&#8220;0794286a-f05a-44a9-bea1-7f37b3eb0170&#8243; custom_padding=&#8220;||3px|||&#8220; global_colors_info=&#8220;{}&#8220;]<\/p>\n<p>Die Geschichte von Grimaud reicht bis in die gallo-r\u00f6mische Zeit zur\u00fcck. Jahrhundertelang war das Dorf der wichtigste Ort in der Gegend. Die Bucht im Meer tr\u00e4gt seit langem den Namen &#8222;Golf von Grimaud&#8220;. Gegen Ende des 19. Jahrhunderts wurde der Name in &#8222;Golf von St. Tropez&#8220; ge\u00e4ndert.<br \/>Die Spuren der Vergangenheit sind in Grimaud gut zu erkennen. Viele Geb\u00e4ude weisen architektonische Elemente auf, wie S\u00e4ulen, Kapitelle, Statuen, einen Okulus oder eine provenzalische Frau, die sich \u00fcber den Balkon am Place du March\u00e9 beugt. Die Altstadt hat enge Gassen mit sch\u00f6nen H\u00e4usern. Wichtige Strukturen sind:<\/p>\n<ul>\n<li>Die<span> <\/span><strong>Burgruinen<\/strong><span> <\/span>&#8211; Erbaut im 11.<span> <\/span>Jahrhundert sind einige Teile restauriert worden. Von diesem hoch gelegenen Aussichtspunkt aus hat man einen gro\u00dfartigen Blick auf die Umgebung.<\/li>\n<li>Die<span> <\/span><strong>Kirche des Franz von Assisi<\/strong><\/li>\n<li><strong>\u00c9glise St. Michel<\/strong><span> <\/span>aus dem 12. Jahrhundert<\/li>\n<li><strong>St. Rochus-Kapelle<\/strong><\/li>\n<li><strong>Kapelle Notre Dame de la Queste<\/strong><\/li>\n<li><strong>Kapelle der B\u00fc\u00dfer<\/strong><\/li>\n<li><strong>Pont des F\u00e9es<\/strong><span> <\/span>&#8211; Teil eines ausgekl\u00fcgelten Systems zur Versorgung des Dorfes mit Wasser<\/li>\n<li><strong>Moulin St. Rochus<\/strong><span> <\/span>&#8211; Alte Dorfm\u00fchle seit 1990 wieder in Betrieb<\/li>\n<\/ul>\n<p>[\/et_pb_text][\/et_pb_column][\/et_pb_row][\/et_pb_section][et_pb_section fb_built=&#8220;1&#8243; custom_padding_last_edited=&#8220;off|tablet&#8220; _builder_version=&#8220;4.18.0&#8243; _module_preset=&#8220;default&#8220; background_color=&#8220;#EDF5FC&#8220; custom_margin=&#8220;||||false&#8220; custom_padding=&#8220;||0px|||&#8220; custom_padding_tablet=&#8220;||||false|false&#8220; locked=&#8220;off&#8220; global_colors_info=&#8220;{}&#8220;][et_pb_row _builder_version=&#8220;4.18.0&#8243; _module_preset=&#8220;default&#8220; global_colors_info=&#8220;{}&#8220;][et_pb_column type=&#8220;4_4&#8243; _builder_version=&#8220;4.18.0&#8243; _module_preset=&#8220;default&#8220; global_colors_info=&#8220;{}&#8220;][et_pb_text _builder_version=&#8220;4.18.0&#8243; _module_preset=&#8220;default&#8220; header_2_font_size_tablet=&#8220;&#8220; header_2_font_size_phone=&#8220;40px&#8220; header_2_font_size_last_edited=&#8220;on|phone&#8220; header_2_line_height_tablet=&#8220;&#8220; header_2_line_height_phone=&#8220;50px&#8220; header_2_line_height_last_edited=&#8220;on|phone&#8220; locked=&#8220;off&#8220; global_colors_info=&#8220;{}&#8220;]<\/p>\n<h2>Atmosph\u00e4rischer Eindruck.<\/h2>\n<p>[\/et_pb_text][\/et_pb_column][\/et_pb_row][et_pb_row _builder_version=&#8220;4.18.0&#8243; _module_preset=&#8220;default&#8220; width=&#8220;100%&#8220; width_tablet=&#8220;100%&#8220; width_phone=&#8220;100%&#8220; max_width=&#8220;100%&#8220; global_colors_info=&#8220;{}&#8220;][et_pb_column type=&#8220;4_4&#8243; _builder_version=&#8220;4.18.0&#8243; _module_preset=&#8220;default&#8220; global_colors_info=&#8220;{}&#8220;][dsm_card_carousel centered_slides=&#8220;on&#8220; slide_to_show=&#8220;2&#8243; autoplay=&#8220;off&#8220; equal_height=&#8220;on&#8220; use_arrow_custom_position=&#8220;on&#8220; arrow_custom_position=&#8220;20%&#8220; arrow_prev=&#8220;on&#8220; arrow_prev_font_icon=&#8220;&#xf060;||fa||900&#8243; arrow_next=&#8220;on&#8220; arrow_next_font_icon=&#8220;&#xf061;||fa||900&#8243; arrow_size=&#8220;20px&#8220; arrow_color=&#8220;#052F44&#8243; arrow_background_color=&#8220;#FFFFFF&#8220; dots=&#8220;off&#8220; slide_to_show_tablet=&#8220;2&#8243; slide_to_show_phone=&#8220;1&#8243; slide_to_show_last_edited=&#8220;on|tablet&#8220; module_class=&#8220;home-sfeerimpressie&#8220; _builder_version=&#8220;4.18.0&#8243; _module_preset=&#8220;default&#8220; body_font=&#8220;Raleway|300|on||||||&#8220; body_text_color=&#8220;#052F44&#8243; border_radii_arrow=&#8220;on|50%|50%|50%|50%&#8220; global_colors_info=&#8220;{}&#8220;][dsm_card_carousel_child admin_label=&#8220;Pampelonne Wein-Kunst&#8220; image=&#8220;https:\/\/uniqbooking.com\/wp-content\/uploads\/2022\/11\/Schermafbeelding-2022-11-04-195928.jpg&#8220; image_as_background=&#8220;off&#8220; alt=&#8220;Pampelonne Wein-Kunst&#8220; button_url_new_window=&#8220;1&#8243; _builder_version=&#8220;4.18.0&#8243; _module_preset=&#8220;default&#8220; global_colors_info=&#8220;{}&#8220; parent_button=&#8220;off&#8220; parent_header_level=&#8220;h4&#8243;]<\/p>\n<p>M\u00fcssen wir noch mehr sagen&#8230;<\/p>\n<p>[\/dsm_card_carousel_child][dsm_card_carousel_child admin_label=&#8220;Probieren Sie die ber\u00fchmte Tarte Trop\u00e9zienne&#8220; image=&#8220;https:\/\/uniqbooking.com\/wp-content\/uploads\/2022\/11\/Tarte-Tropezienne.jpg&#8220; image_as_background=&#8220;off&#8220; alt=&#8220;Tarte Trop\u00e9zienne&#8220; button_url_new_window=&#8220;1&#8243; _builder_version=&#8220;4.18.0&#8243; _module_preset=&#8220;default&#8220; global_colors_info=&#8220;{}&#8220; parent_button=&#8220;off&#8220; parent_header_level=&#8220;h4&#8243;]<\/p>\n<p>Probieren Sie die ber\u00fchmte Tarte Trop\u00e9zienne<\/p>\n<p>[\/dsm_card_carousel_child][dsm_card_carousel_child admin_label=&#8220;Besuchen Sie die Modeh\u00e4user ber\u00fchmter Designer in St. Tropez&#8220; image=&#8220;https:\/\/uniqbooking.com\/wp-content\/uploads\/2022\/11\/Luxury-Shops-of-all-famous-Designers-in-St.-Tropez.jpg&#8220; image_as_background=&#8220;off&#8220; alt=&#8220;Luxusgesch\u00e4fte aller ber\u00fchmten Designer in St. Tropez&#8220; button_url_new_window=&#8220;1&#8243; _builder_version=&#8220;4.18.0&#8243; _module_preset=&#8220;default&#8220; global_colors_info=&#8220;{}&#8220; parent_button=&#8220;off&#8220; parent_header_level=&#8220;h4&#8243;]<\/p>\n<p>Besuchen Sie die Modeh\u00e4user ber\u00fchmter Designer in St. Tropez<\/p>\n<p>[\/dsm_card_carousel_child][dsm_card_carousel_child admin_label=&#8220;Besuchen Sie die luxuri\u00f6sen Strandbars&#8220; image=&#8220;https:\/\/uniqbooking.com\/wp-content\/uploads\/2022\/11\/Beach-bars.jpg&#8220; image_as_background=&#8220;off&#8220; alt=&#8220;Besuchen Sie die luxuri\u00f6sen Strandbars&#8220; button_url_new_window=&#8220;1&#8243; _builder_version=&#8220;4.18.0&#8243; _module_preset=&#8220;default&#8220; global_colors_info=&#8220;{}&#8220; parent_button=&#8220;off&#8220; parent_header_level=&#8220;h4&#8243;]<\/p>\n<p>Strandbars<\/p>\n<p>[\/dsm_card_carousel_child][dsm_card_carousel_child admin_label=&#8220;Les Voiles St. Tropez&#8220; image=&#8220;https:\/\/uniqbooking.com\/wp-content\/uploads\/2022\/11\/Les-Voiles-St.-Tropez.jpg&#8220; image_as_background=&#8220;off&#8220; alt=&#8220;Les Voiles St. Tropez&#8220; button_url_new_window=&#8220;1&#8243; _builder_version=&#8220;4.18.0&#8243; _module_preset=&#8220;default&#8220; global_colors_info=&#8220;{}&#8220; parent_button=&#8220;off&#8220; parent_header_level=&#8220;h4&#8243;]<\/p>\n<p>Les Voiles St. Tropez<\/p>\n<p>[\/dsm_card_carousel_child][dsm_card_carousel_child admin_label=&#8220;Les Gorges du Verdon&#8220; image=&#8220;https:\/\/uniqbooking.com\/wp-content\/uploads\/2022\/11\/Les-Gorges-du-Verdon.jpg&#8220; image_as_background=&#8220;off&#8220; alt=&#8220;Les Gorges du Verdon&#8220; button_url_new_window=&#8220;1&#8243; _builder_version=&#8220;4.18.0&#8243; _module_preset=&#8220;default&#8220; global_colors_info=&#8220;{}&#8220; parent_button=&#8220;off&#8220; parent_header_level=&#8220;h4&#8243;]<\/p>\n<p>Les Gorges du Verdon<\/p>\n<p>[\/dsm_card_carousel_child][dsm_card_carousel_child admin_label=&#8220;Stra\u00dfenkunst &#8211; Reflections of the Soul &#8211; St. Tropez&#8220; image=&#8220;https:\/\/uniqbooking.com\/wp-content\/uploads\/2022\/11\/Street-art-Reflections-of-the-Soul-St.-Tropez.jpg&#8220; image_as_background=&#8220;off&#8220; alt=&#8220;Stra\u00dfenkunst &#8211; Reflections of the Soul &#8211; St. Tropez&#8220; button_url_new_window=&#8220;1&#8243; _builder_version=&#8220;4.18.0&#8243; _module_preset=&#8220;default&#8220; global_colors_info=&#8220;{}&#8220; parent_button=&#8220;off&#8220; parent_header_level=&#8220;h4&#8243;]<\/p>\n<p>Stra\u00dfenkunst &#8211; Reflections of the Soul &#8211; St. Tropez<\/p>\n<p>[\/dsm_card_carousel_child][dsm_card_carousel_child admin_label=&#8220;Spektakul\u00e4re Aussicht von Gassin&#8220; image=&#8220;https:\/\/uniqbooking.com\/wp-content\/uploads\/2022\/11\/View-from-Gassin-Fr-1024&#215;565-1.jpg&#8220; image_as_background=&#8220;off&#8220; alt=&#8220;Blick vom bezaubernden Gassin&#8220; button_url_new_window=&#8220;1&#8243; _builder_version=&#8220;4.18.0&#8243; _module_preset=&#8220;default&#8220; global_colors_info=&#8220;{}&#8220; parent_button=&#8220;off&#8220; parent_header_level=&#8220;h4&#8243;]<\/p>\n<p>Spektakul\u00e4re Aussicht von Gassin<\/p>\n<p>[\/dsm_card_carousel_child][dsm_card_carousel_child admin_label=&#8220;St. Tropez&#8220; image=&#8220;https:\/\/uniqbooking.com\/wp-content\/uploads\/2022\/11\/St.-Tropez-3-1024&#215;565-2.jpg&#8220; image_as_background=&#8220;off&#8220; alt=&#8220;Villa de Lunes &#8211; privater Pool hinter der Villa&#8220; button_url_new_window=&#8220;1&#8243; _builder_version=&#8220;4.18.0&#8243; _module_preset=&#8220;default&#8220; global_colors_info=&#8220;{}&#8220; parent_button=&#8220;off&#8220; parent_header_level=&#8220;h4&#8243;]<\/p>\n<p>St. Tropez<\/p>\n<p>[\/dsm_card_carousel_child][dsm_card_carousel_child admin_label=&#8220;Hafen Ste. Maxime&#8220; image=&#8220;https:\/\/uniqbooking.com\/wp-content\/uploads\/2022\/11\/Ste.-Maxime-1-1024&#215;565-1.jpg&#8220; image_as_background=&#8220;off&#8220; alt=&#8220;Villa des Lunes &#8211; Poolseite&#8220; button_url_new_window=&#8220;1&#8243; _builder_version=&#8220;4.18.0&#8243; _module_preset=&#8220;default&#8220; global_colors_info=&#8220;{}&#8220; parent_button=&#8220;off&#8220; parent_header_level=&#8220;h4&#8243;]<\/p>\n<p>Hafen Ste. Maxime<\/p>\n<p>[\/dsm_card_carousel_child][dsm_card_carousel_child admin_label=&#8220;Gassin&#8220; image=&#8220;https:\/\/uniqbooking.com\/wp-content\/uploads\/2022\/11\/Gassin.jpg&#8220; image_as_background=&#8220;off&#8220; alt=&#8220;Gassin&#8220; button_url_new_window=&#8220;1&#8243; _builder_version=&#8220;4.18.0&#8243; _module_preset=&#8220;default&#8220; global_colors_info=&#8220;{}&#8220; parent_button=&#8220;off&#8220; parent_header_level=&#8220;h4&#8243;]<\/p>\n<p>Gassin<\/p>\n<p>[\/dsm_card_carousel_child][dsm_card_carousel_child admin_label=&#8220;Boulevard Ste. Maxime, La Tour Carr\u00e9e&#8220; image=&#8220;https:\/\/uniqbooking.com\/wp-content\/uploads\/2022\/11\/la-tour-carre-1024&#215;565-1.jpg&#8220; image_as_background=&#8220;off&#8220; alt=&#8220;La Tour Carre&#8220; button_url_new_window=&#8220;1&#8243; _builder_version=&#8220;4.18.0&#8243; _module_preset=&#8220;default&#8220; global_colors_info=&#8220;{}&#8220; parent_button=&#8220;off&#8220; parent_header_level=&#8220;h4&#8243;]<\/p>\n<p>Boulevard Ste. Maxime, La Tour Carr\u00e9e<\/p>\n<p>[\/dsm_card_carousel_child][dsm_card_carousel_child admin_label=&#8220;St. St. Tropez, Fr\u00fchst\u00fcck im Senequier  &#8220; image=&#8220;https:\/\/uniqbooking.com\/wp-content\/uploads\/2022\/11\/St.-Tropez-breakfast-at-Senequier.jpg&#8220; image_as_background=&#8220;off&#8220; alt=&#8220;St. St. Tropez &#8211; Fr\u00fchst\u00fcck im Senequier&#8220; button_url_new_window=&#8220;1&#8243; _builder_version=&#8220;4.18.0&#8243; _module_preset=&#8220;default&#8220; global_colors_info=&#8220;{}&#8220; parent_button=&#8220;off&#8220; parent_header_level=&#8220;h4&#8243;]<\/p>\n<p>St. Tropez, Fr\u00fchst\u00fcck in Senequier<\/p>\n<p>[\/dsm_card_carousel_child][\/dsm_card_carousel][\/et_pb_column][\/et_pb_row][\/et_pb_section][et_pb_section fb_built=&#8220;1&#8243; _builder_version=&#8220;4.18.0&#8243; _module_preset=&#8220;default&#8220; min_height=&#8220;753.6px&#8220; custom_margin=&#8220;75px||||false|false&#8220; custom_padding=&#8220;3px||100px|||&#8220; locked=&#8220;off&#8220; global_colors_info=&#8220;{}&#8220;][et_pb_row _builder_version=&#8220;4.18.0&#8243; _module_preset=&#8220;df45ef97-52d1-453b-909c-3af4cd993394&#8243; max_width=&#8220;740px&#8220; module_alignment=&#8220;center&#8220; global_colors_info=&#8220;{}&#8220;][et_pb_column type=&#8220;4_4&#8243; _builder_version=&#8220;4.18.0&#8243; _module_preset=&#8220;default&#8220; global_colors_info=&#8220;{}&#8220;][et_pb_text _builder_version=&#8220;4.18.0&#8243; _module_preset=&#8220;0794286a-f05a-44a9-bea1-7f37b3eb0170&#8243; header_2_font_size=&#8220;30px&#8220; header_2_line_height=&#8220;40px&#8220; global_colors_info=&#8220;{}&#8220;]<\/p>\n<h2><strong>Esterel-Massiv<\/strong><\/h2>\n<p>[\/et_pb_text][et_pb_text _builder_version=&#8220;4.18.0&#8243; _module_preset=&#8220;0794286a-f05a-44a9-bea1-7f37b3eb0170&#8243; custom_padding=&#8220;||3px|||&#8220; global_colors_info=&#8220;{}&#8220;]<\/p>\n<p>Im S\u00fcdosten Frankreichs liegt das Massif de l&#8217;Esterel. Das Gebiet umfasst rund 320 Quadratkilometer und ist etwa 250 Millionen Jahre alt. Das Naturschutzgebiet besteht aus einer vielf\u00e4ltigen Vegetation, die von Laubb\u00e4umen \u00fcber Nadelb\u00e4ume bis hin zu kahlen, r\u00f6tlichen Felsformationen reicht.<\/p>\n<p>Es ist ein wundersch\u00f6nes Gebiet f\u00fcr Wanderbegeisterte. In diesem Gebiet wurden mehrere Wanderwege ausgewiesen. In der Umgebung gibt es auch mehrere Wanderwege f\u00fcr Mountainbiker und Reiter. Zahlreiche Berggipfel wie der Mont Vinaigre, der Pic de l&#8217;Ours und der Pic du Cap-Roux bieten eine herrliche Aussicht. Lassen Sie sich von der sch\u00f6nen Landschaft und der abwechslungsreichen Natur der Region beeindrucken!<\/p>\n<p>[\/et_pb_text][\/et_pb_column][\/et_pb_row][\/et_pb_section][et_pb_section fb_built=&#8220;1&#8243; _builder_version=&#8220;4.18.0&#8243; _module_preset=&#8220;default&#8220; background_color=&#8220;#EDF5FC&#8220; locked=&#8220;off&#8220; global_colors_info=&#8220;{}&#8220;][et_pb_row admin_label=&#8220;Gelber Streifen&#8220; _builder_version=&#8220;4.18.0&#8243; _module_preset=&#8220;default&#8220; background_color=&#8220;#D4AF37&#8243; positioning=&#8220;absolute&#8220; position_origin_a=&#8220;top_right&#8220; vertical_offset=&#8220;-23px&#8220; max_width=&#8220;448px&#8220; max_width_tablet=&#8220;448px&#8220; max_width_phone=&#8220;160px&#8220; max_width_last_edited=&#8220;on|phone&#8220; height=&#8220;23px&#8220; height_tablet=&#8220;23px&#8220; height_phone=&#8220;23px&#8220; height_last_edited=&#8220;on|phone&#8220; custom_padding=&#8220;0px||0px||true|false&#8220; locked=&#8220;off&#8220; global_colors_info=&#8220;{}&#8220;][et_pb_column type=&#8220;4_4&#8243; _builder_version=&#8220;4.18.0&#8243; _module_preset=&#8220;default&#8220; global_colors_info=&#8220;{}&#8220;][\/et_pb_column][\/et_pb_row][et_pb_row column_structure=&#8220;1_2,1_2&#8243; _builder_version=&#8220;4.18.0&#8243; _module_preset=&#8220;default&#8220; locked=&#8220;off&#8220; global_colors_info=&#8220;{}&#8220;][et_pb_column type=&#8220;1_2&#8243; _builder_version=&#8220;4.18.0&#8243; _module_preset=&#8220;default&#8220; global_colors_info=&#8220;{}&#8220;][et_pb_text disabled_on=&#8220;on|on|off&#8220; admin_label=&#8220;Desktop&#8220; _builder_version=&#8220;4.18.0&#8243; _module_preset=&#8220;default&#8220; global_colors_info=&#8220;{}&#8220;]<\/p>\n<h2>Einige unserer Villen.<\/h2>\n<p>[\/et_pb_text][\/et_pb_column][et_pb_column type=&#8220;1_2&#8243; _builder_version=&#8220;4.18.0&#8243; _module_preset=&#8220;default&#8220; global_colors_info=&#8220;{}&#8220;][\/et_pb_column][\/et_pb_row][et_pb_row column_structure=&#8220;1_3,1_3,1_3&#8243; disabled_on=&#8220;off|on|off&#8220; admin_label=&#8220;Desktop + Mobil&#8220; _builder_version=&#8220;4.18.0&#8243; _module_preset=&#8220;default&#8220; locked=&#8220;off&#8220; global_colors_info=&#8220;{}&#8220;][et_pb_column type=&#8220;1_3&#8243; _builder_version=&#8220;4.18.0&#8243; _module_preset=&#8220;default&#8220; custom_padding_tablet=&#8220;&#8220; custom_padding_phone=&#8220;||25px||false|false&#8220; custom_padding_last_edited=&#8220;on|phone&#8220; global_colors_info=&#8220;{}&#8220;][et_pb_text disabled_on=&#8220;off|off|on&#8220; admin_label=&#8220;Tablet + Mobiel&#8220; _builder_version=&#8220;4.18.0&#8243; _module_preset=&#8220;default&#8220; header_2_font_size_tablet=&#8220;&#8220; header_2_font_size_phone=&#8220;40px&#8220; header_2_font_size_last_edited=&#8220;on|phone&#8220; header_2_line_height_tablet=&#8220;&#8220; header_2_line_height_phone=&#8220;50px&#8220; header_2_line_height_last_edited=&#8220;on|phone&#8220; locked=&#8220;off&#8220; global_colors_info=&#8220;{}&#8220;]<\/p>\n<h2>Einige unserer Villen.<\/h2>\n<p>[\/et_pb_text][et_pb_image src=&#8220;https:\/\/uniqbooking.com\/wp-content\/uploads\/2022\/11\/VdL-Luchtfoto-1-1024&#215;565-1.jpg&#8220; alt=&#8220;Villa des Lunes&#8220; title_text=&#8220;Villa des Lunes&#8220; _builder_version=&#8220;4.18.0&#8243; _module_preset=&#8220;default&#8220; custom_margin=&#8220;||13px||false|false&#8220; global_colors_info=&#8220;{}&#8220;][\/et_pb_image][et_pb_text _builder_version=&#8220;4.18.0&#8243; _module_preset=&#8220;default&#8220; text_font=&#8220;|300|||||||&#8220; text_text_color=&#8220;#D4AF37&#8243; custom_margin=&#8220;||20px||false|false&#8220; global_colors_info=&#8220;{}&#8220;]<\/p>\n<p>Plan de la Tour, Frankreich<\/p>\n<p>[\/et_pb_text][et_pb_text _builder_version=&#8220;4.18.0&#8243; _module_preset=&#8220;default&#8220; custom_margin=&#8220;||10px||false|false&#8220; custom_padding=&#8220;||||false|false&#8220; global_colors_info=&#8220;{}&#8220;]<\/p>\n<h3>Villa des Lunes<\/h3>\n<p>[\/et_pb_text][et_pb_text _builder_version=&#8220;4.18.0&#8243; _module_preset=&#8220;default&#8220; text_line_height=&#8220;30px&#8220; custom_margin=&#8220;||15px||false|false&#8220; custom_padding=&#8220;||||false|false&#8220; global_colors_info=&#8220;{}&#8220;]<\/p>\n<p>Freistehende Villa f\u00fcr 8 Personen &#8211; 4 Schlafzimmer &#8211; Mezzanine &#8211; 3 Badezimmer &#8211; privater Pool 5x10m. Vollst\u00e4ndig renoviert 2021\/2022.<\/p>\n<p>[\/et_pb_text][et_pb_text _builder_version=&#8220;4.18.0&#8243; _module_preset=&#8220;default&#8220; text_text_color=&#8220;#95A3B3&#8243; custom_margin=&#8220;||25px||false|false&#8220; global_colors_info=&#8220;{}&#8220;]<\/p>\n<p>Preise pro Woche ab \u20ac 2.995<\/p>\n<p>[\/et_pb_text][et_pb_button button_url=&#8220;@ET-DC@eyJkeW5hbWljIjp0cnVlLCJjb250ZW50IjoicG9zdF9saW5rX3VybF9wcm9qZWN0Iiwic2V0dGluZ3MiOnsicG9zdF9pZCI6IjI5NCJ9fQ==@&#8220; button_text=&#8220;Diese Villa ansehen&#8220; _builder_version=&#8220;4.18.0&#8243; _dynamic_attributes=&#8220;button_url&#8220; _module_preset=&#8220;default&#8220; global_colors_info=&#8220;{}&#8220;][\/et_pb_button][\/et_pb_column][et_pb_column type=&#8220;1_3&#8243; _builder_version=&#8220;4.18.0&#8243; _module_preset=&#8220;default&#8220; custom_padding=&#8220;||||false&#8220; custom_padding_tablet=&#8220;||||false&#8220; custom_padding_phone=&#8220;||25px||false|false&#8220; custom_padding_last_edited=&#8220;on|phone&#8220; global_colors_info=&#8220;{}&#8220;][et_pb_image src=&#8220;https:\/\/uniqbooking.com\/wp-content\/uploads\/2022\/11\/Maison-Bambou-1024&#215;565-1.jpg&#8220; alt=&#8220;Maison Bambou&#8220; title_text=&#8220;Haus Bambou 1024&#215;565&#8243; _builder_version=&#8220;4.18.0&#8243; _module_preset=&#8220;default&#8220; custom_margin=&#8220;||13px||false|false&#8220; global_colors_info=&#8220;{}&#8220;][\/et_pb_image][et_pb_text _builder_version=&#8220;4.18.0&#8243; _module_preset=&#8220;default&#8220; text_font=&#8220;|300|||||||&#8220; text_text_color=&#8220;#D4AF37&#8243; custom_margin=&#8220;||20px||false|false&#8220; global_colors_info=&#8220;{}&#8220;]<\/p>\n<p>Plan de la Tour, Frankreich<\/p>\n<p>[\/et_pb_text][et_pb_text _builder_version=&#8220;4.18.0&#8243; _module_preset=&#8220;default&#8220; custom_margin=&#8220;||10px||false|false&#8220; custom_padding=&#8220;||||false|false&#8220; global_colors_info=&#8220;{}&#8220;]<\/p>\n<h3>Maison Bambou<\/h3>\n<p>[\/et_pb_text][et_pb_text _builder_version=&#8220;4.18.0&#8243; _module_preset=&#8220;default&#8220; text_line_height=&#8220;30px&#8220; custom_margin=&#8220;||15px||false|false&#8220; custom_padding=&#8220;||||false|false&#8220; global_colors_info=&#8220;{}&#8220;]<\/p>\n<p>Doppelhaush\u00e4lfte f\u00fcr 6 Personen &#8211; 3 Schlafzimmer &#8211; 2 B\u00e4der &#8211; Pool 3x6m, gemeinsam mit Maison Laurier Rose. Neu gebaute Villa, Fertigstellung Q1-2023.<\/p>\n<p>[\/et_pb_text][et_pb_text _builder_version=&#8220;4.18.0&#8243; _module_preset=&#8220;default&#8220; text_text_color=&#8220;#95A3B3&#8243; custom_margin=&#8220;||25px||false|false&#8220; global_colors_info=&#8220;{}&#8220;]<\/p>\n<p>Preise pro Woche ab \u20ac 2.600<\/p>\n<p>[\/et_pb_text][et_pb_button button_url=&#8220;@ET-DC@eyJkeW5hbWljIjp0cnVlLCJjb250ZW50IjoicG9zdF9saW5rX3VybF9wcm9qZWN0Iiwic2V0dGluZ3MiOnsicG9zdF9pZCI6IjMwNCJ9fQ==@&#8220; button_text=&#8220;Diese Villa ansehen&#8220; _builder_version=&#8220;4.18.0&#8243; _dynamic_attributes=&#8220;button_url&#8220; _module_preset=&#8220;default&#8220; global_colors_info=&#8220;{}&#8220;][\/et_pb_button][\/et_pb_column][et_pb_column type=&#8220;1_3&#8243; _builder_version=&#8220;4.18.0&#8243; _module_preset=&#8220;default&#8220; custom_padding_tablet=&#8220;&#8220; custom_padding_phone=&#8220;||25px||false|false&#8220; custom_padding_last_edited=&#8220;on|phone&#8220; global_colors_info=&#8220;{}&#8220;][et_pb_image src=&#8220;https:\/\/uniqbooking.com\/wp-content\/uploads\/2022\/11\/Maison-Laurier-Rose.jpg&#8220; alt=&#8220;Maison Laurier Rose&#8220; title_text=&#8220;Maison Laurier Rose&#8220; _builder_version=&#8220;4.18.0&#8243; _module_preset=&#8220;default&#8220; custom_margin=&#8220;||13px||false|false&#8220; global_colors_info=&#8220;{}&#8220;][\/et_pb_image][et_pb_text _builder_version=&#8220;4.18.0&#8243; _module_preset=&#8220;default&#8220; text_font=&#8220;|300|||||||&#8220; text_text_color=&#8220;#D4AF37&#8243; custom_margin=&#8220;||20px||false|false&#8220; global_colors_info=&#8220;{}&#8220;]<\/p>\n<p>Plan de la Tour, Frankreich<\/p>\n<p>[\/et_pb_text][et_pb_text _builder_version=&#8220;4.18.0&#8243; _module_preset=&#8220;default&#8220; custom_margin=&#8220;||10px||false|false&#8220; custom_padding=&#8220;||||false|false&#8220; global_colors_info=&#8220;{}&#8220;]<\/p>\n<h3>Maison Laurier Rose<\/h3>\n<p>[\/et_pb_text][et_pb_text _builder_version=&#8220;4.18.0&#8243; _module_preset=&#8220;default&#8220; text_line_height=&#8220;30px&#8220; custom_margin=&#8220;||15px||false|false&#8220; custom_padding=&#8220;||||false|false&#8220; global_colors_info=&#8220;{}&#8220;]<\/p>\n<p>Doppelhaush\u00e4lfte f\u00fcr 6 Personen &#8211; 3 Schlafzimmer &#8211; 2 B\u00e4der &#8211; Schwimmbad 3x6m, gemeinsam mit Maison Bambou. Neu gebaute Villa, Fertigstellung Q1-2023.<\/p>\n<p>[\/et_pb_text][et_pb_text _builder_version=&#8220;4.18.0&#8243; _module_preset=&#8220;default&#8220; text_text_color=&#8220;#95A3B3&#8243; custom_margin=&#8220;||25px||false|false&#8220; global_colors_info=&#8220;{}&#8220;]<\/p>\n<p>Preise pro Woche ab \u20ac 2.600<\/p>\n<p>[\/et_pb_text][et_pb_button button_url=&#8220;@ET-DC@eyJkeW5hbWljIjp0cnVlLCJjb250ZW50IjoicG9zdF9saW5rX3VybF9wcm9qZWN0Iiwic2V0dGluZ3MiOnsicG9zdF9pZCI6IjMwNyJ9fQ==@&#8220; button_text=&#8220;Diese Villa ansehen&#8220; _builder_version=&#8220;4.18.0&#8243; _dynamic_attributes=&#8220;button_url&#8220; _module_preset=&#8220;default&#8220; global_colors_info=&#8220;{}&#8220;][\/et_pb_button][\/et_pb_column][\/et_pb_row][et_pb_row disabled_on=&#8220;on|off|on&#8220; admin_label=&#8220;Tablette&#8220; _builder_version=&#8220;4.18.0&#8243; _module_preset=&#8220;default&#8220; width=&#8220;100%&#8220; width_tablet=&#8220;100%&#8220; max_width=&#8220;100%&#8220; locked=&#8220;off&#8220; global_colors_info=&#8220;{}&#8220;][et_pb_column type=&#8220;4_4&#8243; _builder_version=&#8220;4.18.0&#8243; _module_preset=&#8220;default&#8220; global_colors_info=&#8220;{}&#8220;][et_pb_text disabled_on=&#8220;off|off|on&#8220; admin_label=&#8220;Tablet + Mobiel&#8220; _builder_version=&#8220;4.18.0&#8243; _module_preset=&#8220;default&#8220; custom_padding=&#8220;|10%||10%|false|true&#8220; locked=&#8220;off&#8220; global_colors_info=&#8220;{}&#8220;]<\/p>\n<h2>Einige unserer Villen.<\/h2>\n<p>[\/et_pb_text][dsm_post_carousel post_type=&#8220;project&#8220; posts_number=&#8220;6&#8243; thumbnail_img_type=&#8220;contain&#8220; use_date=&#8220;off&#8220; use_author=&#8220;off&#8220; use_readmore=&#8220;on&#8220; readmore_text=&#8220;Diese Villa ansehen&#8220; centered_slides=&#8220;on&#8220; autoplay=&#8220;off&#8220; use_pagi=&#8220;off&#8220; left_navi_position=&#8220;25px&#8220; right_navi_position=&#8220;25px&#8220; navi_size=&#8220;20&#8243; use_prev_icon=&#8220;on&#8220; prev_icon=&#8220;&#xf060;||fa||900&#8243; use_next_icon=&#8220;on&#8220; next_icon=&#8220;&#xf061;||fa||900&#8243; navi_color=&#8220;#FFFFFF&#8220; navi_background_color=&#8220;#052F44&#8243; post_equal_height=&#8220;on&#8220; _builder_version=&#8220;4.18.0&#8243; _module_preset=&#8220;default&#8220; title_font=&#8220;|700|||||||&#8220; title_font_size=&#8220;30px&#8220; title_line_height=&#8220;40px&#8220; body_line_height=&#8220;30px&#8220; custom_readmore=&#8220;on&#8220; readmore_use_icon=&#8220;off&#8220; readmore_custom_padding=&#8220;|30px||30px|false|true&#8220; custom_margin=&#8220;||0px||false|false&#8220; border_radii_navi_arrow=&#8220;on|50%|50%|50%|50%&#8220; global_colors_info=&#8220;{}&#8220;][\/dsm_post_carousel][\/et_pb_column][\/et_pb_row][\/et_pb_section][et_pb_section fb_built=&#8220;1&#8243; admin_label=&#8220;Neem contact op&#8220; _builder_version=&#8220;4.18.0&#8243; _module_preset=&#8220;default&#8220; custom_padding=&#8220;140px||140px|||&#8220; locked=&#8220;off&#8220; global_colors_info=&#8220;{}&#8220;][et_pb_row admin_label=&#8220;Gelber Streifen&#8220; _builder_version=&#8220;4.18.0&#8243; _module_preset=&#8220;default&#8220; background_color=&#8220;#D4AF37&#8243; positioning=&#8220;absolute&#8220; vertical_offset=&#8220;0px&#8220; max_width=&#8220;448px&#8220; max_width_tablet=&#8220;448px&#8220; max_width_phone=&#8220;160px&#8220; max_width_last_edited=&#8220;on|phone&#8220; height=&#8220;23px&#8220; custom_padding=&#8220;0px||0px||true|false&#8220; locked=&#8220;off&#8220; global_colors_info=&#8220;{}&#8220;][et_pb_column type=&#8220;4_4&#8243; _builder_version=&#8220;4.18.0&#8243; _module_preset=&#8220;default&#8220; global_colors_info=&#8220;{}&#8220;][\/et_pb_column][\/et_pb_row][et_pb_row column_structure=&#8220;3_5,2_5&#8243; _builder_version=&#8220;4.18.0&#8243; _module_preset=&#8220;default&#8220; global_colors_info=&#8220;{}&#8220;][et_pb_column type=&#8220;3_5&#8243; _builder_version=&#8220;4.18.0&#8243; _module_preset=&#8220;default&#8220; custom_padding_tablet=&#8220;||50px||false|false&#8220; custom_padding_last_edited=&#8220;off|tablet&#8220; global_colors_info=&#8220;{}&#8220;][et_pb_text _builder_version=&#8220;4.18.0&#8243; _module_preset=&#8220;default&#8220; header_2_text_align=&#8220;left&#8220; header_2_font_size_tablet=&#8220;&#8220; header_2_font_size_phone=&#8220;40px&#8220; header_2_font_size_last_edited=&#8220;on|phone&#8220; header_2_line_height_tablet=&#8220;&#8220; header_2_line_height_phone=&#8220;50px&#8220; header_2_line_height_last_edited=&#8220;on|phone&#8220; locked=&#8220;off&#8220; global_colors_info=&#8220;{}&#8220;]<\/p>\n<h2>K\u00f6nnen wir Ihnen helfen?<\/h2>\n<p>[\/et_pb_text][et_pb_text _builder_version=&#8220;4.18.0&#8243; _module_preset=&#8220;default&#8220; text_line_height=&#8220;30px&#8220; max_width=&#8220;590px&#8220; locked=&#8220;off&#8220; global_colors_info=&#8220;{}&#8220;]<\/p>\n<p><span>Per E-Mail oder Chat helfen Ihnen unsere Reiseberater gerne weiter.<\/span><br \/><span>Sie m\u00f6chten lieber anrufen? Nat\u00fcrlich ist auch das m\u00f6glich.<\/span><\/p>\n<p>[\/et_pb_text][dsm_button button_one_text=&#8220;Chatten Sie mit uns&#8220; button_two_text=&#8220;+31 (0)6 &#8211; 29 45 31 81&#8243; remove_separator_text_on_mobile=&#8220;on&#8220; _builder_version=&#8220;4.25.1&#8243; _module_preset=&#8220;default&#8220; custom_button_one=&#8220;on&#8220; button_one_icon=&#8220;&#xf086;||fa||400&#8243; button_one_icon_placement=&#8220;left&#8220; button_one_on_hover=&#8220;off&#8220; button_one_custom_padding=&#8220;|25px||40px|false|false&#8220; custom_button_two=&#8220;on&#8220; button_two_text_size=&#8220;20px&#8220; button_two_border_width=&#8220;0px&#8220; button_two_icon=&#8220;&#xf879;||fa||900&#8243; button_two_icon_placement=&#8220;left&#8220; button_two_on_hover=&#8220;off&#8220; button_two_custom_margin_tablet=&#8220;&#8220; button_two_custom_margin_phone=&#8220;|||0px|false|false&#8220; button_two_custom_margin_last_edited=&#8220;on|phone&#8220; button_two_custom_padding=&#8220;|25px||40px|false|false&#8220; hover_enabled=&#8220;0&#8243; global_colors_info=&#8220;{}&#8220; button_two_url=&#8220;Tel:0031629453181&#8243; sticky_enabled=&#8220;0&#8243;][\/dsm_button][\/et_pb_column][et_pb_column type=&#8220;2_5&#8243; admin_label=&#8220;Desktop&#8220; disabled_on=&#8220;on|on|off&#8220; _builder_version=&#8220;4.18.0&#8243; _module_preset=&#8220;default&#8220; global_colors_info=&#8220;{}&#8220;][et_pb_divider color=&#8220;#EDF5FC&#8220; divider_weight=&#8220;400px&#8220; _builder_version=&#8220;4.18.0&#8243; _module_preset=&#8220;default&#8220; positioning=&#8220;absolute&#8220; position_origin_a=&#8220;center_right&#8220; horizontal_offset=&#8220;-55px&#8220; width=&#8220;450px&#8220; max_width=&#8220;450px&#8220; height=&#8220;400px&#8220; global_colors_info=&#8220;{}&#8220;][\/et_pb_divider][et_pb_image src=&#8220;https:\/\/uniqbooking.com\/wp-content\/uploads\/2022\/11\/Kunnen-we-je-helpen-2.png&#8220; alt=&#8220;K\u00f6nnen wir Ihnen helfen?&#8220; title_text=&#8220;K\u00f6nnen wir Ihnen helfen?&#8220; _builder_version=&#8220;4.18.0&#8243; _module_preset=&#8220;default&#8220; z_index=&#8220;1&#8243; global_colors_info=&#8220;{}&#8220;][\/et_pb_image][\/et_pb_column][\/et_pb_row][\/et_pb_section]<\/p>\n","protected":false},"excerpt":{"rendered":"<p>C\u00f4te d&#8217;Azur &#8211; FrankreichPlan de la Tour &#8211; Departement VarLe Plan de la Tour ist ein kleines Dorf in der VAR, in der Region Provence der Alpes-C\u00f4te d&#8217;Azur. Dieses charmante, provenzalische Dorf im Herzen der H\u00fcgel liegt in der N\u00e4he bekannter Orte wie Saint Tropez, Grimaud, Ramatuelle oder Sainte Maxime. Er ist von dichten Kiefern-, Eichen- und Kastanienw\u00e4ldern umgeben. Die Menschen hier f\u00fchren einen einfachen Lebensstil, und das Dorf liegt abseits der Hektik des Stadtlebens. Le Plan de la Tour befindet sich im Herzen des Massif des Maures.Saint-TropezSaint-Tropez ist einer der bekanntesten Badeorte an der C\u00f4te d&#8217;Azur. In dieser K\u00fcstenstadt leben nur etwa 6.000 Menschen, aber sie wird jedes Jahr von mehr als 5 Millionen Touristen besucht. Die Stadt hat einen attraktiven Jachthafen mit netten Restaurants. Lassen Sie sich von den luxuri\u00f6sen Schiffen und Yachten, die in diesem Hafen liegen, beeindrucken. Au\u00dferdem gibt es in der Stadt malerische Gesch\u00e4fte, kleine Stra\u00dfen und h\u00fcbsche Pl\u00e4tze. Auf einem H\u00fcgel befindet sich das Fort la Citadelle. Das Fort aus dem Jahr 1605 ist heute ein Museum, das besichtigt werden kann. Von der Festung aus haben Sie einen atemberaubenden Blick \u00fcber die Stadt und das Mittelmeer. Ein Besuch lohnt sich also auf jeden Fall!Gorges [&hellip;]<\/p>\n","protected":false},"author":3375,"featured_media":0,"parent":0,"menu_order":0,"comment_status":"closed","ping_status":"closed","template":"","meta":{"_et_pb_use_builder":"on","_et_pb_old_content":"","_et_gb_content_width":"","footnotes":""},"class_list":["post-2439","page","type-page","status-publish","hentry"],"yoast_head":"<!-- This site is optimized with the Yoast SEO plugin v27.4 - https:\/\/yoast.com\/product\/yoast-seo-wordpress\/ -->\n<title>C\u00f4te d&#039;Azur - Uniqbooking<\/title>\n<meta name=\"robots\" content=\"index, follow, max-snippet:-1, max-image-preview:large, max-video-preview:-1\" \/>\n<link rel=\"canonical\" href=\"https:\/\/uniqbooking.com\/de\/cote-dazur\/\" \/>\n<meta property=\"og:locale\" content=\"de_DE\" \/>\n<meta property=\"og:type\" content=\"article\" \/>\n<meta property=\"og:title\" content=\"C\u00f4te d&#039;Azur - Uniqbooking\" \/>\n<meta property=\"og:description\" content=\"C\u00f4te d&#039;Azur - FrankreichPlan de la Tour - Departement VarLe Plan de la Tour ist ein kleines Dorf in der VAR, in der Region Provence der Alpes-C\u00f4te d&#039;Azur. Dieses charmante, provenzalische Dorf im Herzen der H\u00fcgel liegt in der N\u00e4he bekannter Orte wie Saint Tropez, Grimaud, Ramatuelle oder Sainte Maxime. Er ist von dichten Kiefern-, Eichen- und Kastanienw\u00e4ldern umgeben. Die Menschen hier f\u00fchren einen einfachen Lebensstil, und das Dorf liegt abseits der Hektik des Stadtlebens. Le Plan de la Tour befindet sich im Herzen des Massif des Maures.Saint-TropezSaint-Tropez ist einer der bekanntesten Badeorte an der C\u00f4te d&#039;Azur. In dieser K\u00fcstenstadt leben nur etwa 6.000 Menschen, aber sie wird jedes Jahr von mehr als 5 Millionen Touristen besucht. Die Stadt hat einen attraktiven Jachthafen mit netten Restaurants. Lassen Sie sich von den luxuri\u00f6sen Schiffen und Yachten, die in diesem Hafen liegen, beeindrucken. Au\u00dferdem gibt es in der Stadt malerische Gesch\u00e4fte, kleine Stra\u00dfen und h\u00fcbsche Pl\u00e4tze. Auf einem H\u00fcgel befindet sich das Fort la Citadelle. Das Fort aus dem Jahr 1605 ist heute ein Museum, das besichtigt werden kann. Von der Festung aus haben Sie einen atemberaubenden Blick \u00fcber die Stadt und das Mittelmeer. Ein Besuch lohnt sich also auf jeden Fall!Gorges [&hellip;]\" \/>\n<meta property=\"og:url\" content=\"https:\/\/uniqbooking.com\/de\/cote-dazur\/\" \/>\n<meta property=\"og:site_name\" content=\"Uniqbooking\" \/>\n<meta property=\"article:modified_time\" content=\"2025-01-24T09:40:52+00:00\" \/>\n<meta name=\"twitter:card\" content=\"summary_large_image\" \/>\n<meta name=\"twitter:label1\" content=\"Gesch\u00e4tzte Lesezeit\" \/>\n\t<meta name=\"twitter:data1\" content=\"22\u00a0Minuten\" \/>\n<script type=\"application\/ld+json\" class=\"yoast-schema-graph\">{\"@context\":\"https:\\\/\\\/schema.org\",\"@graph\":[{\"@type\":\"WebPage\",\"@id\":\"https:\\\/\\\/uniqbooking.com\\\/de\\\/cote-dazur\\\/\",\"url\":\"https:\\\/\\\/uniqbooking.com\\\/de\\\/cote-dazur\\\/\",\"name\":\"C\u00f4te d'Azur - Uniqbooking\",\"isPartOf\":{\"@id\":\"https:\\\/\\\/uniqbooking.com\\\/de\\\/#website\"},\"datePublished\":\"2022-11-17T10:29:30+00:00\",\"dateModified\":\"2025-01-24T09:40:52+00:00\",\"breadcrumb\":{\"@id\":\"https:\\\/\\\/uniqbooking.com\\\/de\\\/cote-dazur\\\/#breadcrumb\"},\"inLanguage\":\"de\",\"potentialAction\":[{\"@type\":\"ReadAction\",\"target\":[\"https:\\\/\\\/uniqbooking.com\\\/de\\\/cote-dazur\\\/\"]}]},{\"@type\":\"BreadcrumbList\",\"@id\":\"https:\\\/\\\/uniqbooking.com\\\/de\\\/cote-dazur\\\/#breadcrumb\",\"itemListElement\":[{\"@type\":\"ListItem\",\"position\":1,\"name\":\"Home\",\"item\":\"https:\\\/\\\/uniqbooking.com\\\/de\\\/\"},{\"@type\":\"ListItem\",\"position\":2,\"name\":\"C\u00f4te d&#8217;Azur\"}]},{\"@type\":\"WebSite\",\"@id\":\"https:\\\/\\\/uniqbooking.com\\\/de\\\/#website\",\"url\":\"https:\\\/\\\/uniqbooking.com\\\/de\\\/\",\"name\":\"Uniqbooking\",\"description\":\"\",\"publisher\":{\"@id\":\"https:\\\/\\\/uniqbooking.com\\\/de\\\/#organization\"},\"alternateName\":\"Uniqbooking\",\"potentialAction\":[{\"@type\":\"SearchAction\",\"target\":{\"@type\":\"EntryPoint\",\"urlTemplate\":\"https:\\\/\\\/uniqbooking.com\\\/de\\\/?s={search_term_string}\"},\"query-input\":{\"@type\":\"PropertyValueSpecification\",\"valueRequired\":true,\"valueName\":\"search_term_string\"}}],\"inLanguage\":\"de\"},{\"@type\":\"Organization\",\"@id\":\"https:\\\/\\\/uniqbooking.com\\\/de\\\/#organization\",\"name\":\"Uniqbooking\",\"alternateName\":\"Uniqbooking\",\"url\":\"https:\\\/\\\/uniqbooking.com\\\/de\\\/\",\"logo\":{\"@type\":\"ImageObject\",\"inLanguage\":\"de\",\"@id\":\"https:\\\/\\\/uniqbooking.com\\\/de\\\/#\\\/schema\\\/logo\\\/image\\\/\",\"url\":\"https:\\\/\\\/uniqbooking.com\\\/wp-content\\\/uploads\\\/2022\\\/09\\\/Logo-UniqBooking.png\",\"contentUrl\":\"https:\\\/\\\/uniqbooking.com\\\/wp-content\\\/uploads\\\/2022\\\/09\\\/Logo-UniqBooking.png\",\"width\":1839,\"height\":540,\"caption\":\"Uniqbooking\"},\"image\":{\"@id\":\"https:\\\/\\\/uniqbooking.com\\\/de\\\/#\\\/schema\\\/logo\\\/image\\\/\"}}]}<\/script>\n<!-- \/ Yoast SEO plugin. -->","yoast_head_json":{"title":"C\u00f4te d'Azur - Uniqbooking","robots":{"index":"index","follow":"follow","max-snippet":"max-snippet:-1","max-image-preview":"max-image-preview:large","max-video-preview":"max-video-preview:-1"},"canonical":"https:\/\/uniqbooking.com\/de\/cote-dazur\/","og_locale":"de_DE","og_type":"article","og_title":"C\u00f4te d'Azur - Uniqbooking","og_description":"C\u00f4te d'Azur - FrankreichPlan de la Tour - Departement VarLe Plan de la Tour ist ein kleines Dorf in der VAR, in der Region Provence der Alpes-C\u00f4te d'Azur. Dieses charmante, provenzalische Dorf im Herzen der H\u00fcgel liegt in der N\u00e4he bekannter Orte wie Saint Tropez, Grimaud, Ramatuelle oder Sainte Maxime. Er ist von dichten Kiefern-, Eichen- und Kastanienw\u00e4ldern umgeben. Die Menschen hier f\u00fchren einen einfachen Lebensstil, und das Dorf liegt abseits der Hektik des Stadtlebens. Le Plan de la Tour befindet sich im Herzen des Massif des Maures.Saint-TropezSaint-Tropez ist einer der bekanntesten Badeorte an der C\u00f4te d'Azur. In dieser K\u00fcstenstadt leben nur etwa 6.000 Menschen, aber sie wird jedes Jahr von mehr als 5 Millionen Touristen besucht. Die Stadt hat einen attraktiven Jachthafen mit netten Restaurants. Lassen Sie sich von den luxuri\u00f6sen Schiffen und Yachten, die in diesem Hafen liegen, beeindrucken. Au\u00dferdem gibt es in der Stadt malerische Gesch\u00e4fte, kleine Stra\u00dfen und h\u00fcbsche Pl\u00e4tze. Auf einem H\u00fcgel befindet sich das Fort la Citadelle. Das Fort aus dem Jahr 1605 ist heute ein Museum, das besichtigt werden kann. Von der Festung aus haben Sie einen atemberaubenden Blick \u00fcber die Stadt und das Mittelmeer. Ein Besuch lohnt sich also auf jeden Fall!Gorges [&hellip;]","og_url":"https:\/\/uniqbooking.com\/de\/cote-dazur\/","og_site_name":"Uniqbooking","article_modified_time":"2025-01-24T09:40:52+00:00","twitter_card":"summary_large_image","twitter_misc":{"Gesch\u00e4tzte Lesezeit":"22\u00a0Minuten"},"schema":{"@context":"https:\/\/schema.org","@graph":[{"@type":"WebPage","@id":"https:\/\/uniqbooking.com\/de\/cote-dazur\/","url":"https:\/\/uniqbooking.com\/de\/cote-dazur\/","name":"C\u00f4te d'Azur - Uniqbooking","isPartOf":{"@id":"https:\/\/uniqbooking.com\/de\/#website"},"datePublished":"2022-11-17T10:29:30+00:00","dateModified":"2025-01-24T09:40:52+00:00","breadcrumb":{"@id":"https:\/\/uniqbooking.com\/de\/cote-dazur\/#breadcrumb"},"inLanguage":"de","potentialAction":[{"@type":"ReadAction","target":["https:\/\/uniqbooking.com\/de\/cote-dazur\/"]}]},{"@type":"BreadcrumbList","@id":"https:\/\/uniqbooking.com\/de\/cote-dazur\/#breadcrumb","itemListElement":[{"@type":"ListItem","position":1,"name":"Home","item":"https:\/\/uniqbooking.com\/de\/"},{"@type":"ListItem","position":2,"name":"C\u00f4te d&#8217;Azur"}]},{"@type":"WebSite","@id":"https:\/\/uniqbooking.com\/de\/#website","url":"https:\/\/uniqbooking.com\/de\/","name":"Uniqbooking","description":"","publisher":{"@id":"https:\/\/uniqbooking.com\/de\/#organization"},"alternateName":"Uniqbooking","potentialAction":[{"@type":"SearchAction","target":{"@type":"EntryPoint","urlTemplate":"https:\/\/uniqbooking.com\/de\/?s={search_term_string}"},"query-input":{"@type":"PropertyValueSpecification","valueRequired":true,"valueName":"search_term_string"}}],"inLanguage":"de"},{"@type":"Organization","@id":"https:\/\/uniqbooking.com\/de\/#organization","name":"Uniqbooking","alternateName":"Uniqbooking","url":"https:\/\/uniqbooking.com\/de\/","logo":{"@type":"ImageObject","inLanguage":"de","@id":"https:\/\/uniqbooking.com\/de\/#\/schema\/logo\/image\/","url":"https:\/\/uniqbooking.com\/wp-content\/uploads\/2022\/09\/Logo-UniqBooking.png","contentUrl":"https:\/\/uniqbooking.com\/wp-content\/uploads\/2022\/09\/Logo-UniqBooking.png","width":1839,"height":540,"caption":"Uniqbooking"},"image":{"@id":"https:\/\/uniqbooking.com\/de\/#\/schema\/logo\/image\/"}}]}},"_links":{"self":[{"href":"https:\/\/uniqbooking.com\/de\/wp-json\/wp\/v2\/pages\/2439","targetHints":{"allow":["GET"]}}],"collection":[{"href":"https:\/\/uniqbooking.com\/de\/wp-json\/wp\/v2\/pages"}],"about":[{"href":"https:\/\/uniqbooking.com\/de\/wp-json\/wp\/v2\/types\/page"}],"author":[{"embeddable":true,"href":"https:\/\/uniqbooking.com\/de\/wp-json\/wp\/v2\/users\/3375"}],"replies":[{"embeddable":true,"href":"https:\/\/uniqbooking.com\/de\/wp-json\/wp\/v2\/comments?post=2439"}],"version-history":[{"count":12,"href":"https:\/\/uniqbooking.com\/de\/wp-json\/wp\/v2\/pages\/2439\/revisions"}],"predecessor-version":[{"id":5343,"href":"https:\/\/uniqbooking.com\/de\/wp-json\/wp\/v2\/pages\/2439\/revisions\/5343"}],"wp:attachment":[{"href":"https:\/\/uniqbooking.com\/de\/wp-json\/wp\/v2\/media?parent=2439"}],"curies":[{"name":"wp","href":"https:\/\/api.w.org\/{rel}","templated":true}]}}